{"id":260,"date":"2013-04-10T16:22:36","date_gmt":"2013-04-10T16:22:36","guid":{"rendered":"http:\/\/bull.bokasafndagsbrunar.is\/?page_id=260"},"modified":"2013-04-11T14:06:29","modified_gmt":"2013-04-11T14:06:29","slug":"fagaetisskra-2","status":"publish","type":"page","link":"https:\/\/bokasafndagsbrunar.is\/?page_id=260","title":{"rendered":"F\u00e1g\u00e6tisskr\u00e1"},"content":{"rendered":"<p><\/p>\n<table border=\"0\" cellpadding=\"0\" cellspacing=\"0\" height=\"27938\" width=\"842\">\n<colgroup>\n<col \/>\n<col \/>\n<col \/>\n\t<\/colgroup>\n<tbody>\n<tr height=\"14\">\n<td height=\"14\" style=\"height:14px;width:464px;\">\n\t\t\t\t&nbsp;\n\t\t\t<\/td>\n<td style=\"width:135px;\">\n\t\t\t\t&nbsp;\n\t\t\t<\/td>\n<td style=\"width:168px;\">\n\t\t\t\t&nbsp;\n\t\t\t<\/td>\n<\/tr>\n<tr height=\"14\">\n<td height=\"14\" style=\"height:14px;\">\n\t\t\t\t<strong>B&Oacute;KASAFN DAGSBR&Uacute;NAR<\/strong>\n\t\t\t<\/td>\n<td>\n\t\t\t\t&nbsp;\n\t\t\t<\/td>\n<td>\n\t\t\t\t&nbsp;\n\t\t\t<\/td>\n<\/tr>\n<tr height=\"14\">\n<td height=\"14\" style=\"height:14px;\">\n\t\t\t\t<strong>STAFR&Oacute;FSR&Ouml;&ETH;U&ETH; SKR&Aacute; UM F&Aacute;G&AElig;T RIT:<\/strong>\n\t\t\t<\/td>\n<td>\n\t\t\t\t&nbsp;\n\t\t\t<\/td>\n<td>\n\t\t\t\t&nbsp;\n\t\t\t<\/td>\n<\/tr>\n<tr height=\"14\">\n<td height=\"14\" style=\"height:14px;\">\n\t\t\t\t<strong>B&AElig;KUR OG T&Iacute;MARIT, FLOKKA&ETH; EFTIR EFNI&nbsp;&nbsp;&nbsp;<\/strong>\n\t\t\t<\/td>\n<td>\n\t\t\t\t&nbsp;\n\t\t\t<\/td>\n<td>\n\t\t\t\t&nbsp;\n\t\t\t<\/td>\n<\/tr>\n<tr height=\"14\">\n<td height=\"14\" style=\"height:14px;\">\n\t\t\t\t&nbsp;\n\t\t\t<\/td>\n<td>\n\t\t\t\t&nbsp;\n\t\t\t<\/td>\n<td>\n\t\t\t\t&nbsp;\n\t\t\t<\/td>\n<\/tr>\n<tr height=\"14\">\n<td height=\"14\" style=\"height:14px;\">\n\t\t\t\t<strong>Titill<\/strong>\n\t\t\t<\/td>\n<td>\n\t\t\t\t<strong>&Uacute;tg.sta&eth;ur og &aacute;r<\/strong>\n\t\t\t<\/td>\n<td>\n\t\t\t\t<strong>Ra&eth;t&aacute;kn<\/strong>\n\t\t\t<\/td>\n<\/tr>\n<tr height=\"14\">\n<td height=\"14\" style=\"height:14px;\">\n\t\t\t\t<strong>B&AElig;KUR<\/strong>\n\t\t\t<\/td>\n<td>\n\t\t\t\t&nbsp;\n\t\t\t<\/td>\n<td>\n\t\t\t\t&nbsp;\n\t\t\t<\/td>\n<\/tr>\n<tr height=\"14\">\n<td height=\"14\" style=\"height:14px;\">\n\t\t\t\t&nbsp;\n\t\t\t<\/td>\n<td>\n\t\t\t\t&nbsp;\n\t\t\t<\/td>\n<td>\n\t\t\t\t&nbsp;\n\t\t\t<\/td>\n<\/tr>\n<tr height=\"14\">\n<td height=\"14\" style=\"height:14px;\">\n\t\t\t\t&nbsp;\n\t\t\t<\/td>\n<td>\n\t\t\t\t&nbsp;\n\t\t\t<\/td>\n<td>\n\t\t\t\t&nbsp;\n\t\t\t<\/td>\n<\/tr>\n<tr height=\"14\">\n<td height=\"14\" style=\"height:14px;\">\n\t\t\t\t<strong>Rit almenns e&eth;lis<\/strong>\n\t\t\t<\/td>\n<td>\n\t\t\t\t&nbsp;\n\t\t\t<\/td>\n<td>\n\t\t\t\t&nbsp;\n\t\t\t<\/td>\n<\/tr>\n<tr height=\"14\">\n<td height=\"14\" style=\"height:14px;\">\n\t\t\t\tSk&yacute;rsla um Forngripasafn &Iacute;slands &iacute; Reykjav&iacute;k \/ [Sigur&eth;ur Vigf&uacute;sson samdi].\n\t\t\t<\/td>\n<td>\n\t\t\t\tRv.,1881\n\t\t\t<\/td>\n<td>\n\t\t\t\tF&aacute;g 059 For\n\t\t\t<\/td>\n<\/tr>\n<tr height=\"14\">\n<td height=\"14\" style=\"height:14px;\">\n\t\t\t\tCatalogus librorum islandicorum et norvegicorum &aelig;tatis medi&aelig; editorum versorum\n\t\t\t<\/td>\n<td>\n\t\t\t\tLibsi&aelig;, 1856\n\t\t\t<\/td>\n<td>\n\t\t\t\tF&aacute;g 016.819\n\t\t\t<\/td>\n<\/tr>\n<tr height=\"14\">\n<td height=\"14\" style=\"height:14px;\">\n\t\t\t\t&nbsp;illustratorum \/ Theodorus M&ouml;bius concinnavit et edidit.\n\t\t\t<\/td>\n<td>\n\t\t\t\t&nbsp;\n\t\t\t<\/td>\n<td>\n\t\t\t\t&nbsp;\n\t\t\t<\/td>\n<\/tr>\n<tr>\n<td height=\"14\" style=\"height:14px;\">\n\t\t\t\tSk&yacute;rsla um&nbsp; handritasafn hins &iacute;slenzka b&oacute;kmenntaf&eacute;lags \/ eptir Sigur&eth; J&oacute;nsson b&oacute;kav&ouml;r&eth; Kaupmannahafnar deildar\n\t\t\t<\/td>\n<td>\n\t\t\t\tKbh. 1869\n\t\t\t<\/td>\n<td>\n\t\t\t\tF&aacute;g 011.31 Sig\n\t\t\t<\/td>\n<\/tr>\n<tr>\n<td height=\"14\" style=\"height:14px;\">\n\t\t\t\tSkr&aacute; yfir prenta&eth;ar &iacute;slenzkar b&aelig;kur og handrit &iacute; Stiptisb&oacute;kasafninu &iacute; Reykjav&iacute;k.\n\t\t\t<\/td>\n<td>\n\t\t\t\tRv., 1874\n\t\t\t<\/td>\n<td>\n\t\t\t\tF&aacute;g 015.491 Sti\n\t\t\t<\/td>\n<\/tr>\n<tr>\n<td height=\"14\" style=\"height:14px;\">\n\t\t\t\tSk&yacute;rsla um b&aelig;kur &thorn;&aelig;r, sem gefnar hafa veri&eth; Stiptisb&oacute;kasafninu &aacute; &Iacute;slandi, &iacute; minningu &thorn;j&oacute;&eth;h&aacute;t&iacute;&eth;ar &Iacute;slands 1874.\n\t\t\t<\/td>\n<td>\n\t\t\t\tRv., 1874\n\t\t\t<\/td>\n<td>\n\t\t\t\tF&aacute;g 015.491 Sti\n\t\t\t<\/td>\n<\/tr>\n<tr>\n<td height=\"14\" style=\"height:14px;\">\n\t\t\t\tRegistr yfir &Iacute;slandsStiftisb&oacute;kasafn\n\t\t\t<\/td>\n<td>\n\t\t\t\tVi&eth;ey 1842\n\t\t\t<\/td>\n<td>\n\t\t\t\tF&aacute;g 017.1 Sti\n\t\t\t<\/td>\n<\/tr>\n<tr>\n<td height=\"14\" style=\"height:14px;\">\n\t\t\t\tSamling af bestemmelser vedkommende det Arnamagn&aelig;anske Legat\n\t\t\t<\/td>\n<td>\n\t\t\t\tKbh., 1892\n\t\t\t<\/td>\n<td>\n\t\t\t\tF&aacute;g 091.09491 Arn\n\t\t\t<\/td>\n<\/tr>\n<tr height=\"14\">\n<td height=\"14\" style=\"height:14px;\">\n\t\t\t\t&nbsp;\n\t\t\t<\/td>\n<td>\n\t\t\t\t&nbsp;\n\t\t\t<\/td>\n<td>\n\t\t\t\t&nbsp;\n\t\t\t<\/td>\n<\/tr>\n<tr height=\"14\">\n<td height=\"14\" style=\"height:14px;\">\n\t\t\t\t<strong>Heimspeki \/ S&aacute;larfr&aelig;&eth;i<\/strong>\n\t\t\t<\/td>\n<td>\n\t\t\t\t&nbsp;\n\t\t\t<\/td>\n<td>\n\t\t\t\t&nbsp;\n\t\t\t<\/td>\n<\/tr>\n<tr height=\"14\">\n<td height=\"14\" style=\"height:14px;\">\n\t\t\t\tSvefn og draumar \/ Bj&ouml;rg C. &THORN;orl&aacute;ksson.\n\t\t\t<\/td>\n<td>\n\t\t\t\tRv., 1926\n\t\t\t<\/td>\n<td>\n\t\t\t\tF&aacute;g 135.3 Bj&ouml;\n\t\t\t<\/td>\n<\/tr>\n<tr height=\"14\">\n<td height=\"14\" style=\"height:14px;\">\n\t\t\t\tStuttur Sida-L&aelig;rd&oacute;mur fyrir g&oacute;dra Manna B&oslash;rn \/ af J. H. Campe ; Utlagdur af Pr&oacute;fasti\n\t\t\t<\/td>\n<td>\n\t\t\t\tVi&eth;eyar Klaustur, 1838\n\t\t\t<\/td>\n<td>\n\t\t\t\tF&aacute;g 170 Cam\n\t\t\t<\/td>\n<\/tr>\n<tr height=\"14\">\n<td height=\"14\" style=\"height:14px;\">\n\t\t\t\tGudlaugi s&aacute;l. Sveinssyni &#8230;\n\t\t\t<\/td>\n<td>\n\t\t\t\t&nbsp;\n\t\t\t<\/td>\n<td>\n\t\t\t\t&nbsp;\n\t\t\t<\/td>\n<\/tr>\n<tr height=\"14\">\n<td height=\"14\" style=\"height:14px;\">\n\t\t\t\tHj&aacute;lpa&eth;u &thorn;jer sj&aacute;lfur : bendingar til ungra manna, sk&yacute;r&eth;ar me&eth; s&ouml;nnum d&aelig;mum &#8230; \/\n\t\t\t<\/td>\n<td>\n\t\t\t\tRv.,1892\n\t\t\t<\/td>\n<td>\n\t\t\t\tF&aacute;g 170 Smi\n\t\t\t<\/td>\n<\/tr>\n<tr height=\"14\">\n<td height=\"14\" style=\"height:14px;\">\n\t\t\t\tSamuel Smiles ; &#8230;&iacute;slenska&eth; og sami&eth; hefur &Oacute;lafur &Oacute;lafsson.\n\t\t\t<\/td>\n<td>\n\t\t\t\t&nbsp;\n\t\t\t<\/td>\n<td>\n\t\t\t\t&nbsp;\n\t\t\t<\/td>\n<\/tr>\n<tr height=\"14\">\n<td height=\"14\" style=\"height:14px;\">\n\t\t\t\t&nbsp;\n\t\t\t<\/td>\n<td>\n\t\t\t\t&nbsp;\n\t\t\t<\/td>\n<td>\n\t\t\t\t&nbsp;\n\t\t\t<\/td>\n<\/tr>\n<tr height=\"14\">\n<td height=\"14\" style=\"height:14px;\">\n\t\t\t\t&nbsp;\n\t\t\t<\/td>\n<td>\n\t\t\t\t&nbsp;\n\t\t\t<\/td>\n<td>\n\t\t\t\t&nbsp;\n\t\t\t<\/td>\n<\/tr>\n<tr height=\"14\">\n<td height=\"14\" style=\"height:14px;\">\n\t\t\t\t<strong>Tr&uacute;arbr&ouml;g&eth;<\/strong>\n\t\t\t<\/td>\n<td>\n\t\t\t\t&nbsp;\n\t\t\t<\/td>\n<td>\n\t\t\t\t&nbsp;\n\t\t\t<\/td>\n<\/tr>\n<tr height=\"14\">\n<td height=\"14\" style=\"height:14px;\">\n\t\t\t\tBIBLIU Kiarne : &THORN;ad Er Stutt I&ntilde;ehalld Allrar Heilagrar Ritningar : I nockrum Smaa-\n\t\t\t<\/td>\n<td>\n\t\t\t\tHoolar,&nbsp; 1744\n\t\t\t<\/td>\n<td>\n\t\t\t\tF&aacute;g 220 Bib\n\t\t\t<\/td>\n<\/tr>\n<tr height=\"14\">\n<td height=\"14\" style=\"height:14px;\">\n\t\t\t\tspurningum &#8230;Fyrst Samanteken i &THORN;ysku Af Doct. Johann Lassenio &#8230; En sijdan Vtskrifadur aa\n\t\t\t<\/td>\n<td>\n\t\t\t\t&nbsp;\n\t\t\t<\/td>\n<td>\n\t\t\t\t[2 eintakanna eru illa farin]\n\t\t\t<\/td>\n<\/tr>\n<tr height=\"14\">\n<td height=\"14\" style=\"height:14px;\">\n\t\t\t\tIslendsku Epter Danskre Vtleggning, Samt &thorn;eirre Islendsku Bibliu Saal. Herra &THORN;orlaks Skula-\n\t\t\t<\/td>\n<td>\n\t\t\t\t&nbsp;\n\t\t\t<\/td>\n<td>\n\t\t\t\t&nbsp;\n\t\t\t<\/td>\n<\/tr>\n<tr height=\"14\">\n<td height=\"14\" style=\"height:14px;\">\n\t\t\t\tsonar. Vngm&ouml;num og Einf&ouml;lldum, so og &thorn;eim er ecke megna ad kaupa alla Bibl&iacute;una til\n\t\t\t<\/td>\n<td>\n\t\t\t\t&nbsp;\n\t\t\t<\/td>\n<td>\n\t\t\t\t&nbsp;\n\t\t\t<\/td>\n<\/tr>\n<tr height=\"14\">\n<td height=\"14\" style=\"height:14px;\">\n\t\t\t\tChristilegs Froodleiks og Saaluhialplegrar Brukunar. [3 eint&ouml;k]\n\t\t\t<\/td>\n<td>\n\t\t\t\t&nbsp;\n\t\t\t<\/td>\n<td>\n\t\t\t\t&nbsp;\n\t\t\t<\/td>\n<\/tr>\n<tr height=\"14\">\n<td height=\"14\" style=\"height:14px;\">\n\t\t\t\tBibl&iacute;u-kjarni \/ [Heinrich Friedrich Theodor Kohlrausch] ; &uacute;tlag&eth;ur og gefinn &uacute;t af\n\t\t\t<\/td>\n<td>\n\t\t\t\tKbh., 1853\n\t\t\t<\/td>\n<td>\n\t\t\t\tF&aacute;g 220 Bib\n\t\t\t<\/td>\n<\/tr>\n<tr height=\"14\">\n<td height=\"14\" style=\"height:14px;\">\n\t\t\t\t&Aacute;smundi J&oacute;nssyni.\n\t\t\t<\/td>\n<td>\n\t\t\t\t&nbsp;\n\t\t\t<\/td>\n<td>\n\t\t\t\t&nbsp;\n\t\t\t<\/td>\n<\/tr>\n<tr height=\"14\">\n<td height=\"14\" style=\"height:14px;\">\n\t\t\t\tHid N&yacute;a Testamenti Drottins vors Jes&uacute; Krists : ad n&yacute;u &uacute;tlagt ad tilhlutun ens\n\t\t\t<\/td>\n<td>\n\t\t\t\tVi&eth;eyar Klaustur, 1827\n\t\t\t<\/td>\n<td>\n\t\t\t\tF&aacute;g 220 Bib\n\t\t\t<\/td>\n<\/tr>\n<tr height=\"14\">\n<td height=\"14\" style=\"height:14px;\">\n\t\t\t\t&iacute;slenska Bibl&iacute;u-F&eacute;lags.\n\t\t\t<\/td>\n<td>\n\t\t\t\t&nbsp;\n\t\t\t<\/td>\n<td>\n\t\t\t\t&nbsp;\n\t\t\t<\/td>\n<\/tr>\n<tr height=\"14\">\n<td height=\"14\" style=\"height:14px;\">\n\t\t\t\t&THORN;ad Nya Testament Vors Drottens og Frelsara JEsu Christi : med Formaalum og\n\t\t\t<\/td>\n<td>\n\t\t\t\tKbh., 1746\n\t\t\t<\/td>\n<td>\n\t\t\t\tF&aacute;g 220 Bib\n\t\t\t<\/td>\n<\/tr>\n<tr height=\"14\">\n<td height=\"14\" style=\"height:14px;\">\n\t\t\t\tUtskijringum &#8230; D. MARTINI LUTHERI : epter &thorn;eirre Annare Edition Bibliunnar a Islendsku :\n\t\t\t<\/td>\n<td>\n\t\t\t\t&nbsp;\n\t\t\t<\/td>\n<td>\n\t\t\t\t&nbsp;\n\t\t\t<\/td>\n<\/tr>\n<tr height=\"14\">\n<td height=\"14\" style=\"height:14px;\">\n\t\t\t\teinnig med Stuttu Innehallde sierhvers Capitula, og Citatium.\n\t\t\t<\/td>\n<td>\n\t\t\t\t&nbsp;\n\t\t\t<\/td>\n<td>\n\t\t\t\t&nbsp;\n\t\t\t<\/td>\n<\/tr>\n<tr height=\"14\">\n<td height=\"14\" style=\"height:14px;\">\n\t\t\t\t&THORN;ad Nya Testament Vors Drottens og Frelsara JEsu Christi : med Formaalum og\n\t\t\t<\/td>\n<td>\n\t\t\t\tKbh., 1750\n\t\t\t<\/td>\n<td>\n\t\t\t\tF&aacute;g 220 Bib\n\t\t\t<\/td>\n<\/tr>\n<tr height=\"14\">\n<td height=\"14\" style=\"height:14px;\">\n\t\t\t\tUtskijringum &#8230; D. MARTINI LUTHERI : epter &thorn;eirre Annare Edition Bibliunnar a Islendsku :\n\t\t\t<\/td>\n<td>\n\t\t\t\t&nbsp;\n\t\t\t<\/td>\n<td>\n\t\t\t\t[Illa fari&eth; eintak]\n\t\t\t<\/td>\n<\/tr>\n<tr height=\"14\">\n<td height=\"14\" style=\"height:14px;\">\n\t\t\t\teinnig med Stuttu Innehallde sierhvers Capitula, og Citatium.\n\t\t\t<\/td>\n<td>\n\t\t\t\t&nbsp;\n\t\t\t<\/td>\n<td>\n\t\t\t\t&nbsp;\n\t\t\t<\/td>\n<\/tr>\n<tr height=\"14\">\n<td height=\"14\" style=\"height:14px;\">\n\t\t\t\tHi&eth; n&yacute;a testamenti drottins vors Jes&uacute; Krists, &aacute;samt me&eth; Dav&iacute;&eth;s s&aacute;lmum.\n\t\t\t<\/td>\n<td>\n\t\t\t\tOxford, 1863\n\t\t\t<\/td>\n<td>\n\t\t\t\tF&aacute;g 220 Bib\n\t\t\t<\/td>\n<\/tr>\n<tr height=\"14\">\n<td height=\"14\" style=\"height:14px;\">\n\t\t\t\t&nbsp;\n\t\t\t<\/td>\n<td>\n\t\t\t\t&nbsp;\n\t\t\t<\/td>\n<td>\n\t\t\t\t[&Aacute;rita&eth;: Krist&iacute;n Gu&eth;mundsd&oacute;ttir]\n\t\t\t<\/td>\n<\/tr>\n<tr height=\"14\">\n<td height=\"14\" style=\"height:14px;\">\n\t\t\t\tStutt &aacute;grip af Bibl&iacute;us&oslash;gum handa Ungl&iacute;ngum \/ Sami&eth; af S. B. Hersleb,\n\t\t\t<\/td>\n<td>\n\t\t\t\tRv., 1844\n\t\t\t<\/td>\n<td>\n\t\t\t\tF&aacute;g 220 Her\n\t\t\t<\/td>\n<\/tr>\n<tr height=\"14\">\n<td height=\"14\" style=\"height:14px;\">\n\t\t\t\tDavids Psaltare : Med formaala D. Marth, Luth. og &thorn;[eir]re stuttre Sum[m]u edur\n\t\t\t<\/td>\n<td>\n\t\t\t\tHoolar, 1675\n\t\t\t<\/td>\n<td>\n\t\t\t\tF&aacute;g 223.2 Dav\n\t\t\t<\/td>\n<\/tr>\n<tr height=\"14\">\n<td height=\"14\" style=\"height:14px;\">\n\t\t\t\tin[n]ehallde sem h[an]n gj&oslash;rt hefr yfer sierhu&oslash;rn Psalm.\n\t\t\t<\/td>\n<td>\n\t\t\t\t&nbsp;\n\t\t\t<\/td>\n<td>\n\t\t\t\t&nbsp;\n\t\t\t<\/td>\n<\/tr>\n<tr height=\"14\">\n<td height=\"14\" style=\"height:14px;\">\n\t\t\t\tLeidarv&iacute;sir til ad lesa hid N&yacute;a Testament med gudr&aelig;kni og greind : einkum handa\n\t\t\t<\/td>\n<td>\n\t\t\t\tKbh., 1822-1823\n\t\t\t<\/td>\n<td>\n\t\t\t\tF&aacute;g 225.6 M&ouml;l\n\t\t\t<\/td>\n<\/tr>\n<tr height=\"14\">\n<td height=\"14\" style=\"height:14px;\">\n\t\t\t\t&oacute;l&aelig;rdum lesurum \/ Ritadur &aacute; d&oslash;nsku af Mag. R. M&oslash;ller, Ridara af &#8230; ; Sn&uacute;inn &aacute; &iacute;slendsku.&nbsp; 2 bindi\n\t\t\t<\/td>\n<td>\n\t\t\t\t&nbsp;\n\t\t\t<\/td>\n<td>\n\t\t\t\t&nbsp;\n\t\t\t<\/td>\n<\/tr>\n<tr height=\"14\">\n<td height=\"14\" style=\"height:14px;\">\n\t\t\t\tH&eacute;r hefjast T&iacute;u S&ouml;gur, af &thorn;eim enum heil&oslash;gu Guds Postulum og p&iacute;nslar vottum \/\n\t\t\t<\/td>\n<td>\n\t\t\t\tVi&eth;eyar Klaustur, 1837\n\t\t\t<\/td>\n<td>\n\t\t\t\tF&aacute;g 225.9 H&eacute;r\n\t\t\t<\/td>\n<\/tr>\n<tr height=\"14\">\n<td height=\"14\" style=\"height:14px;\">\n\t\t\t\tSamanskrifadar af sannferdugum historiu skrifurum, &thorn;eim til fr&oacute;dleiks og nytsemdar er &thorn;v&iacute;l&iacute;kt\n\t\t\t<\/td>\n<td>\n\t\t\t\t&nbsp;\n\t\t\t<\/td>\n<td>\n\t\t\t\t&nbsp;\n\t\t\t<\/td>\n<\/tr>\n<tr height=\"14\">\n<td height=\"14\" style=\"height:14px;\">\n\t\t\t\tydka vilja.\n\t\t\t<\/td>\n<td>\n\t\t\t\t&nbsp;\n\t\t\t<\/td>\n<td>\n\t\t\t\t&nbsp;\n\t\t\t<\/td>\n<\/tr>\n<tr height=\"14\">\n<td height=\"14\" style=\"height:14px;\">\n\t\t\t\tHARMONIA EVANGELICA : &THORN;ad er Gudspiallanna Samhlioodan, Vm vors Drottens JESV\n\t\t\t<\/td>\n<td>\n\t\t\t\tSkalhollt,, 1687\n\t\t\t<\/td>\n<td>\n\t\t\t\tF&aacute;g 226.1 Che\n\t\t\t<\/td>\n<\/tr>\n<tr height=\"14\">\n<td height=\"14\" style=\"height:14px;\">\n\t\t\t\tChristi Holldgan og Hingadburd, hans Fram[m]ferde, L&aelig;rdoom, Kieningar og Kraptaverk, hans\n\t\t\t<\/td>\n<td>\n\t\t\t\t&nbsp;\n\t\t\t<\/td>\n<td>\n\t\t\t\t&nbsp;\n\t\t\t<\/td>\n<\/tr>\n<tr height=\"14\">\n<td height=\"14\" style=\"height:14px;\">\n\t\t\t\tPijnu, Dauda, Vpprisu og Vppstigning, so sem[m] &thorn;eir Heil&ouml;gu Gudspiallamenn, Mattheus,\n\t\t\t<\/td>\n<td>\n\t\t\t\t&nbsp;\n\t\t\t<\/td>\n<td>\n\t\t\t\t&nbsp;\n\t\t\t<\/td>\n<\/tr>\n<tr height=\"14\">\n<td height=\"14\" style=\"height:14px;\">\n\t\t\t\tMarcus, Lucas og Johannes hafa um[m] sierhu&oslash;rt skrifad. \/ Samantekenn i eitt af &#8230; D. Martino\n\t\t\t<\/td>\n<td>\n\t\t\t\t&nbsp;\n\t\t\t<\/td>\n<td>\n\t\t\t\t&nbsp;\n\t\t\t<\/td>\n<\/tr>\n<tr height=\"14\">\n<td height=\"14\" style=\"height:14px;\">\n\t\t\t\tChemnitio &#8230;[et al.] ; &#8230; A Vort Islendskt Tungumaal wtgeingenn i fyrsta sinn og Prentud.\n\t\t\t<\/td>\n<td>\n\t\t\t\t&nbsp;\n\t\t\t<\/td>\n<td>\n\t\t\t\t&nbsp;\n\t\t\t<\/td>\n<\/tr>\n<tr height=\"14\">\n<td height=\"14\" style=\"height:14px;\">\n\t\t\t\tHARMONIA EVANGELICA : &THORN;ad Er Gudspiallanna SamhliodAN, Umm Vors Drottenns\n\t\t\t<\/td>\n<td>\n\t\t\t\tHoolar, 1749\n\t\t\t<\/td>\n<td>\n\t\t\t\tF&aacute;g 226.1 Che\n\t\t\t<\/td>\n<\/tr>\n<tr height=\"14\">\n<td height=\"14\" style=\"height:14px;\">\n\t\t\t\tJesu Christi Holldgan og hijngadburd&#8230; \/ Samanntekenn &iacute; Eitt af &#8230;&nbsp; D Martino Chemnitio &#8230;[et al]\n\t\t\t<\/td>\n<td>\n\t\t\t\t&nbsp;\n\t\t\t<\/td>\n<td>\n\t\t\t\t[Anna&eth; eintaki&eth; er illa fari&eth;]\n\t\t\t<\/td>\n<\/tr>\n<tr height=\"14\">\n<td height=\"14\" style=\"height:14px;\">\n\t\t\t\t&#8230;&nbsp; A Vort Islendskt Tungumaal wtgeingen i Annad Sinn. &nbsp;[2 eint&ouml;k]\n\t\t\t<\/td>\n<td>\n\t\t\t\t&nbsp;\n\t\t\t<\/td>\n<td>\n\t\t\t\t&nbsp;\n\t\t\t<\/td>\n<\/tr>\n<tr height=\"14\">\n<td height=\"14\" style=\"height:14px;\">\n\t\t\t\tHARMONIA EVANGELICA : &THORN;ad er Samhlj&oacute;dan Gudspjallanna, Um vors Drottins Jes&uacute;\n\t\t\t<\/td>\n<td>\n\t\t\t\tVi&eth;eyar Klaustur, 1838\n\t\t\t<\/td>\n<td>\n\t\t\t\tF&aacute;g 226.1 Che\n\t\t\t<\/td>\n<\/tr>\n<tr height=\"14\">\n<td height=\"14\" style=\"height:14px;\">\n\t\t\t\tKrist&iacute; Holdgan og Hingadburd. &#8230; \/ Samantekin af D. Martino Chemnitio &#8230; [et al.].\n\t\t\t<\/td>\n<td>\n\t\t\t\t&nbsp;\n\t\t\t<\/td>\n<td>\n\t\t\t\t&nbsp;\n\t\t\t<\/td>\n<\/tr>\n<tr height=\"14\">\n<td height=\"14\" style=\"height:14px;\">\n\t\t\t\t&nbsp;\n\t\t\t<\/td>\n<td>\n\t\t\t\t&nbsp;\n\t\t\t<\/td>\n<td>\n\t\t\t\t&nbsp;\n\t\t\t<\/td>\n<\/tr>\n<tr height=\"14\">\n<td height=\"14\" style=\"height:14px;\">\n\t\t\t\t&nbsp;\n\t\t\t<\/td>\n<td>\n\t\t\t\t&nbsp;\n\t\t\t<\/td>\n<td>\n\t\t\t\t&nbsp;\n\t\t\t<\/td>\n<\/tr>\n<tr height=\"14\">\n<td height=\"14\" style=\"height:14px;\">\n\t\t\t\t<strong>Kristin gu&eth;fr&aelig;&eth;i og kenningar<\/strong>\n\t\t\t<\/td>\n<td>\n\t\t\t\t&nbsp;\n\t\t\t<\/td>\n<td>\n\t\t\t\t&nbsp;\n\t\t\t<\/td>\n<\/tr>\n<tr height=\"14\">\n<td height=\"14\" style=\"height:14px;\">\n\t\t\t\tSkyllda MANNSENS VID GVD, SJALFANN sig, Og Naaungann : Auglioslega z [og]\n\t\t\t<\/td>\n<td>\n\t\t\t\tHoolar, 1744\n\t\t\t<\/td>\n<td>\n\t\t\t\tF&aacute;g 230 All\n\t\t\t<\/td>\n<\/tr>\n<tr height=\"14\">\n<td height=\"14\" style=\"height:14px;\">\n\t\t\t\tSkilnerkilega fram[m]sett fyrer ALLA, Einkanlega fyrer hina EINF&oslash;lldu : Skipt i XVII. Capitula, Af\n\t\t\t<\/td>\n<td>\n\t\t\t\t&nbsp;\n\t\t\t<\/td>\n<td>\n\t\t\t\t&nbsp;\n\t\t\t<\/td>\n<\/tr>\n<tr height=\"14\">\n<td height=\"14\" style=\"height:14px;\">\n\t\t\t\thverjum &thorn;egar Ein er Lesen a hverium Sunu-Dege, verdur &oslash;ll Boken Vtlesen &THORN;risvar sinum a\n\t\t\t<\/td>\n<td>\n\t\t\t\t&nbsp;\n\t\t\t<\/td>\n<td>\n\t\t\t\t&nbsp;\n\t\t\t<\/td>\n<\/tr>\n<tr height=\"14\">\n<td height=\"14\" style=\"height:14px;\">\n\t\t\t\tEinu Are : &Oslash;llum M&oslash;num Nytsamleg ad lesa \/ Skrifud fyrst i Ensku Maale ; En Norr&aelig;nd epter\n\t\t\t<\/td>\n<td>\n\t\t\t\t&nbsp;\n\t\t\t<\/td>\n<td>\n\t\t\t\t&nbsp;\n\t\t\t<\/td>\n<\/tr>\n<tr height=\"14\">\n<td height=\"14\" style=\"height:14px;\">\n\t\t\t\tDanskre Vtlegging af Mag. Jone Thorkelssyne Vidalin, Fordum Byskupe i Skaalholts Stifte.\n\t\t\t<\/td>\n<td>\n\t\t\t\t&nbsp;\n\t\t\t<\/td>\n<td>\n\t\t\t\t&nbsp;\n\t\t\t<\/td>\n<\/tr>\n<tr height=\"14\">\n<td height=\"14\" style=\"height:14px;\">\n\t\t\t\tKristilegra Tr&uacute;arbragda H&oslash;fud-L&aelig;rd&oacute;mar, til almennilegrar uppbygg&iacute;ngar \/ Samanteknir\n\t\t\t<\/td>\n<td>\n\t\t\t\tLeir&aacute;, 1799\n\t\t\t<\/td>\n<td>\n\t\t\t\tF&aacute;g 230 Bas\n\t\t\t<\/td>\n<\/tr>\n<tr height=\"14\">\n<td height=\"14\" style=\"height:14px;\">\n\t\t\t\taf Mag. Christj&aacute;ni Basth&oacute;lm &#8230; ; &aacute; &iacute;slensku sn&uacute;inn af Gu&eth;mundi J&oacute;nssyni Pr&oacute;fasti og\n\t\t\t<\/td>\n<td>\n\t\t\t\t&nbsp;\n\t\t\t<\/td>\n<td>\n\t\t\t\t[Illa fari&eth; eintak]\n\t\t\t<\/td>\n<\/tr>\n<tr height=\"14\">\n<td height=\"14\" style=\"height:14px;\">\n\t\t\t\tS&oacute;knar-presti til Stadastadar og B&uacute;da &iacute; Sn&aelig;fellsness-s&yacute;slu.\n\t\t\t<\/td>\n<td>\n\t\t\t\t&nbsp;\n\t\t\t<\/td>\n<td>\n\t\t\t\t&nbsp;\n\t\t\t<\/td>\n<\/tr>\n<tr height=\"14\">\n<td height=\"14\" style=\"height:14px;\">\n\t\t\t\tMonita CATECHETICA EDUR Catechetiskar Umm&thorn;einkINGAR, I hverium fyrir Sioonir setst\n\t\t\t<\/td>\n<td>\n\t\t\t\tHoolar, 1759\n\t\t\t<\/td>\n<td>\n\t\t\t\tF&aacute;g 230 Ram\n\t\t\t<\/td>\n<\/tr>\n<tr height=\"14\">\n<td height=\"14\" style=\"height:14px;\">\n\t\t\t\tDr. JOH. JAC. RAMBACHS Ein vel upplijstur Catechet, Hvar med synd er su allra audvelldasta\n\t\t\t<\/td>\n<td>\n\t\t\t\t&nbsp;\n\t\t\t<\/td>\n<td>\n\t\t\t\t&nbsp;\n\t\t\t<\/td>\n<\/tr>\n<tr height=\"14\">\n<td height=\"14\" style=\"height:14px;\">\n\t\t\t\t&nbsp;Adferd og vigtugustu Nytsemdir sem adgi&aelig;tast eiga i Chatechisationene Edur Barnana\n\t\t\t<\/td>\n<td>\n\t\t\t\t&nbsp;\n\t\t\t<\/td>\n<td>\n\t\t\t\t&nbsp;\n\t\t\t<\/td>\n<\/tr>\n<tr height=\"14\">\n<td height=\"14\" style=\"height:14px;\">\n\t\t\t\t&nbsp;Yfirheyrslu og&nbsp; Uppfr&aelig;ding.\n\t\t\t<\/td>\n<td>\n\t\t\t\t&nbsp;\n\t\t\t<\/td>\n<td>\n\t\t\t\t&nbsp;\n\t\t\t<\/td>\n<\/tr>\n<tr height=\"14\">\n<td height=\"14\" style=\"height:14px;\">\n\t\t\t\tKristinnd&oacute;ms B&oacute;k handa B&ouml;rnum \/ Georg Friedrich Seiler ; &uacute;tg&eacute;fin og &uacute;tl&oslash;gd af\n\t\t\t<\/td>\n<td>\n\t\t\t\tVi&eth;eyar Klaustur, 1842\n\t\t\t<\/td>\n<td>\n\t\t\t\tF&aacute;g 230 Sei\n\t\t\t<\/td>\n<\/tr>\n<tr height=\"14\">\n<td height=\"14\" style=\"height:14px;\">\n\t\t\t\tS.B. Sivertsen Presti til Utsk&aacute;la og Hvalsness-safnada.\n\t\t\t<\/td>\n<td>\n\t\t\t\t&nbsp;\n\t\t\t<\/td>\n<td>\n\t\t\t\t&nbsp;\n\t\t\t<\/td>\n<\/tr>\n<tr height=\"14\">\n<td height=\"14\" style=\"height:14px;\">\n\t\t\t\tCATECHISMVS : Edur S&oslash;&ntilde;, Einf&oslash;lld og lios Vtskijring Christelegra Fr&aelig;da, sem er\n\t\t\t<\/td>\n<td>\n\t\t\t\tHoolar, 1669\n\t\t\t<\/td>\n<td>\n\t\t\t\tF&aacute;g 230 Spa\n\t\t\t<\/td>\n<\/tr>\n<tr height=\"14\">\n<td height=\"14\" style=\"height:14px;\">\n\t\t\t\tGrundv&oslash;llur Trwar vorrar og Saaluhialpar L&aelig;rdoms \/ Af &thorn;eim hellstu Greinum heilagrar Ritningar,\n\t\t\t<\/td>\n<td>\n\t\t\t\t&nbsp;\n\t\t\t<\/td>\n<td>\n\t\t\t\t[vantar 6 bl&ouml;&eth;]\n\t\t\t<\/td>\n<\/tr>\n<tr height=\"14\">\n<td height=\"14\" style=\"height:14px;\">\n\t\t\t\thenar Historium og Bevijsningum samanteken, Gude Almattugum til Lofs og Dyrdar, en\n\t\t\t<\/td>\n<td>\n\t\t\t\t&nbsp;\n\t\t\t<\/td>\n<td>\n\t\t\t\t&nbsp;\n\t\t\t<\/td>\n<\/tr>\n<tr height=\"14\">\n<td height=\"14\" style=\"height:14px;\">\n\t\t\t\tAlmwganum til Gagns og Gooda.\n\t\t\t<\/td>\n<td>\n\t\t\t\t&nbsp;\n\t\t\t<\/td>\n<td>\n\t\t\t\t&nbsp;\n\t\t\t<\/td>\n<\/tr>\n<tr height=\"14\">\n<td height=\"14\" style=\"height:14px;\">\n\t\t\t\tSa Store | CATECHISMUS | : &THORN;ad er, | S&oslash;n[n], Einfolld | og lios Vtskyring Christelig I ra\n\t\t\t<\/td>\n<td>\n\t\t\t\tSkaalhollt, 1691\n\t\t\t<\/td>\n<td>\n\t\t\t\tF&aacute;g 230 Spa\n\t\t\t<\/td>\n<\/tr>\n<tr height=\"14\">\n<td height=\"14\" style=\"height:14px;\">\n\t\t\t\tFr&aelig;da, sem er Grundv&ouml;llur Truar&nbsp; I vorrar og Saaluhjalpar L&aelig;rdoms , af &thorn;[ei]m hellstu Greinum\n\t\t\t<\/td>\n<td>\n\t\t\t\t&nbsp;\n\t\t\t<\/td>\n<td>\n\t\t\t\t&nbsp;\n\t\t\t<\/td>\n<\/tr>\n<tr height=\"14\">\n<td height=\"14\" style=\"height:14px;\">\n\t\t\t\theilagrar Bibliu, hen[n]ar&nbsp; Historium og Bevijsingum samanteken[n], Gude I Almaattugum til Lofs\n\t\t\t<\/td>\n<td>\n\t\t\t\t&nbsp;\n\t\t\t<\/td>\n<td>\n\t\t\t\t&nbsp;\n\t\t\t<\/td>\n<\/tr>\n<tr height=\"14\">\n<td height=\"14\" style=\"height:14px;\">\n\t\t\t\tog Dyrdar, en[n] Almwganum til Gagns og Goda I \/ Vtlagdur a Islenskt Tungum i maal af\n\t\t\t<\/td>\n<td>\n\t\t\t\t&nbsp;\n\t\t\t<\/td>\n<td>\n\t\t\t\t&nbsp;\n\t\t\t<\/td>\n<\/tr>\n<tr height=\"14\">\n<td height=\"14\" style=\"height:14px;\">\n\t\t\t\tHerra Gudbrande Thorlaks- I syne fordum Biskupe Holastiptis, I <loflegrar ingar=\"\">. <\/loflegrar>\n\t\t\t<\/td>\n<td>\n\t\t\t\t&nbsp;\n\t\t\t<\/td>\n<td>\n\t\t\t\t&nbsp;\n\t\t\t<\/td>\n<\/tr>\n<tr height=\"14\">\n<td height=\"14\" style=\"height:14px;\">\n\t\t\t\tKath&oacute;lskan borin saman vi&eth; L&uacute;therskuna \/ Graul ; &uacute;t gefi&eth; hefur Svb. Hallgr&iacute;msson.\n\t\t\t<\/td>\n<td>\n\t\t\t\tAk, 1857\n\t\t\t<\/td>\n<td>\n\t\t\t\tF&aacute;g 230.04 Gra\n\t\t\t<\/td>\n<\/tr>\n<tr height=\"14\">\n<td height=\"14\" style=\"height:14px;\">\n\t\t\t\tBarnd&oacute;mssaga Jes&uacute; Krists : &aacute;samt stuttri fr&aacute;s&ouml;gu um J&oacute;akim og &Ouml;nnu og d&oacute;ttur &thorn;eirra\n\t\t\t<\/td>\n<td>\n\t\t\t\tRv., 1854\n\t\t\t<\/td>\n<td>\n\t\t\t\tF&aacute;g 232.901 Bar\n\t\t\t<\/td>\n<\/tr>\n<tr height=\"14\">\n<td height=\"14\" style=\"height:14px;\">\n\t\t\t\tMar&iacute;u mey \/ Magn&uacute;s Gr&iacute;msson &iacute;slenzka&eth;i.\n\t\t\t<\/td>\n<td>\n\t\t\t\t&nbsp;\n\t\t\t<\/td>\n<td>\n\t\t\t\t&nbsp;\n\t\t\t<\/td>\n<\/tr>\n<tr height=\"14\">\n<td height=\"14\" style=\"height:14px;\">\n\t\t\t\t&nbsp;\n\t\t\t<\/td>\n<td>\n\t\t\t\t&nbsp;\n\t\t\t<\/td>\n<td>\n\t\t\t\t&nbsp;\n\t\t\t<\/td>\n<\/tr>\n<tr height=\"14\">\n<td height=\"14\" style=\"height:14px;\">\n\t\t\t\t&nbsp;\n\t\t\t<\/td>\n<td>\n\t\t\t\t&nbsp;\n\t\t\t<\/td>\n<td>\n\t\t\t\t&nbsp;\n\t\t\t<\/td>\n<\/tr>\n<tr height=\"14\">\n<td height=\"14\" style=\"height:14px;\">\n\t\t\t\t<strong>Kristin si&eth;fr&aelig;&eth;i og gu&eth;r&aelig;kni<\/strong>\n\t\t\t<\/td>\n<td>\n\t\t\t\t&nbsp;\n\t\t\t<\/td>\n<td>\n\t\t\t\t&nbsp;\n\t\t\t<\/td>\n<\/tr>\n<tr height=\"14\">\n<td height=\"14\" style=\"height:14px;\">\n\t\t\t\tSPECULUM POENITENTI&AElig; : &THORN;ad er Idranar-Speigill I hv&oslash;rium Christenn Madur kan ad sia og\n\t\t\t<\/td>\n<td>\n\t\t\t\tSKALHOllt, 1694\n\t\t\t<\/td>\n<td>\n\t\t\t\tF&aacute;g 240 Arc\n\t\t\t<\/td>\n<\/tr>\n<tr height=\"14\">\n<td height=\"14\" style=\"height:14px;\">\n\t\t\t\tskoda &thorn;an Naudsynlegasta L&aelig;rdoom, hv&oacute;rnen Syndugur Madur skule snwa sier til Guds med\n\t\t\t<\/td>\n<td>\n\t\t\t\t&nbsp;\n\t\t\t<\/td>\n<td>\n\t\t\t\t&nbsp;\n\t\t\t<\/td>\n<\/tr>\n<tr height=\"14\">\n<td height=\"14\" style=\"height:14px;\">\n\t\t\t\triettre Idran, Og hv&oslash;r og hvilijk ad sie s&oslash;n Idran, og hv&oslash;rt ad Madur gi&oslash;rer rietta Idran eda ecke :\n\t\t\t<\/td>\n<td>\n\t\t\t\t&nbsp;\n\t\t\t<\/td>\n<td>\n\t\t\t\t&nbsp;\n\t\t\t<\/td>\n<\/tr>\n<tr height=\"14\">\n<td height=\"14\" style=\"height:14px;\">\n\t\t\t\tSamanlesen wr H. Ritningu, Asamt med Agi&aelig;tlegum Formaala um[m] Mansins\n\t\t\t<\/td>\n<td>\n\t\t\t\t&nbsp;\n\t\t\t<\/td>\n<td>\n\t\t\t\t&nbsp;\n\t\t\t<\/td>\n<\/tr>\n<tr height=\"14\">\n<td height=\"14\" style=\"height:14px;\">\n\t\t\t\tRiettl&aelig;ting fyrer Gude \/ Af Niels Lauritssyne Norska, [&#8230;] ; Vtlagdur a Islendsku af\n\t\t\t<\/td>\n<td>\n\t\t\t\t&nbsp;\n\t\t\t<\/td>\n<td>\n\t\t\t\t&nbsp;\n\t\t\t<\/td>\n<\/tr>\n<tr height=\"14\">\n<td height=\"14\" style=\"height:14px;\">\n\t\t\t\tHerra Gudbrande Thorlakssyne, [&#8230;].\n\t\t\t<\/td>\n<td>\n\t\t\t\t&nbsp;\n\t\t\t<\/td>\n<td>\n\t\t\t\t&nbsp;\n\t\t\t<\/td>\n<\/tr>\n<tr height=\"14\">\n<td height=\"14\" style=\"height:14px;\">\n\t\t\t\tEirn lijtell SERMON, Vm Helvijte, og Kvaler &thorn;eira Ford&aelig;mdu : &Oslash;llum &thorn;eim sem nockud er\n\t\t\t<\/td>\n<td>\n\t\t\t\tSKALHOLLT, 1693\n\t\t\t<\/td>\n<td>\n\t\t\t\tF&aacute;g 240 Arc\n\t\t\t<\/td>\n<\/tr>\n<tr height=\"14\">\n<td height=\"14\" style=\"height:14px;\">\n\t\t\t\tum[m]hugad um[m] sihna Saaluhialp, til Vidv&oslash;runar, og goodrar Eptertektar \/ Samanskrifadur j\n\t\t\t<\/td>\n<td>\n\t\t\t\t&nbsp;\n\t\t\t<\/td>\n<td>\n\t\t\t\tBundi&eth; me&eth;: F&aacute;g 240 Arn\n\t\t\t<\/td>\n<\/tr>\n<tr height=\"14\">\n<td height=\"14\" style=\"height:14px;\">\n\t\t\t\t&THORN;ysku Maale, Af M. ERASMO Winther ; En a Norr&aelig;nu Vtlagdur, Af H. THORLAKE Skwla syne,\n\t\t\t<\/td>\n<td>\n\t\t\t\t&nbsp;\n\t\t\t<\/td>\n<td>\n\t\t\t\t&nbsp;\n\t\t\t<\/td>\n<\/tr>\n<tr height=\"14\">\n<td height=\"14\" style=\"height:14px;\">\n\t\t\t\tfordum Biskupe Holastiptis, (s&aelig;llar Minningar).\n\t\t\t<\/td>\n<td>\n\t\t\t\t&nbsp;\n\t\t\t<\/td>\n<td>\n\t\t\t\t&nbsp;\n\t\t\t<\/td>\n<\/tr>\n<tr height=\"14\">\n<td height=\"14\" style=\"height:14px;\">\n\t\t\t\tVERUS CHRISTIANISMUS Edur Sannur Christe&ntilde;domur : I Fiorum Bokum, Hliodande umm Rett-\n\t\t\t<\/td>\n<td>\n\t\t\t\tKbh., 1731\n\t\t\t<\/td>\n<td>\n\t\t\t\tF&aacute;g 240 Arn\n\t\t\t<\/td>\n<\/tr>\n<tr height=\"14\">\n<td height=\"14\" style=\"height:14px;\">\n\t\t\t\tChristena mana saaluhjalplega Boot og Betran, Hiartans Angur og Trega fyrer Syndernar, sanna\n\t\t\t<\/td>\n<td>\n\t\t\t\t&nbsp;\n\t\t\t<\/td>\n<td>\n\t\t\t\t&nbsp;\n\t\t\t<\/td>\n<\/tr>\n<tr height=\"14\">\n<td height=\"14\" style=\"height:14px;\">\n\t\t\t\tTrw, og H. Frammferde \/ Samanskrifadur af Doctor JOHANNE ARNDT &#8230; En nu med Kostg&aelig;fne\n\t\t\t<\/td>\n<td>\n\t\t\t\t&nbsp;\n\t\t\t<\/td>\n<td>\n\t\t\t\t&nbsp;\n\t\t\t<\/td>\n<\/tr>\n<tr height=\"14\">\n<td height=\"14\" style=\"height:14px;\">\n\t\t\t\tWtlagdur a Islendsku ,,, Sira &THORN;orleife Arnasyne &#8230;&nbsp; [2 eint&ouml;k]\n\t\t\t<\/td>\n<td>\n\t\t\t\t&nbsp;\n\t\t\t<\/td>\n<td>\n\t\t\t\t&nbsp;\n\t\t\t<\/td>\n<\/tr>\n<tr height=\"14\">\n<td height=\"14\" style=\"height:14px;\">\n\t\t\t\tAunnur Bok Umm &thorn;a&ntilde; Sanna Christenndom, Hvernin ad Christi Manndoms Uppatekning, hans\n\t\t\t<\/td>\n<td>\n\t\t\t\tKbh., 1731\n\t\t\t<\/td>\n<td>\n\t\t\t\tF&aacute;g 240 Arn\n\t\t\t<\/td>\n<\/tr>\n<tr height=\"14\">\n<td height=\"14\" style=\"height:14px;\">\n\t\t\t\tKi&aelig;rleike, Audmykt, Hogv&aelig;rd, &THORN;olennm&aelig;de, Pijna, Kross, Forsmaan og Daude, sieu vor\n\t\t\t<\/td>\n<td>\n\t\t\t\t&nbsp;\n\t\t\t<\/td>\n<td>\n\t\t\t\tBundi&eth; me&eth;: F&aacute;g 240 Arn\n\t\t\t<\/td>\n<\/tr>\n<tr height=\"14\">\n<td height=\"14\" style=\"height:14px;\">\n\t\t\t\tL&aelig;kning og Hiaalpr&aelig;dis-Brunnur, vor Speigell, Regla og Lijfernis-Bok : Og Hvernenn riett-\n\t\t\t<\/td>\n<td>\n\t\t\t\t&nbsp;\n\t\t\t<\/td>\n<td>\n\t\t\t\t&nbsp;\n\t\t\t<\/td>\n<\/tr>\n<tr height=\"14\">\n<td height=\"14\" style=\"height:14px;\">\n\t\t\t\tchristenn madur, skule fyrir Trwna, B&aelig;nena, &THORN;olim&aelig;dena, Guds Ord, og himmneska Huggun yfer-\n\t\t\t<\/td>\n<td>\n\t\t\t\t&nbsp;\n\t\t\t<\/td>\n<td>\n\t\t\t\t&nbsp;\n\t\t\t<\/td>\n<\/tr>\n<tr height=\"14\">\n<td height=\"14\" style=\"height:14px;\">\n\t\t\t\tvinna Syndena, Daudann, Di&ouml;fullen, Heimenn, Krossenn og allar Mootl&aelig;tingar, og &thorn;ad allt i\n\t\t\t<\/td>\n<td>\n\t\t\t\t&nbsp;\n\t\t\t<\/td>\n<td>\n\t\t\t\t&nbsp;\n\t\t\t<\/td>\n<\/tr>\n<tr height=\"14\">\n<td height=\"14\" style=\"height:14px;\">\n\t\t\t\tChristo JEsu, fyrer hans Krapt, Styrk og Sigur i oss \/ Samannskrifud af Doct. JOHANNE ARNDT ;\n\t\t\t<\/td>\n<td>\n\t\t\t\t&nbsp;\n\t\t\t<\/td>\n<td>\n\t\t\t\t&nbsp;\n\t\t\t<\/td>\n<\/tr>\n<tr height=\"14\">\n<td height=\"14\" style=\"height:14px;\">\n\t\t\t\tEn a Islendsku wtl&ouml;gd, af &thorn;eim gaafum gi&aelig;dda Guds Kennemanne Sal. S&iacute;ra &THORN;orleife Arasyne &#8230;\n\t\t\t<\/td>\n<td>\n\t\t\t\t&nbsp;\n\t\t\t<\/td>\n<td>\n\t\t\t\t&nbsp;\n\t\t\t<\/td>\n<\/tr>\n<tr height=\"14\">\n<td height=\"14\" style=\"height:14px;\">\n\t\t\t\t&THORN;ridia Bok. um &thorn;a&ntilde; sanna Christendom, og Innra Mannenn, I hvorre sijnt verdur Hvornen Gud\n\t\t\t<\/td>\n<td>\n\t\t\t\tKbh., 1731\n\t\t\t<\/td>\n<td>\n\t\t\t\tF&aacute;g 240 Arn\n\t\t\t<\/td>\n<\/tr>\n<tr height=\"14\">\n<td height=\"14\" style=\"height:14px;\">\n\t\t\t\thefur lagt, &thorn;ann ypparlegasta Fiedsiod [!] nefnelega sitt Rijke, i Mannens Hiarta, lijka sem eirn\n\t\t\t<\/td>\n<td>\n\t\t\t\t&nbsp;\n\t\t\t<\/td>\n<td>\n\t\t\t\t&nbsp;\n\t\t\t<\/td>\n<\/tr>\n<tr height=\"14\">\n<td height=\"14\" style=\"height:14px;\">\n\t\t\t\tfolgen Fiesiod a Akre, og so sem eitt Guddomlegt lios vorrar Salar: og hvormed &thorn;a sama eigi i\n\t\t\t<\/td>\n<td>\n\t\t\t\t&nbsp;\n\t\t\t<\/td>\n<td>\n\t\t\t\t&nbsp;\n\t\t\t<\/td>\n<\/tr>\n<tr height=\"14\">\n<td height=\"14\" style=\"height:14px;\">\n\t\t\t\toss ad uppleitast eflast og styrkiast \/ Sammanskrifud af &thorn;eim hattupplysta Guds Manne, Doctor\n\t\t\t<\/td>\n<td>\n\t\t\t\t&nbsp;\n\t\t\t<\/td>\n<td>\n\t\t\t\t&nbsp;\n\t\t\t<\/td>\n<\/tr>\n<tr height=\"14\">\n<td height=\"14\" style=\"height:14px;\">\n\t\t\t\tJohan Arndt &#8230; ; Enn a Norr&aelig;nu utl&ouml;gd af &thorn;eim trulinda Guds &THORN;ienara, Sira &THORN;orleife Arnasyne &#8230;\n\t\t\t<\/td>\n<td>\n\t\t\t\t&nbsp;\n\t\t\t<\/td>\n<td>\n\t\t\t\t&nbsp;\n\t\t\t<\/td>\n<\/tr>\n<tr height=\"14\">\n<td height=\"14\" style=\"height:14px;\">\n\t\t\t\tHaust og Vor, &thorn;egar f&oacute;llk almennast t&iacute;dkar heilaga Qv&oslash;ldm&aacute;lt&iacute;d \/ &aacute; Islendsku &uacute;tlagdar af\n\t\t\t<\/td>\n<td>\n\t\t\t\t&nbsp;\n\t\t\t<\/td>\n<td>\n\t\t\t\t&nbsp;\n\t\t\t<\/td>\n<\/tr>\n<tr height=\"14\">\n<td height=\"14\" style=\"height:14px;\">\n\t\t\t\t&THORN;orvaldi B&oslash;dvarssyni, Sk&oacute;lahaldara.\n\t\t\t<\/td>\n<td>\n\t\t\t\t&nbsp;\n\t\t\t<\/td>\n<td>\n\t\t\t\t&nbsp;\n\t\t\t<\/td>\n<\/tr>\n<tr height=\"14\">\n<td height=\"14\" style=\"height:14px;\">\n\t\t\t\tIDRANAR I&THORN;ROTT Edur. Sa Gyllene Skriptargangur MANASSIS Kongs \/ Vtdreigenn af hans B&aelig;n\n\t\t\t<\/td>\n<td>\n\t\t\t\tSKALHOLLT, 1693\n\t\t\t<\/td>\n<td>\n\t\t\t\tF&aacute;g 240 F&ouml;r\n\t\t\t<\/td>\n<\/tr>\n<tr height=\"14\">\n<td height=\"14\" style=\"height:14px;\">\n\t\t\t\tog j lioos gj&oslash;rd j &thorn;ijsku Maale, af doct. JOHANN F&ouml;rster &#8230; ;&nbsp; Enn a Islendsku wtl&ouml;gd af\n\t\t\t<\/td>\n<td>\n\t\t\t\t&nbsp;\n\t\t\t<\/td>\n<td>\n\t\t\t\t[Anna&eth; eintaki&eth; er bundi&eth;\n\t\t\t<\/td>\n<\/tr>\n<tr height=\"14\">\n<td height=\"14\" style=\"height:14px;\">\n\t\t\t\tH. THORLAKE Skwla syne , Fordu&nbsp; Biskupe Hoola Stiptis, (S&aelig;llar Minningar).&nbsp; [2 eint&ouml;k]\n\t\t\t<\/td>\n<td>\n\t\t\t\t&nbsp;\n\t\t\t<\/td>\n<td>\n\t\t\t\tme&eth;: F&aacute;g 240 Arc]\n\t\t\t<\/td>\n<\/tr>\n<tr height=\"14\">\n<td height=\"14\" style=\"height:14px;\">\n\t\t\t\tHeilagar HugvekIVR, &THORN;ienande til &thorn;ess, Ad &oslash;rva og upptendra &thorn;a&ntilde; I&ntilde;ra Manen, til sanarlegar\n\t\t\t<\/td>\n<td>\n\t\t\t\tHoolar, 1745\n\t\t\t<\/td>\n<td>\n\t\t\t\tF&aacute;g 240 Ger\n\t\t\t<\/td>\n<\/tr>\n<tr height=\"14\">\n<td height=\"14\" style=\"height:14px;\">\n\t\t\t\tGudr&aelig;kne og Goods Sidferdis \/ Samanskrifadar Fyrst i Latinu, Af &thorn;eim Virdulega og Haa-L&aelig;rda\n\t\t\t<\/td>\n<td>\n\t\t\t\t&nbsp;\n\t\t\t<\/td>\n<td>\n\t\t\t\t[Illa fari&eth; eintak. Vantar\n\t\t\t<\/td>\n<\/tr>\n<tr height=\"14\">\n<td height=\"14\" style=\"height:14px;\">\n\t\t\t\tDoctore Heilagrar Skriftar, Johane GerHARDI ; En a Islendsku wtlagdar, Af &THORN;eim Virduglega\n\t\t\t<\/td>\n<td>\n\t\t\t\t&nbsp;\n\t\t\t<\/td>\n<td>\n\t\t\t\t4 bl&ouml;&eth;]\n\t\t\t<\/td>\n<\/tr>\n<tr height=\"14\">\n<td height=\"14\" style=\"height:14px;\">\n\t\t\t\tHerra, H. Thorlaake Skwlasyne, Byskupe Hoola Stiftis.\n\t\t\t<\/td>\n<td>\n\t\t\t\t&nbsp;\n\t\t\t<\/td>\n<td>\n\t\t\t\t&nbsp;\n\t\t\t<\/td>\n<\/tr>\n<tr height=\"14\">\n<td height=\"14\" style=\"height:14px;\">\n\t\t\t\tDIARIUM CHRISTIANUM : Edur Dagleg Idkun af &oslash;llum DRottens-Dags Verkum : med\n\t\t\t<\/td>\n<td>\n\t\t\t\tHoolar, 1747\n\t\t\t<\/td>\n<td>\n\t\t\t\tF&aacute;g 240 Hal\n\t\t\t<\/td>\n<\/tr>\n<tr height=\"14\">\n<td height=\"14\" style=\"height:14px;\">\n\t\t\t\tSamburde Guds tiju Bodorda vid Sk&oslash;punarverked, og Miningu Nafnsins Jesu \/ Skrifad og\n\t\t\t<\/td>\n<td>\n\t\t\t\t&nbsp;\n\t\t\t<\/td>\n<td>\n\t\t\t\t&nbsp;\n\t\t\t<\/td>\n<\/tr>\n<tr height=\"14\">\n<td height=\"14\" style=\"height:14px;\">\n\t\t\t\tSamsett Af S. Hallgrijme Peturs Syne Anno 1660.&nbsp; [2 eint&ouml;k]\n\t\t\t<\/td>\n<td>\n\t\t\t\t&nbsp;\n\t\t\t<\/td>\n<td>\n\t\t\t\t&nbsp;\n\t\t\t<\/td>\n<\/tr>\n<tr height=\"14\">\n<td height=\"14\" style=\"height:14px;\">\n\t\t\t\tDIARIUM CHRISTIANUM : Edur Dagleg Idkun af &oslash;llum DRottens-Dags Verkum : med\n\t\t\t<\/td>\n<td>\n\t\t\t\tHoolar, 1773\n\t\t\t<\/td>\n<td>\n\t\t\t\tF&aacute;g 240 Hal\n\t\t\t<\/td>\n<\/tr>\n<tr height=\"14\">\n<td height=\"14\" style=\"height:14px;\">\n\t\t\t\tSamburde Guds tiju Bodorda vid Sk&oslash;punarverked, og Miningu Nafnsins Jesu \/ Skrifad og\n\t\t\t<\/td>\n<td>\n\t\t\t\t&nbsp;\n\t\t\t<\/td>\n<td>\n\t\t\t\t&nbsp;\n\t\t\t<\/td>\n<\/tr>\n<tr height=\"14\">\n<td height=\"14\" style=\"height:14px;\">\n\t\t\t\tSamsett Af S. Hallgrijme Peturs Syne Anno 1660.\n\t\t\t<\/td>\n<td>\n\t\t\t\t&nbsp;\n\t\t\t<\/td>\n<td>\n\t\t\t\t&nbsp;\n\t\t\t<\/td>\n<\/tr>\n<tr height=\"14\">\n<td height=\"14\" style=\"height:14px;\">\n\t\t\t\tSI&Oslash; Gudr&aelig;kelegar Um&thorn;einkingar, Edur Eintal Christens Ma&ntilde;s vid siaalfa&ntilde; sig hv&ouml;rn dag\n\t\t\t<\/td>\n<td>\n\t\t\t\tHoolar, 1747\n\t\t\t<\/td>\n<td>\n\t\t\t\tF&aacute;g 240 Hal\n\t\t\t<\/td>\n<\/tr>\n<tr height=\"14\">\n<td height=\"14\" style=\"height:14px;\">\n\t\t\t\ti Vikune ad Kv&oslash;llde og Morgne \/ Samanteknar af &thorn;eim Heidurlega og Haatt Upplijsta Kienemane,\n\t\t\t<\/td>\n<td>\n\t\t\t\t&nbsp;\n\t\t\t<\/td>\n<td>\n\t\t\t\tBundi&eth; me&eth;: F&aacute;g 240 Hal\n\t\t\t<\/td>\n<\/tr>\n<tr height=\"14\">\n<td height=\"14\" style=\"height:14px;\">\n\t\t\t\tSaal. Sr.Hallgrijme Peturs-Syne, Sooknar-Preste ad Saurb&aelig; a Hvalfjardar Str&ouml;nd.\n\t\t\t<\/td>\n<td>\n\t\t\t\t&nbsp;\n\t\t\t<\/td>\n<td>\n\t\t\t\t&nbsp;\n\t\t\t<\/td>\n<\/tr>\n<tr height=\"14\">\n<td height=\"14\" style=\"height:14px;\">\n\t\t\t\tSI&Oslash; Gudr&aelig;kelegar Um&thorn;enkingar, Edur Eintal Christens Ma&ntilde;s vid siaalfa&ntilde; sig, hv&ouml;rn dag\n\t\t\t<\/td>\n<td>\n\t\t\t\tHoolar,, 1773\n\t\t\t<\/td>\n<td>\n\t\t\t\tF&aacute;g 240 Hal\n\t\t\t<\/td>\n<\/tr>\n<tr height=\"14\">\n<td height=\"14\" style=\"height:14px;\">\n\t\t\t\ti Vikuni ad Kv&oslash;llde og Morgne \/ Samanteknar af &thorn;eim Heidurlega og Haatt-Upplijsta Kienermane,\n\t\t\t<\/td>\n<td>\n\t\t\t\t&nbsp;\n\t\t\t<\/td>\n<td>\n\t\t\t\tBundi&eth; me&eth;: F&aacute;g 240 Hal\n\t\t\t<\/td>\n<\/tr>\n<tr height=\"14\">\n<td height=\"14\" style=\"height:14px;\">\n\t\t\t\tSaal. Sr.Hallgrijme Peturs-Syne, Sooknar-Preste ad Saurb&aelig; aa Hvalfjardar Str&ouml;nd.\n\t\t\t<\/td>\n<td>\n\t\t\t\t&nbsp;\n\t\t\t<\/td>\n<td>\n\t\t\t\t&nbsp;\n\t\t\t<\/td>\n<\/tr>\n<tr height=\"14\">\n<td height=\"14\" style=\"height:14px;\">\n\t\t\t\tEitt Gudr&aelig;kelegt Skrif, Er Nefnest Hoolmgaanga Edur Orusta og Sigur TRVARENNAR : Vmm\n\t\t\t<\/td>\n<td>\n\t\t\t\tHoolar, 1743\n\t\t\t<\/td>\n<td>\n\t\t\t\tF&aacute;g 240 Jer\n\t\t\t<\/td>\n<\/tr>\n<tr height=\"14\">\n<td height=\"14\" style=\"height:14px;\">\n\t\t\t\tAllskonar Freistingar med og af hverium TRVENN verdur aareitt og sturlud i Hiarta &thorn;ess Mans\n\t\t\t<\/td>\n<td>\n\t\t\t\t&nbsp;\n\t\t\t<\/td>\n<td>\n\t\t\t\t[Form&aacute;li handskrifa&eth;ur]\n\t\t\t<\/td>\n<\/tr>\n<tr height=\"14\">\n<td height=\"14\" style=\"height:14px;\">\n\t\t\t\tsem er Guds Barn : Og Seger her: 1. Hvadan &thorn;&aelig;r kome. 2. Hversu margvijslegar &thorn;&aelig;r sieu.\n\t\t\t<\/td>\n<td>\n\t\t\t\t&nbsp;\n\t\t\t<\/td>\n<td>\n\t\t\t\t&nbsp;\n\t\t\t<\/td>\n<\/tr>\n<tr height=\"14\">\n<td height=\"14\" style=\"height:14px;\">\n\t\t\t\t3. Hversu ad Ottaslegen og kvijdande Samvitska eige ad haga sier i &thorn;eim. 4. Og fyrer hvada\n\t\t\t<\/td>\n<td>\n\t\t\t\t&nbsp;\n\t\t\t<\/td>\n<td>\n\t\t\t\t&nbsp;\n\t\t\t<\/td>\n<\/tr>\n<tr height=\"14\">\n<td height=\"14\" style=\"height:14px;\">\n\t\t\t\tHuggun og Med&oslash;l Madur faae &thorn;&aelig;r Vollduglega sigrad og reked &thorn;&aelig;r fra sier Gledelega :\n\t\t\t<\/td>\n<td>\n\t\t\t\t&nbsp;\n\t\t\t<\/td>\n<td>\n\t\t\t\t&nbsp;\n\t\t\t<\/td>\n<\/tr>\n<tr height=\"14\">\n<td height=\"14\" style=\"height:14px;\">\n\t\t\t\tEinf&oslash;lldum og Ist&oslash;dulitlum Samvitskum til Vppfr&aelig;dingar \/ Samsett og ritad fyrst i D&oslash;nsku ,\n\t\t\t<\/td>\n<td>\n\t\t\t\t&nbsp;\n\t\t\t<\/td>\n<td>\n\t\t\t\t&nbsp;\n\t\t\t<\/td>\n<\/tr>\n<tr height=\"14\">\n<td height=\"14\" style=\"height:14px;\">\n\t\t\t\tAf Doct. Jens Dinnyssyne Jersin, Fordum Biskupe i Riber Stiftes i Danm&ouml;rku.\n\t\t\t<\/td>\n<td>\n\t\t\t\t&nbsp;\n\t\t\t<\/td>\n<td>\n\t\t\t\t&nbsp;\n\t\t\t<\/td>\n<\/tr>\n<tr height=\"14\">\n<td height=\"14\" style=\"height:14px;\">\n\t\t\t\tTvisvar Si&oslash;falldt Misseraskipta-Offur, edur Fiortan Heil. Hugleidingar, sem lesast kunna &aacute;\n\t\t\t<\/td>\n<td>\n\t\t\t\tHrappsey, 1794\n\t\t\t<\/td>\n<td>\n\t\t\t\tF&aacute;g 240 J&oacute;n\n\t\t\t<\/td>\n<\/tr>\n<tr height=\"14\">\n<td height=\"14\" style=\"height:14px;\">\n\t\t\t\tFyrstu Si&oslash; D&oslash;gum Sumars og Vetrar : Til Gudr&aelig;kelegrar Brwkunar \/ samanskrifadar af\n\t\t\t<\/td>\n<td>\n\t\t\t\t&nbsp;\n\t\t\t<\/td>\n<td>\n\t\t\t\t&nbsp;\n\t\t\t<\/td>\n<\/tr>\n<tr height=\"14\">\n<td height=\"14\" style=\"height:14px;\">\n\t\t\t\tS&iacute;ra&nbsp; Jone Gudmundssyne, seinast Preste i Reikiadal.\n\t\t\t<\/td>\n<td>\n\t\t\t\t&nbsp;\n\t\t\t<\/td>\n<td>\n\t\t\t\t&nbsp;\n\t\t\t<\/td>\n<\/tr>\n<tr height=\"14\">\n<td height=\"14\" style=\"height:14px;\">\n\t\t\t\tTvisvar Sj&oslash;faldt Missiraskipta-Offur, edur Fj&oacute;rt&aacute;n Heilagar Hugleid&iacute;ngar, sem lesast kunna &aacute;\n\t\t\t<\/td>\n<td>\n\t\t\t\tVi&eth;eyar Klaustur, 1837\n\t\t\t<\/td>\n<td>\n\t\t\t\tF&aacute;g 240 J&oacute;n\n\t\t\t<\/td>\n<\/tr>\n<tr height=\"14\">\n<td height=\"14\" style=\"height:14px;\">\n\t\t\t\tfyrstu Sj&oslash; d&oslash;gum Sumars og Vetrar : Til gudr&aelig;kilegar br&uacute;kunar \/ samanskrifadar af\n\t\t\t<\/td>\n<td>\n\t\t\t\t&nbsp;\n\t\t\t<\/td>\n<td>\n\t\t\t\t&nbsp;\n\t\t\t<\/td>\n<\/tr>\n<tr height=\"14\">\n<td height=\"14\" style=\"height:14px;\">\n\t\t\t\tS&iacute;ra J&oacute;ni Gudmundssyni, seinast presti i Reykjadal.\n\t\t\t<\/td>\n<td>\n\t\t\t\t&nbsp;\n\t\t\t<\/td>\n<td>\n\t\t\t\t&nbsp;\n\t\t\t<\/td>\n<\/tr>\n<tr height=\"14\">\n<td height=\"14\" style=\"height:14px;\">\n\t\t\t\tMEDITATIONES TRIUMPHALES. EDUR Sigurhrooss HugvekJUR : Ut Af Dyrdarligum\n\t\t\t<\/td>\n<td>\n\t\t\t\tHoolar, 1749\n\t\t\t<\/td>\n<td>\n\t\t\t\tF&aacute;g 240 J&oacute;n\n\t\t\t<\/td>\n<\/tr>\n<tr height=\"14\">\n<td height=\"14\" style=\"height:14px;\">\n\t\t\t\tUpprisu-Sigre vors Drottens JESU CHRISTI i Fiorutiju Capitulum, epter &thorn;eim Fiorutiju Upprisu-\n\t\t\t<\/td>\n<td>\n\t\t\t\t&nbsp;\n\t\t\t<\/td>\n<td>\n\t\t\t\t&nbsp;\n\t\t\t<\/td>\n<\/tr>\n<tr height=\"14\">\n<td height=\"14\" style=\"height:14px;\">\n\t\t\t\tPsalmum \/ Samanteknar Af Saal. Sr. Jone JONS-SYNE, Sooknar-Preste til Hvols og\n\t\t\t<\/td>\n<td>\n\t\t\t\t&nbsp;\n\t\t\t<\/td>\n<td>\n\t\t\t\t&nbsp;\n\t\t\t<\/td>\n<\/tr>\n<tr height=\"14\">\n<td height=\"14\" style=\"height:14px;\">\n\t\t\t\tStadarhools.\n\t\t\t<\/td>\n<td>\n\t\t\t\t&nbsp;\n\t\t\t<\/td>\n<td>\n\t\t\t\t&nbsp;\n\t\t\t<\/td>\n<\/tr>\n<tr height=\"14\">\n<td height=\"14\" style=\"height:14px;\">\n\t\t\t\tMEDITATIONES PASSIONALES, EDUR Pijslar HugvekJUR : I&ntilde;ihalldandi Einfallda\n\t\t\t<\/td>\n<td>\n\t\t\t\tHoolar, 1766\n\t\t\t<\/td>\n<td>\n\t\t\t\tF&aacute;g 240 J&oacute;n\n\t\t\t<\/td>\n<\/tr>\n<tr height=\"14\">\n<td height=\"14\" style=\"height:14px;\">\n\t\t\t\tUtskijring Yfir Historiu Pijnunar og Daudans Drottins Vors JESU CHRISTI : eptir Fimmtygu\n\t\t\t<\/td>\n<td>\n\t\t\t\t&nbsp;\n\t\t\t<\/td>\n<td>\n\t\t\t\t[ Anna&eth; eintak illa fari&eth;]\n\t\t\t<\/td>\n<\/tr>\n<tr height=\"14\">\n<td height=\"14\" style=\"height:14px;\">\n\t\t\t\tPijslar Psalmum Saal. Sr. Hallgrijms Peturs Sonar \/ Samanteknar af Saal. Sr.\n\t\t\t<\/td>\n<td>\n\t\t\t\t&nbsp;\n\t\t\t<\/td>\n<td>\n\t\t\t\t&nbsp;\n\t\t\t<\/td>\n<\/tr>\n<tr height=\"14\">\n<td height=\"14\" style=\"height:14px;\">\n\t\t\t\tJooni Joons Sini (Sooknar-Presti til Stadar-Hools og Hvols Safnada). [2 eint&ouml;k]\n\t\t\t<\/td>\n<td>\n\t\t\t\t&nbsp;\n\t\t\t<\/td>\n<td>\n\t\t\t\t&nbsp;\n\t\t\t<\/td>\n<\/tr>\n<tr height=\"14\">\n<td height=\"14\" style=\"height:14px;\">\n\t\t\t\tMEDITATIONES TRIUMPHALES. EDUR Sigurhrooss HugvekJUR : Ut af Dijrdarlegum\n\t\t\t<\/td>\n<td>\n\t\t\t\tHoolar, 1778\n\t\t\t<\/td>\n<td>\n\t\t\t\tF&aacute;g 240 J&oacute;n\n\t\t\t<\/td>\n<\/tr>\n<tr height=\"14\">\n<td height=\"14\" style=\"height:14px;\">\n\t\t\t\tUpprisu Sigre vors Drottens JESU CHRISTI i Fi&oslash;rutygu Capitulum epter &thorn;eim Fi&oslash;rutygu\n\t\t\t<\/td>\n<td>\n\t\t\t\t&nbsp;\n\t\t\t<\/td>\n<td>\n\t\t\t\t[Illa fari&eth; eintak]\n\t\t\t<\/td>\n<\/tr>\n<tr height=\"14\">\n<td height=\"14\" style=\"height:14px;\">\n\t\t\t\tUpprisu Psalmum \/ Samanteknar Af Saal. Sr. Joone Joons Syne, Sooknar Preste til\n\t\t\t<\/td>\n<td>\n\t\t\t\t&nbsp;\n\t\t\t<\/td>\n<td>\n\t\t\t\t&nbsp;\n\t\t\t<\/td>\n<\/tr>\n<tr height=\"14\">\n<td height=\"14\" style=\"height:14px;\">\n\t\t\t\tHvols og Stadar-Hools.\n\t\t\t<\/td>\n<td>\n\t\t\t\t&nbsp;\n\t\t\t<\/td>\n<td>\n\t\t\t\t&nbsp;\n\t\t\t<\/td>\n<\/tr>\n<tr height=\"14\">\n<td height=\"14\" style=\"height:14px;\">\n\t\t\t\tSigurhrooss HugvekJUR : Ut af Dijrdarlegum Upprisu Sigre vors Drotte&ntilde;s JESU CHRISTI\n\t\t\t<\/td>\n<td>\n\t\t\t\tHoolar, 1797\n\t\t\t<\/td>\n<td>\n\t\t\t\tF&aacute;g 240 J&oacute;n\n\t\t\t<\/td>\n<\/tr>\n<tr height=\"14\">\n<td height=\"14\" style=\"height:14px;\">\n\t\t\t\ti Fi&oslash;rutyge Capitulum, epter &thorn;eim Fi&oslash;rutyge Upprisu Psalmum \/ Samanteknar Af Saal. Sr.\n\t\t\t<\/td>\n<td>\n\t\t\t\t&nbsp;\n\t\t\t<\/td>\n<td>\n\t\t\t\t[Illa fari&eth; eintak]\n\t\t\t<\/td>\n<\/tr>\n<tr height=\"14\">\n<td height=\"14\" style=\"height:14px;\">\n\t\t\t\tJoone Joons Syne, Sooknar Preste til Hvols og Stadar-Hools,\n\t\t\t<\/td>\n<td>\n\t\t\t\t&nbsp;\n\t\t\t<\/td>\n<td>\n\t\t\t\t&nbsp;\n\t\t\t<\/td>\n<\/tr>\n<tr height=\"14\">\n<td height=\"14\" style=\"height:14px;\">\n\t\t\t\tTvennar Hwss-Lesturs og Viku-B&aelig;ner, til ad brwka Kv&oslash;ld og Morgna. \/ [J&oacute;n Teitsson]\n\t\t\t<\/td>\n<td>\n\t\t\t\tHoolar, 1781\n\t\t\t<\/td>\n<td>\n\t\t\t\tF&aacute;g 240 J&oacute;n\n\t\t\t<\/td>\n<\/tr>\n<tr height=\"14\">\n<td height=\"14\" style=\"height:14px;\">\n\t\t\t\t&nbsp;\n\t\t\t<\/td>\n<td>\n\t\t\t\t&nbsp;\n\t\t\t<\/td>\n<td>\n\t\t\t\t[Illa fari&eth; eintak]\n\t\t\t<\/td>\n<\/tr>\n<tr height=\"14\">\n<td height=\"14\" style=\"height:14px;\">\n\t\t\t\tANTHROPOLOGIA SACRA, Edur ANDLEGAR Um&thorn;einkINGAR, Vt Af Ma&ntilde;sins H&oslash;fud-\n\t\t\t<\/td>\n<td>\n\t\t\t\tHoolar, 1716\n\t\t\t<\/td>\n<td>\n\t\t\t\tF&aacute;g 240 Las\n\t\t\t<\/td>\n<\/tr>\n<tr height=\"14\">\n<td height=\"14\" style=\"height:14px;\">\n\t\t\t\tp&oslash;rtum, Hans sierlegustu Limum, Skilningarvitum og nockrum &oslash;drum sierdeilislegustu\n\t\t\t<\/td>\n<td>\n\t\t\t\t&nbsp;\n\t\t\t<\/td>\n<td>\n\t\t\t\t[Illa fari&eth; eintak]\n\t\t\t<\/td>\n<\/tr>\n<tr height=\"14\">\n<td height=\"14\" style=\"height:14px;\">\n\t\t\t\tTilfellum \/ Vtdregnar af Bookum &thorn;ess Andrijka Guds Mans, Doct. JOHANN LASSENII :\n\t\t\t<\/td>\n<td>\n\t\t\t\t&nbsp;\n\t\t\t<\/td>\n<td>\n\t\t\t\t&nbsp;\n\t\t\t<\/td>\n<\/tr>\n<tr height=\"14\">\n<td height=\"14\" style=\"height:14px;\">\n\t\t\t\tOg nu fyrst wr &thorn;ijsku a islendsku wtlagdar, Af H. Steine Jonssyne, Sup. H. St.\n\t\t\t<\/td>\n<td>\n\t\t\t\t&nbsp;\n\t\t\t<\/td>\n<td>\n\t\t\t\t&nbsp;\n\t\t\t<\/td>\n<\/tr>\n<tr height=\"14\">\n<td height=\"14\" style=\"height:14px;\">\n\t\t\t\tTve&ntilde;ar Si&oslash;si&ntilde;um Si&oslash; Hugvekiur Edur &THORN;aankar wt af Pijsl og Pijnu Drottens Vors Jesu\n\t\t\t<\/td>\n<td>\n\t\t\t\tHoolar, 1723\n\t\t\t<\/td>\n<td>\n\t\t\t\tF&aacute;g 240 Las\n\t\t\t<\/td>\n<\/tr>\n<tr height=\"14\">\n<td height=\"14\" style=\"height:14px;\">\n\t\t\t\tChristi, sem lesast&nbsp; meiga a Kv&oslash;lld og Morgna, umm allan F&oslash;stu Tijman&nbsp; \/ Hv&oslash;riar Saman-\n\t\t\t<\/td>\n<td>\n\t\t\t\t&nbsp;\n\t\t\t<\/td>\n<td>\n\t\t\t\t&nbsp;\n\t\t\t<\/td>\n<\/tr>\n<tr height=\"14\">\n<td height=\"14\" style=\"height:14px;\">\n\t\t\t\tskrifad hefur &iacute; &THORN;ijsku Maale Johanes Lassenius Doctor Heilagrar Skriftar, og Fordum\n\t\t\t<\/td>\n<td>\n\t\t\t\t&nbsp;\n\t\t\t<\/td>\n<td>\n\t\t\t\t&nbsp;\n\t\t\t<\/td>\n<\/tr>\n<tr height=\"14\">\n<td height=\"14\" style=\"height:14px;\">\n\t\t\t\tPrestur til &thorn;eirrar &THORN;ysku Kyrkiu i Kaupenhafn ; En epter Hans Afgaang, hefur &thorn;&aelig;r\n\t\t\t<\/td>\n<td>\n\t\t\t\t&nbsp;\n\t\t\t<\/td>\n<td>\n\t\t\t\t&nbsp;\n\t\t\t<\/td>\n<\/tr>\n<tr height=\"14\">\n<td height=\"14\" style=\"height:14px;\">\n\t\t\t\tFullkomnad Doctor Hector Gottfried Masius, &thorn;a verande Doctor og Professor\n\t\t\t<\/td>\n<td>\n\t\t\t\t&nbsp;\n\t\t\t<\/td>\n<td>\n\t\t\t\t&nbsp;\n\t\t\t<\/td>\n<\/tr>\n<tr height=\"14\">\n<td height=\"14\" style=\"height:14px;\">\n\t\t\t\tTheologi&aelig; i Kaupenhafn, hvar Booken er wtgeingen, ANNO 1696.\n\t\t\t<\/td>\n<td>\n\t\t\t\t&nbsp;\n\t\t\t<\/td>\n<td>\n\t\t\t\t&nbsp;\n\t\t\t<\/td>\n<\/tr>\n<tr height=\"14\">\n<td height=\"14\" style=\"height:14px;\">\n\t\t\t\tSOLILOQVIA DE PASSIONE IESV CHRISTI : &THORN;ad er Eintal Salare&ntilde;ar vid sialfa sig,\n\t\t\t<\/td>\n<td>\n\t\t\t\tHoolar, 1599\n\t\t\t<\/td>\n<td>\n\t\t\t\tF&aacute;g 240 Mol\n\t\t\t<\/td>\n<\/tr>\n<tr height=\"14\">\n<td height=\"14\" style=\"height:14px;\">\n\t\t\t\tHu&oslash;rsu ad hv&oslash;r christen Madur han a Daglega j B&aelig;n og Andvarpan til Guds, ad tractera og\n\t\t\t<\/td>\n<td>\n\t\t\t\t&nbsp;\n\t\t\t<\/td>\n<td>\n\t\t\t\t&nbsp;\n\t\t\t<\/td>\n<\/tr>\n<tr height=\"14\">\n<td height=\"14\" style=\"height:14px;\">\n\t\t\t\tHugleida &thorn;a allra Haleitustu Pijnu og Dauda vars Herra Jesu Christi og &thorn;ar af taka agi&aelig;tar\n\t\t\t<\/td>\n<td>\n\t\t\t\t&nbsp;\n\t\t\t<\/td>\n<td>\n\t\t\t\t&nbsp;\n\t\t\t<\/td>\n<\/tr>\n<tr height=\"14\">\n<td height=\"14\" style=\"height:14px;\">\n\t\t\t\tKieningar og heiln&aelig;mar Hugganer, til &thorn;ess ad lifa, gudlega og deyia Christilega \/ Saman teken\n\t\t\t<\/td>\n<td>\n\t\t\t\t&nbsp;\n\t\t\t<\/td>\n<td>\n\t\t\t\t&nbsp;\n\t\t\t<\/td>\n<\/tr>\n<tr height=\"14\">\n<td height=\"14\" style=\"height:14px;\">\n\t\t\t\tvr Gudlegre Ritningu og Scriptis &thorn;eirra G&oslash;mlu L&aelig;refedra ; En wr &THORN;yskune vtlogd af\n\t\t\t<\/td>\n<td>\n\t\t\t\t&nbsp;\n\t\t\t<\/td>\n<td>\n\t\t\t\t&nbsp;\n\t\t\t<\/td>\n<\/tr>\n<tr height=\"14\">\n<td height=\"14\" style=\"height:14px;\">\n\t\t\t\tAf Arngrime Jons Syne. ANNO 1593.\n\t\t\t<\/td>\n<td>\n\t\t\t\t&nbsp;\n\t\t\t<\/td>\n<td>\n\t\t\t\t&nbsp;\n\t\t\t<\/td>\n<\/tr>\n<tr height=\"14\">\n<td height=\"14\" style=\"height:14px;\">\n\t\t\t\tUmm Pijnu og Dauda DRottens vors JEsu Christi : Eintal SALARENNAR Vid Siaalfa Sig,\n\t\t\t<\/td>\n<td>\n\t\t\t\tHoolar, 1746\n\t\t\t<\/td>\n<td>\n\t\t\t\tF&aacute;g 240 Mol\n\t\t\t<\/td>\n<\/tr>\n<tr height=\"14\">\n<td height=\"14\" style=\"height:14px;\">\n\t\t\t\tHv&oslash;rsu ad hver Christen Madur aa Daglega i B&aelig;n og Andv&oslash;rpun til Guds, hana ad hugleida og\n\t\t\t<\/td>\n<td>\n\t\t\t\t&nbsp;\n\t\t\t<\/td>\n<td>\n\t\t\t\t[Anna&eth; eintaki&eth; illa fari&eth;]\n\t\t\t<\/td>\n<\/tr>\n<tr height=\"14\">\n<td height=\"14\" style=\"height:14px;\">\n\t\t\t\tyfirvega og &thorn;ar af taka aagi&aelig;tar Kieningar og heiln&aelig;mar Hugganer til &thorn;ess ad lifa Gudlega og\n\t\t\t<\/td>\n<td>\n\t\t\t\t&nbsp;\n\t\t\t<\/td>\n<td>\n\t\t\t\t&nbsp;\n\t\t\t<\/td>\n<\/tr>\n<tr height=\"14\">\n<td height=\"14\" style=\"height:14px;\">\n\t\t\t\tdeya Saaluhialplega \/ Samanteked wr Gudlegre Ritningu og Skrifum &thorn;eirra G&oslash;mlu L&aelig;refedra ;\n\t\t\t<\/td>\n<td>\n\t\t\t\t&nbsp;\n\t\t\t<\/td>\n<td>\n\t\t\t\t&nbsp;\n\t\t\t<\/td>\n<\/tr>\n<tr height=\"14\">\n<td height=\"14\" style=\"height:14px;\">\n\t\t\t\tEn wr &thorn;ijsku wtlagt, Af S.&nbsp; Arngrijme J&Oacute;NSSYNE, Preste og Profaste ad Mel-Stad og\n\t\t\t<\/td>\n<td>\n\t\t\t\t&nbsp;\n\t\t\t<\/td>\n<td>\n\t\t\t\t&nbsp;\n\t\t\t<\/td>\n<\/tr>\n<tr height=\"14\">\n<td height=\"14\" style=\"height:14px;\">\n\t\t\t\tOfficiali Hoola-Stiftis.&nbsp; [2 eint&ouml;k]\n\t\t\t<\/td>\n<td>\n\t\t\t\t&nbsp;\n\t\t\t<\/td>\n<td>\n\t\t\t\t&nbsp;\n\t\t\t<\/td>\n<\/tr>\n<tr height=\"14\">\n<td height=\"14\" style=\"height:14px;\">\n\t\t\t\tEintal Salarennar vid Sialfa sig : I Huoriu ein Christen Saal yferuegur og hugleider &thorn;a saaru\n\t\t\t<\/td>\n<td>\n\t\t\t\tHoolar, 1661\n\t\t\t<\/td>\n<td>\n\t\t\t\tF&aacute;g 240 Mol\n\t\t\t<\/td>\n<\/tr>\n<tr height=\"14\">\n<td height=\"14\" style=\"height:14px;\">\n\t\t\t\tPijnu og Dauda sijns Lausnara Herrans Jesu Christi, og tekur sier &thorn;ar af agi&aelig;tar Kieningar og\n\t\t\t<\/td>\n<td>\n\t\t\t\t&nbsp;\n\t\t\t<\/td>\n<td>\n\t\t\t\tBundi&eth; me&eth;: F&aacute;g 240 Mol\n\t\t\t<\/td>\n<\/tr>\n<tr height=\"14\">\n<td height=\"14\" style=\"height:14px;\">\n\t\t\t\thugganer \/ I Psalmvijsur mjuklega snued af Petre Einars Syne L&oslash;griettu Mane, fyrir Vestan, Og [&#8230;]\n\t\t\t<\/td>\n<td>\n\t\t\t\t&nbsp;\n\t\t\t<\/td>\n<td>\n\t\t\t\t&nbsp;\n\t\t\t<\/td>\n<\/tr>\n<tr height=\"14\">\n<td height=\"14\" style=\"height:14px;\">\n\t\t\t\tDedicerad [&#8230;] Gud hr&aelig;ddu Heidurs Kuinnu Valgierde Gysla Dottur ad Skarde a Skards Str&oslash;nd.\n\t\t\t<\/td>\n<td>\n\t\t\t\t&nbsp;\n\t\t\t<\/td>\n<td>\n\t\t\t\t&nbsp;\n\t\t\t<\/td>\n<\/tr>\n<tr height=\"14\">\n<td height=\"14\" style=\"height:14px;\">\n\t\t\t\tManuale : &THORN;ad er. Handbokar korn, Hu&oslash;rne&ntilde; Madur eige ad lifa Christelege, og Deya\n\t\t\t<\/td>\n<td>\n\t\t\t\tHoolar, 1661\n\t\t\t<\/td>\n<td>\n\t\t\t\tF&aacute;g 240 Mol\n\t\t\t<\/td>\n<\/tr>\n<tr height=\"14\">\n<td height=\"14\" style=\"height:14px;\">\n\t\t\t\tGudlega : En nu vtlagt &thorn;eim til Gagns og Gooda, sem slikju vilia giegna \/ Skrifad i\n\t\t\t<\/td>\n<td>\n\t\t\t\t&nbsp;\n\t\t\t<\/td>\n<td>\n\t\t\t\t&nbsp;\n\t\t\t<\/td>\n<\/tr>\n<tr height=\"14\">\n<td height=\"14\" style=\"height:14px;\">\n\t\t\t\t&THORN;ysku Maale AF. D. Martino Mollero. Med hns eigen Formaala.\n\t\t\t<\/td>\n<td>\n\t\t\t\t&nbsp;\n\t\t\t<\/td>\n<td>\n\t\t\t\t&nbsp;\n\t\t\t<\/td>\n<\/tr>\n<tr height=\"14\">\n<td height=\"14\" style=\"height:14px;\">\n\t\t\t\tNYTSAMLEGUR B&aelig;klingur, Sama&ntilde;teki&ntilde; &thorn;eim til Andlegrar Uppbyggingar, Upp&oslash;rfunar og\n\t\t\t<\/td>\n<td>\n\t\t\t\tHoolar,1774\n\t\t\t<\/td>\n<td>\n\t\t\t\tF&aacute;g 240 Res\n\t\t\t<\/td>\n<\/tr>\n<tr height=\"14\">\n<td height=\"14\" style=\"height:14px;\">\n\t\t\t\tAndagtar Aukningar, sem i Guds Otta vilia finnast riettskickadir Bordsitiendur vid vors Herra\n\t\t\t<\/td>\n<td>\n\t\t\t\t&nbsp;\n\t\t\t<\/td>\n<td>\n\t\t\t\t[Illa fari&eth; eintak]\n\t\t\t<\/td>\n<\/tr>\n<tr height=\"14\">\n<td height=\"14\" style=\"height:14px;\">\n\t\t\t\tChristi heil&oslash;gu Kv&oslash;lldmaaltijd, i &thorn;vi haaverduga Altaris Sacramente \/ [Hans Poulsen Resen].\n\t\t\t<\/td>\n<td>\n\t\t\t\t&nbsp;\n\t\t\t<\/td>\n<td>\n\t\t\t\t&nbsp;\n\t\t\t<\/td>\n<\/tr>\n<tr height=\"14\">\n<td height=\"14\" style=\"height:14px;\">\n\t\t\t\tNockrar KROSS-SKOLA Reglur, Hvernenn Guds B&oslash;rn i sijnum Mootl&aelig;tingum eige sig ad\n\t\t\t<\/td>\n<td>\n\t\t\t\tHoolar, 1775\n\t\t\t<\/td>\n<td>\n\t\t\t\tF&aacute;g 240 Ste\n\t\t\t<\/td>\n<\/tr>\n<tr height=\"14\">\n<td height=\"14\" style=\"height:14px;\">\n\t\t\t\thugga, og sier ad hegda \/ InIeriettadar og samann teknar epter &thorn;eim aadur &thorn;rycktu Kross-\n\t\t\t<\/td>\n<td>\n\t\t\t\t&nbsp;\n\t\t\t<\/td>\n<td>\n\t\t\t\t[Illa fari&eth; eintak]\n\t\t\t<\/td>\n<\/tr>\n<tr height=\"14\">\n<td height=\"14\" style=\"height:14px;\">\n\t\t\t\tSkoola Psalmum, Af Sr. Stephane Halldors Syne, Sooknar Preste ad Myrkaa.\n\t\t\t<\/td>\n<td>\n\t\t\t\t&nbsp;\n\t\t\t<\/td>\n<td>\n\t\t\t\t&nbsp;\n\t\t\t<\/td>\n<\/tr>\n<tr height=\"14\">\n<td height=\"14\" style=\"height:14px;\">\n\t\t\t\tChristens Mans rettur og ootaaldr&aelig;gur Himins Vegur, Hvar med vysad verdur hvernig eirn\n\t\t\t<\/td>\n<td>\n\t\t\t\tKbh., 1777\n\t\t\t<\/td>\n<td>\n\t\t\t\tF&aacute;g 240 Wer\n\t\t\t<\/td>\n<\/tr>\n<tr height=\"14\">\n<td height=\"14\" style=\"height:14px;\">\n\t\t\t\tog serhver faai komist hiaa eilifre Ford&aelig;mingu, og orded obrigdannlega saaluholpenn.\n\t\t\t<\/td>\n<td>\n\t\t\t\t&nbsp;\n\t\t\t<\/td>\n<td>\n\t\t\t\t&nbsp;\n\t\t\t<\/td>\n<\/tr>\n<tr height=\"14\">\n<td height=\"14\" style=\"height:14px;\">\n\t\t\t\tOg hvernig hann faae &thorn;eckt, hv&oslash;rt hann lifer i s&oslash;nnum og alvarlegum, eda&nbsp; volgum og\n\t\t\t<\/td>\n<td>\n\t\t\t\t&nbsp;\n\t\t\t<\/td>\n<td>\n\t\t\t\t&nbsp;\n\t\t\t<\/td>\n<\/tr>\n<tr height=\"14\">\n<td height=\"14\" style=\"height:14px;\">\n\t\t\t\thr&aelig;snisfullum Christendoome, hv&oslash;rt han er aa Veigenum til Himins eda Helviitis, og hv&oslash;rt\n\t\t\t<\/td>\n<td>\n\t\t\t\t&nbsp;\n\t\t\t<\/td>\n<td>\n\t\t\t\t&nbsp;\n\t\t\t<\/td>\n<\/tr>\n<tr height=\"14\">\n<td height=\"14\" style=\"height:14px;\">\n\t\t\t\than kune i sinu n&aelig;rverande Astande og Lifernis Haattalage hoolpen ad verda, eda ecke.\n\t\t\t<\/td>\n<td>\n\t\t\t\t&nbsp;\n\t\t\t<\/td>\n<td>\n\t\t\t\t&nbsp;\n\t\t\t<\/td>\n<\/tr>\n<tr height=\"14\">\n<td height=\"14\" style=\"height:14px;\">\n\t\t\t\tChristnum M&oslash;num til serdeilislegrar Gudr&aelig;knis Idkunar aa &thorn;essum siidustu haaska-\n\t\t\t<\/td>\n<td>\n\t\t\t\t&nbsp;\n\t\t\t<\/td>\n<td>\n\t\t\t\t&nbsp;\n\t\t\t<\/td>\n<\/tr>\n<tr height=\"14\">\n<td height=\"14\" style=\"height:14px;\">\n\t\t\t\tsamlegu Tiidum, ad &thorn;eir drage sig ecke siaalfer aa Taalar, i sinum Saaluhiaalpar Efnum,\n\t\t\t<\/td>\n<td>\n\t\t\t\t&nbsp;\n\t\t\t<\/td>\n<td>\n\t\t\t\t&nbsp;\n\t\t\t<\/td>\n<\/tr>\n<tr height=\"14\">\n<td height=\"14\" style=\"height:14px;\">\n\t\t\t\thelldur gete vered umm hana visser epter Guds Orde \/ af Ki&aelig;rleika liooslega fyrer Siooner\n\t\t\t<\/td>\n<td>\n\t\t\t\t&nbsp;\n\t\t\t<\/td>\n<td>\n\t\t\t\t&nbsp;\n\t\t\t<\/td>\n<\/tr>\n<tr height=\"14\">\n<td height=\"14\" style=\"height:14px;\">\n\t\t\t\tsettur, af Mag. FRIEDRICH WERNER, S. Theol. Licential og Presti i Borgini Lipsia i\n\t\t\t<\/td>\n<td>\n\t\t\t\t&nbsp;\n\t\t\t<\/td>\n<td>\n\t\t\t\t&nbsp;\n\t\t\t<\/td>\n<\/tr>\n<tr height=\"14\">\n<td height=\"14\" style=\"height:14px;\">\n\t\t\t\t&THORN;iiskalande ; A &THORN;joodversku i 16da sine utgeingen, aa D&oslash;nsku utlagdur, og sidan aa\n\t\t\t<\/td>\n<td>\n\t\t\t\t&nbsp;\n\t\t\t<\/td>\n<td>\n\t\t\t\t&nbsp;\n\t\t\t<\/td>\n<\/tr>\n<tr height=\"14\">\n<td height=\"14\" style=\"height:14px;\">\n\t\t\t\tIslendsku, af Sr. Gudmunde H&oslash;gnasyne, Presti aa Westmanaeyum.\n\t\t\t<\/td>\n<td>\n\t\t\t\t&nbsp;\n\t\t\t<\/td>\n<td>\n\t\t\t\t&nbsp;\n\t\t\t<\/td>\n<\/tr>\n<tr height=\"14\">\n<td height=\"14\" style=\"height:14px;\">\n\t\t\t\t&THORN;ad Andlega B&aelig;na ReyKELSE &THORN;ess gooda Guds Kie&ntilde;ema&ntilde;s, Sr. &THORN;ordar Baardar Sonar,\n\t\t\t<\/td>\n<td>\n\t\t\t\tHoolar, 1753\n\t\t\t<\/td>\n<td>\n\t\t\t\tF&aacute;g 240 &THORN;&oacute;r\n\t\t\t<\/td>\n<\/tr>\n<tr height=\"14\">\n<td height=\"14\" style=\"height:14px;\">\n\t\t\t\tFordum ad Biskups-Twngum \/ Og &thorn;ad sama i Andlegt Psalma Salve Sett og Snwed Af\n\t\t\t<\/td>\n<td>\n\t\t\t\t&nbsp;\n\t\t\t<\/td>\n<td>\n\t\t\t\t[Illa fari&eth; eintak]\n\t\t\t<\/td>\n<\/tr>\n<tr height=\"14\">\n<td height=\"14\" style=\"height:14px;\">\n\t\t\t\tBenedicht Magnus Syne Bech Fyrrum Vallds-Mane i Hegraness-Syslu.\n\t\t\t<\/td>\n<td>\n\t\t\t\t&nbsp;\n\t\t\t<\/td>\n<td>\n\t\t\t\t&nbsp;\n\t\t\t<\/td>\n<\/tr>\n<tr height=\"14\">\n<td height=\"14\" style=\"height:14px;\">\n\t\t\t\tEin litjel Nij B&aelig;na book, Innehalldande, I. B&aelig;ner a Adskilian legum Tijmum og Tilfallande\n\t\t\t<\/td>\n<td>\n\t\t\t\tSKALHOOLT, 1697\n\t\t\t<\/td>\n<td>\n\t\t\t\tF&aacute;g 240 &THORN;&oacute;r\n\t\t\t<\/td>\n<\/tr>\n<tr height=\"14\">\n<td height=\"14\" style=\"height:14px;\">\n\t\t\t\tNaudsynium. II. B&aelig;ner fyrir Imsar Personur, epter hv&oslash;rs og eins Stande, og viddliggiande\n\t\t\t<\/td>\n<td>\n\t\t\t\t&nbsp;\n\t\t\t<\/td>\n<td>\n\t\t\t\t[Illa fari&eth; eintak.Vantar &iacute;&nbsp; 3 bl&ouml;&eth;]\n\t\t\t<\/td>\n<\/tr>\n<tr height=\"14\">\n<td height=\"14\" style=\"height:14px;\">\n\t\t\t\tHag \/ Samanteken og skrifud Af &thorn;eim Gooda og Gudhr&aelig;dda Kienemane, Sr. &THORN;orde Saal.\n\t\t\t<\/td>\n<td>\n\t\t\t\t&nbsp;\n\t\t\t<\/td>\n<td>\n\t\t\t\t&nbsp;\n\t\t\t<\/td>\n<\/tr>\n<tr height=\"14\">\n<td height=\"14\" style=\"height:14px;\">\n\t\t\t\tBaardarsyne, fyrrum Guds Ords &THORN;ienara j Biskups Tungum.\n\t\t\t<\/td>\n<td>\n\t\t\t\t&nbsp;\n\t\t\t<\/td>\n<td>\n\t\t\t\t&nbsp;\n\t\t\t<\/td>\n<\/tr>\n<tr height=\"14\">\n<td height=\"14\" style=\"height:14px;\">\n\t\t\t\tBibl&iacute;u-Lestrar &aacute; Sunnu- og Helgi-d&oslash;gum, innihaldandi N&yacute;ja Testamentisins b&aelig;kur og\n\t\t\t<\/td>\n<td>\n\t\t\t\tLeir&aacute;rgardar, 1799\n\t\t\t<\/td>\n<td>\n\t\t\t\tF&aacute;g 242 Bal\n\t\t\t<\/td>\n<\/tr>\n<tr height=\"14\">\n<td height=\"14\" style=\"height:14px;\">\n\t\t\t\tnockur stycki &uacute;r Gamla Testamentinu , : &THORN;etta allt safnad &iacute; &uacute;tleggingu og v&iacute;da &uacute;tsk&iacute;rt, epter\n\t\t\t<\/td>\n<td>\n\t\t\t\t&nbsp;\n\t\t\t<\/td>\n<td>\n\t\t\t\t&nbsp;\n\t\t\t<\/td>\n<\/tr>\n<tr height=\"14\">\n<td height=\"14\" style=\"height:14px;\">\n\t\t\t\tsamanh&aacute;nganda efni en ei B&oacute;ka nje Kap&iacute;tula r&oslash;d, og skipt &iacute; gudlega lestra &aacute; Sunnu- og\n\t\t\t<\/td>\n<td>\n\t\t\t\t&nbsp;\n\t\t\t<\/td>\n<td>\n\t\t\t\t&nbsp;\n\t\t\t<\/td>\n<\/tr>\n<tr height=\"14\">\n<td height=\"14\" style=\"height:14px;\">\n\t\t\t\tHelgi-d&oslash;gum &aacute;rid um kring \/ af Dr. Nicolai Edinger Balle, Biskupi &iacute; Sj&aacute;lands Stipti. Fyrsti\n\t\t\t<\/td>\n<td>\n\t\t\t\t&nbsp;\n\t\t\t<\/td>\n<td>\n\t\t\t\t&nbsp;\n\t\t\t<\/td>\n<\/tr>\n<tr height=\"14\">\n<td height=\"14\" style=\"height:14px;\">\n\t\t\t\tPartur sem tekur fr&aacute; Adventu til F&oslash;stu-inng&aacute;ngs : med Form&aacute;la Geheime-r&aacute;&eth;s og\n\t\t\t<\/td>\n<td>\n\t\t\t\t&nbsp;\n\t\t\t<\/td>\n<td>\n\t\t\t\t&nbsp;\n\t\t\t<\/td>\n<\/tr>\n<tr height=\"14\">\n<td height=\"14\" style=\"height:14px;\">\n\t\t\t\tStiptamtmanns Ove H&oslash;eg Guldbergs ; &aacute; Islendsku &uacute;tlagdur af Arn&oacute;ri J&oacute;nssyni\n\t\t\t<\/td>\n<td>\n\t\t\t\t&nbsp;\n\t\t\t<\/td>\n<td>\n\t\t\t\t&nbsp;\n\t\t\t<\/td>\n<\/tr>\n<tr height=\"14\">\n<td height=\"14\" style=\"height:14px;\">\n\t\t\t\tS&oacute;knar-presti til Hvanneyrar og B&aelig;jar &iacute; Borgarfjardar-s&yacute;slu.\n\t\t\t<\/td>\n<td>\n\t\t\t\t&nbsp;\n\t\t\t<\/td>\n<td>\n\t\t\t\t&nbsp;\n\t\t\t<\/td>\n<\/tr>\n<tr height=\"14\">\n<td height=\"14\" style=\"height:14px;\">\n\t\t\t\tSj&ouml; Gu&eth;r&aelig;kilegar um&thorn;enkingar, e&eth;ur Eintal kristins manns vi&eth; sj&aacute;lfan sig hvern dag &iacute;\n\t\t\t<\/td>\n<td>\n\t\t\t\tAk., 1860\n\t\t\t<\/td>\n<td>\n\t\t\t\tF&aacute;g 242 Hal\n\t\t\t<\/td>\n<\/tr>\n<tr height=\"14\">\n<td height=\"14\" style=\"height:14px;\">\n\t\t\t\tvikunni, a&eth; kv&ouml;ldi og morgni \/ Saman teknar af sjera Hallgr&iacute;mi Pjeturssyni &#8230;\n\t\t\t<\/td>\n<td>\n\t\t\t\t&nbsp;\n\t\t\t<\/td>\n<td>\n\t\t\t\t&nbsp;\n\t\t\t<\/td>\n<\/tr>\n<tr height=\"14\">\n<td height=\"14\" style=\"height:14px;\">\n\t\t\t\tLijted Stafrofs Kver, Med Catechismo, og Fleyru Smaa Veges.\n\t\t\t<\/td>\n<td>\n\t\t\t\tHoolar, 1799\n\t\t\t<\/td>\n<td>\n\t\t\t\tF&aacute;g 242 Lij\n\t\t\t<\/td>\n<\/tr>\n<tr height=\"14\">\n<td height=\"14\" style=\"height:14px;\">\n\t\t\t\tMYSTERIUM MAGNUM : &THORN;ad er Sa mykle Leindardomur, Um &thorn;ad himneska Brullaup, og\n\t\t\t<\/td>\n<td>\n\t\t\t\tHoolar, 1727\n\t\t\t<\/td>\n<td>\n\t\t\t\tF&aacute;g 242 Mol\n\t\t\t<\/td>\n<\/tr>\n<tr height=\"14\">\n<td height=\"14\" style=\"height:14px;\">\n\t\t\t\tandlegu Samteinging Vors HErra JEsu Christi og hans Brwdur, christelegrar Kyrkiu . Hv&oslash;rnen\n\t\t\t<\/td>\n<td>\n\t\t\t\t&nbsp;\n\t\t\t<\/td>\n<td>\n\t\t\t\t[L&uacute;i&eth; eintak]\n\t\t\t<\/td>\n<\/tr>\n<tr height=\"14\">\n<td height=\"14\" style=\"height:14px;\">\n\t\t\t\tMen eige Gagnlega og med Glede &thorn;ar umm ad huxa og tala, sier til Huggunar \/\n\t\t\t<\/td>\n<td>\n\t\t\t\t&nbsp;\n\t\t\t<\/td>\n<td>\n\t\t\t\t&nbsp;\n\t\t\t<\/td>\n<\/tr>\n<tr height=\"14\">\n<td height=\"14\" style=\"height:14px;\">\n\t\t\t\tSamanskrifadur i &THORN;ysku AF D. Martino Mollero &THORN;ienara H. Evang. Til Sprotta.\n\t\t\t<\/td>\n<td>\n\t\t\t\t&nbsp;\n\t\t\t<\/td>\n<td>\n\t\t\t\t&nbsp;\n\t\t\t<\/td>\n<\/tr>\n<tr height=\"14\">\n<td height=\"14\" style=\"height:14px;\">\n\t\t\t\tDRottenns vors JESu Christi F&aelig;dingar-Historia : Med einfaldre Texta&ntilde;s Utskijringu :\n\t\t\t<\/td>\n<td>\n\t\t\t\tHoolar, 1781\n\t\t\t<\/td>\n<td>\n\t\t\t\tF&aacute;g 242 Ste\n\t\t\t<\/td>\n<\/tr>\n<tr height=\"14\">\n<td height=\"14\" style=\"height:14px;\">\n\t\t\t\tSamannteken epter &thorn;eim &THORN;riaatyger F&aelig;dingar Psalmum \/ Af Sr. Stephane Halldors\n\t\t\t<\/td>\n<td>\n\t\t\t\t&nbsp;\n\t\t\t<\/td>\n<td>\n\t\t\t\t[Anna&eth; eintaki&eth; illa fari&eth;]\n\t\t\t<\/td>\n<\/tr>\n<tr height=\"14\">\n<td height=\"14\" style=\"height:14px;\">\n\t\t\t\tSyne, Sooknar Preste ad Myrk-A i H&ouml;rgaardal. [2 eint&ouml;k]\n\t\t\t<\/td>\n<td>\n\t\t\t\t&nbsp;\n\t\t\t<\/td>\n<td>\n\t\t\t\t&nbsp;\n\t\t\t<\/td>\n<\/tr>\n<tr height=\"14\">\n<td height=\"14\" style=\"height:14px;\">\n\t\t\t\tDaglegt lj&oacute;s : or&eth; fr&aacute; drotni fyrir hvern dag &iacute; &aacute;rinu \/ &uacute;tgefandi &Oacute;laf&iacute;a J&oacute;hannsd&oacute;ttir.\n\t\t\t<\/td>\n<td>\n\t\t\t\tRv., 1908\n\t\t\t<\/td>\n<td>\n\t\t\t\tF&aacute;g 242.2 Dag\n\t\t\t<\/td>\n<\/tr>\n<tr height=\"14\">\n<td height=\"14\" style=\"height:14px;\">\n\t\t\t\t&nbsp;\n\t\t\t<\/td>\n<td>\n\t\t\t\t&nbsp;\n\t\t\t<\/td>\n<td>\n\t\t\t\t&nbsp;\n\t\t\t<\/td>\n<\/tr>\n<tr height=\"30\">\n<td height=\"30\" style=\"height:31px;\">\n\t\t\t\t&nbsp;\n\t\t\t<\/td>\n<td>\n\t\t\t\t&nbsp;\n\t\t\t<\/td>\n<td>\n\t\t\t\t&nbsp;\n\t\t\t<\/td>\n<\/tr>\n<tr height=\"30\">\n<td height=\"30\" style=\"height:31px;\">\n\t\t\t\t<strong>S&aacute;lmar<\/strong>\n\t\t\t<\/td>\n<td>\n\t\t\t\t&nbsp;\n\t\t\t<\/td>\n<td>\n\t\t\t\t&nbsp;\n\t\t\t<\/td>\n<\/tr>\n<tr height=\"30\">\n<td height=\"30\" style=\"height:31px;\">\n\t\t\t\tDaglegt Kv&oslash;lld og Morgun-Offur, Er ein trwud Saal kann frammbera fyrer Gud i hjart-\n\t\t\t<\/td>\n<td>\n\t\t\t\tHoolar, 1780\n\t\t\t<\/td>\n<td>\n\t\t\t\tF&aacute;g 245 Dag\n\t\t\t<\/td>\n<\/tr>\n<tr height=\"30\">\n<td height=\"30\" style=\"height:31px;\">\n\t\t\t\tn&aelig;mum Saungum og B&aelig;na Akalle sijd og aarla umm Vikuna, sier i lage til Kv&oslash;lld- og\n\t\t\t<\/td>\n<td>\n\t\t\t\t&nbsp;\n\t\t\t<\/td>\n<td>\n\t\t\t\t[Anna&eth; eintaki&eth; l&uacute;i&eth;]\n\t\t\t<\/td>\n<\/tr>\n<tr height=\"30\">\n<td height=\"30\" style=\"height:31px;\">\n\t\t\t\tMorgun-Hwss-Lestra, lagad og samanteked : Psalm. XCII. V.1.2. &THORN;ad er aagi&aelig;tur Hlutur\n\t\t\t<\/td>\n<td>\n\t\t\t\t&nbsp;\n\t\t\t<\/td>\n<td>\n\t\t\t\t&nbsp;\n\t\t\t<\/td>\n<\/tr>\n<tr height=\"30\">\n<td height=\"30\" style=\"height:31px;\">\n\t\t\t\tDrottne &thorn;acker ad gi&oslash;ra, og Lof syngia &thorn;ijnu Nafne, &thorn;u hinn h&aelig;rste! Ad Morgne &thorn;ijna\n\t\t\t<\/td>\n<td>\n\t\t\t\t&nbsp;\n\t\t\t<\/td>\n<td>\n\t\t\t\t&nbsp;\n\t\t\t<\/td>\n<\/tr>\n<tr height=\"30\">\n<td height=\"30\" style=\"height:31px;\">\n\t\t\t\tMyskun, og ad Kv&oslash;llde &thorn;inn Sannleik ad kunngi&oslash;ra.&nbsp; [2 eint&ouml;k]\n\t\t\t<\/td>\n<td>\n\t\t\t\t&nbsp;\n\t\t\t<\/td>\n<td>\n\t\t\t\t&nbsp;\n\t\t\t<\/td>\n<\/tr>\n<tr height=\"30\">\n<td height=\"30\" style=\"height:31px;\">\n\t\t\t\tPSALTERIUM NATALE, Edur F&AElig;DINGAR Psalltare : Ut af Naadarrijkre Holldtekju og\n\t\t\t<\/td>\n<td>\n\t\t\t\tHoolar, 1751\n\t\t\t<\/td>\n<td>\n\t\t\t\tF&aacute;g 245 Gun\n\t\t\t<\/td>\n<\/tr>\n<tr height=\"30\">\n<td height=\"30\" style=\"height:31px;\">\n\t\t\t\tF&aelig;dingu, Vors DRottens JEsu Christi \/ Med L&aelig;rdoomsfullre Textans Utskijringu, gi&oslash;rdur\n\t\t\t<\/td>\n<td>\n\t\t\t\t&nbsp;\n\t\t\t<\/td>\n<td>\n\t\t\t\t&nbsp;\n\t\t\t<\/td>\n<\/tr>\n<tr height=\"30\">\n<td height=\"30\" style=\"height:31px;\">\n\t\t\t\taf Sr. Gunlauge Snorra Syne.\n\t\t\t<\/td>\n<td>\n\t\t\t\t&nbsp;\n\t\t\t<\/td>\n<td>\n\t\t\t\t&nbsp;\n\t\t\t<\/td>\n<\/tr>\n<tr height=\"30\">\n<td height=\"30\" style=\"height:31px;\">\n\t\t\t\tAndleger Psalmar OG Kv&aelig;de : Og nu i Eitt eru sama&ntilde;tekner, til Gudr&aelig;killegrar Brwkunar\n\t\t\t<\/td>\n<td>\n\t\t\t\tHoolar, 1797\n\t\t\t<\/td>\n<td>\n\t\t\t\tF&aacute;g 245 Hal\n\t\t\t<\/td>\n<\/tr>\n<tr height=\"30\">\n<td height=\"30\" style=\"height:31px;\">\n\t\t\t\tog Froodleiks, &thorn;eim er nema vilia \/ Sem saa Gudhr&aelig;dde Kenemann og Ypperlega\n\t\t\t<\/td>\n<td>\n\t\t\t\t&nbsp;\n\t\t\t<\/td>\n<td>\n\t\t\t\t&nbsp;\n\t\t\t<\/td>\n<\/tr>\n<tr height=\"30\">\n<td height=\"30\" style=\"height:31px;\">\n\t\t\t\t&THORN;iood-Skaald Saal. Sr. Hallgrijmur Petursson kveded hefur.\n\t\t\t<\/td>\n<td>\n\t\t\t\t&nbsp;\n\t\t\t<\/td>\n<td>\n\t\t\t\t&nbsp;\n\t\t\t<\/td>\n<\/tr>\n<tr height=\"30\">\n<td height=\"30\" style=\"height:31px;\">\n\t\t\t\tAndlegir s&aacute;lmar og kv&aelig;&eth;i \/ &thorn;ess gu&eth;hr&aelig;dda kennimanns og &thorn;j&oacute;&eth;sk&aacute;lds Hallgr&iacute;ms\n\t\t\t<\/td>\n<td>\n\t\t\t\tRv., 1852\n\t\t\t<\/td>\n<td>\n\t\t\t\tF&aacute;g 245 Hal\n\t\t\t<\/td>\n<\/tr>\n<tr height=\"30\">\n<td height=\"30\" style=\"height:31px;\">\n\t\t\t\tP&eacute;turssonar.\n\t\t\t<\/td>\n<td>\n\t\t\t\t&nbsp;\n\t\t\t<\/td>\n<td>\n\t\t\t\t&nbsp;\n\t\t\t<\/td>\n<\/tr>\n<tr height=\"30\">\n<td height=\"30\" style=\"height:31px;\">\n\t\t\t\tMELETEMATUM PIORUM TESSERADECAS. Edur Fiortan Gudr&aelig;kelegar Vm&thorn;einkingar\n\t\t\t<\/td>\n<td>\n\t\t\t\tHoolar, 1704\n\t\t\t<\/td>\n<td>\n\t\t\t\tF&aacute;g 245 Hal\n\t\t\t<\/td>\n<\/tr>\n<tr height=\"30\">\n<td height=\"30\" style=\"height:31px;\">\n\t\t\t\tChristens Manns, Si&oslash; ad Morgne og Si&oslash; ad Kv&oslash;llde Viku hv&oslash;rrar \/ Samanteknar, Af &thorn;eim\n\t\t\t<\/td>\n<td>\n\t\t\t\t&nbsp;\n\t\t\t<\/td>\n<td>\n\t\t\t\t[Bundi&eth; me&eth;: F&aacute;g 245 Hal]\n\t\t\t<\/td>\n<\/tr>\n<tr height=\"30\">\n<td height=\"30\" style=\"height:31px;\">\n\t\t\t\tHeidurlega og haatt Upplijsta Kiene-Manne Sal. Sr. Hallgrijme Peturs Sine, Fordum\n\t\t\t<\/td>\n<td>\n\t\t\t\t&nbsp;\n\t\t\t<\/td>\n<td>\n\t\t\t\t&nbsp;\n\t\t\t<\/td>\n<\/tr>\n<tr height=\"30\">\n<td height=\"30\" style=\"height:31px;\">\n\t\t\t\tSooknar Herra ad Saur-B&aelig; a Hvalfjardarstr&oslash;nd.\n\t\t\t<\/td>\n<td>\n\t\t\t\t&nbsp;\n\t\t\t<\/td>\n<td>\n\t\t\t\t&nbsp;\n\t\t\t<\/td>\n<\/tr>\n<tr height=\"30\">\n<td height=\"30\" style=\"height:31px;\">\n\t\t\t\tPSALTERIUM PASSIONALE : Edur Pijslar-Psal-TARE Vt af Pijnu og Dauda Drottens\n\t\t\t<\/td>\n<td>\n\t\t\t\tHoolar, 1704\n\t\t\t<\/td>\n<td>\n\t\t\t\tF&aacute;g 245 Hal\n\t\t\t<\/td>\n<\/tr>\n<tr height=\"30\">\n<td height=\"30\" style=\"height:31px;\">\n\t\t\t\tvors JEsu CHristi : Med L&aelig;rdooms-fullre Textans Vtskijingu, Agi&aelig;tlega Vppsettur \/ Af &THORN;eim\n\t\t\t<\/td>\n<td>\n\t\t\t\t&nbsp;\n\t\t\t<\/td>\n<td>\n\t\t\t\t&nbsp;\n\t\t\t<\/td>\n<\/tr>\n<tr height=\"30\">\n<td height=\"30\" style=\"height:31px;\">\n\t\t\t\tHeidurs-verda og Andrijka Kienemane Sal. S. Hallgrijme Peturssine, Fordum Sooknar-Herra\n\t\t\t<\/td>\n<td>\n\t\t\t\t&nbsp;\n\t\t\t<\/td>\n<td>\n\t\t\t\t&nbsp;\n\t\t\t<\/td>\n<\/tr>\n<tr height=\"30\">\n<td height=\"30\" style=\"height:31px;\">\n\t\t\t\ta Saur-B&aelig; a Hvalfjardarstr&oacute;nd.\n\t\t\t<\/td>\n<td>\n\t\t\t\t&nbsp;\n\t\t\t<\/td>\n<td>\n\t\t\t\t&nbsp;\n\t\t\t<\/td>\n<\/tr>\n<tr height=\"30\">\n<td height=\"30\" style=\"height:31px;\">\n\t\t\t\tFimmtiu Pass&iacute;us&aacute;lmar \/ eptir Hallgr&iacute;m Petursson.\n\t\t\t<\/td>\n<td>\n\t\t\t\tRv., 1897\n\t\t\t<\/td>\n<td>\n\t\t\t\tF&aacute;g 245 Hal\n\t\t\t<\/td>\n<\/tr>\n<tr height=\"30\">\n<td height=\"30\" style=\"height:31px;\">\n\t\t\t\tNockrar Saung-Vijsur Umm Kross og Motl&aelig;tingar Guds Barna &iacute; &thorn;essum Heime \/\n\t\t\t<\/td>\n<td>\n\t\t\t\tHoolar, 1746\n\t\t\t<\/td>\n<td>\n\t\t\t\tF&aacute;g 245 J&oacute;n\n\t\t\t<\/td>\n<\/tr>\n<tr height=\"30\">\n<td height=\"30\" style=\"height:31px;\">\n\t\t\t\tUtdregnar af &thorn;eirre Book &thorn;ess Haatt-Upplijsta Mans Doct. Valentini Vudriani, sem han\n\t\t\t<\/td>\n<td>\n\t\t\t\t&nbsp;\n\t\t\t<\/td>\n<td>\n\t\t\t\t&nbsp;\n\t\t\t<\/td>\n<\/tr>\n<tr height=\"30\">\n<td height=\"30\" style=\"height:31px;\">\n\t\t\t\tkallar Skoola Krossens Og Kiene-Teikn Christendoomsins. &Oslash;llum Kros&thorn;iaadum\n\t\t\t<\/td>\n<td>\n\t\t\t\t&nbsp;\n\t\t\t<\/td>\n<td>\n\t\t\t\t&nbsp;\n\t\t\t<\/td>\n<\/tr>\n<tr height=\"30\">\n<td height=\"30\" style=\"height:31px;\">\n\t\t\t\tManeskium til Heilsusamlegrar Undervijsunar i sijnum H&oslash;rmngum \/\n\t\t\t<\/td>\n<td>\n\t\t\t\t&nbsp;\n\t\t\t<\/td>\n<td>\n\t\t\t\t&nbsp;\n\t\t\t<\/td>\n<\/tr>\n<tr height=\"30\">\n<td height=\"30\" style=\"height:31px;\">\n\t\t\t\tAf Jone Einarssyne, Schol. Hol. Design. Rect.\n\t\t\t<\/td>\n<td>\n\t\t\t\t&nbsp;\n\t\t\t<\/td>\n<td>\n\t\t\t\t&nbsp;\n\t\t\t<\/td>\n<\/tr>\n<tr height=\"30\">\n<td height=\"30\" style=\"height:31px;\">\n\t\t\t\tAndlegir S&aacute;lmar \/ orktir af S&aacute;l. S&yacute;sslumanni J. Esp&oacute;l&iacute;n ; Utg&eacute;fnir &aacute; kostnad Sonar hans\n\t\t\t<\/td>\n<td>\n\t\t\t\tVideyar Klaustur, 1839\n\t\t\t<\/td>\n<td>\n\t\t\t\tF&aacute;g 245 J&oacute;n\n\t\t\t<\/td>\n<\/tr>\n<tr height=\"30\">\n<td height=\"30\" style=\"height:31px;\">\n\t\t\t\tS&iacute;ra H. Esp&oacute;l&iacute;ns.\n\t\t\t<\/td>\n<td>\n\t\t\t\t&nbsp;\n\t\t\t<\/td>\n<td>\n\t\t\t\t&nbsp;\n\t\t\t<\/td>\n<\/tr>\n<tr height=\"30\">\n<td height=\"30\" style=\"height:31px;\">\n\t\t\t\tStutt Leidar-Lj&oacute;d handa B&oslash;rnum \/ Orkt af J&oacute;ni J&oacute;hannessyni B&oacute;kbindara.\n\t\t\t<\/td>\n<td>\n\t\t\t\tVi&eth;eyar Klaustur, 1842\n\t\t\t<\/td>\n<td>\n\t\t\t\tF&aacute;g 245 J&oacute;n\n\t\t\t<\/td>\n<\/tr>\n<tr height=\"30\">\n<td height=\"30\" style=\"height:31px;\">\n\t\t\t\tOECONOMIA CHRISTIANA : edur Huss-Tabla, sem serhv&oslash;rium &iacute; s&iacute;nu standi &thorn;ann r&eacute;tta\n\t\t\t<\/td>\n<td>\n\t\t\t\tVi&eth;eyar Klaustur, 1842\n\t\t\t<\/td>\n<td>\n\t\t\t\tF&aacute;g 245 J&oacute;n\n\t\t\t<\/td>\n<\/tr>\n<tr height=\"30\">\n<td height=\"30\" style=\"height:31px;\">\n\t\t\t\tkristind&oacute;ms veg fyrir sj&oacute;n leidir \/ lj&oacute;dm&aelig;li samsett af &thorn;eim heidursverduga og h&aacute;g&aacute;fada\n\t\t\t<\/td>\n<td>\n\t\t\t\t&nbsp;\n\t\t\t<\/td>\n<td>\n\t\t\t\t[Illa fari&eth; eintak]\n\t\t\t<\/td>\n<\/tr>\n<tr height=\"30\">\n<td height=\"30\" style=\"height:31px;\">\n\t\t\t\tGuds manni S&iacute;ra J&oacute;ni Magn&uacute;ssyni fordum s&oacute;knar presti ad Lauf&aacute;si.\n\t\t\t<\/td>\n<td>\n\t\t\t\t&nbsp;\n\t\t\t<\/td>\n<td>\n\t\t\t\t&nbsp;\n\t\t\t<\/td>\n<\/tr>\n<tr height=\"30\">\n<td height=\"30\" style=\"height:31px;\">\n\t\t\t\tDomara Psalmar, &thorn;ad er D&oacute;maranna B&oacute;k : Sem hefur inne ad halda &thorn;ad markverdugasta,\n\t\t\t<\/td>\n<td>\n\t\t\t\tHrappsey, 1783\n\t\t\t<\/td>\n<td>\n\t\t\t\tF&aacute;g 245 J&oacute;n\n\t\t\t<\/td>\n<\/tr>\n<tr height=\"30\">\n<td height=\"30\" style=\"height:31px;\">\n\t\t\t\tsem vidvijkur Tilstande christilegrar Kyrkiu og veralldlegrar Valldstioornar aa medal Israels\n\t\t\t<\/td>\n<td>\n\t\t\t\t&nbsp;\n\t\t\t<\/td>\n<td>\n\t\t\t\t&nbsp;\n\t\t\t<\/td>\n<\/tr>\n<tr height=\"30\">\n<td height=\"30\" style=\"height:31px;\">\n\t\t\t\tFoolks, i Tid 13 fyrstu Domaranna, allt fra Andlaate Josu&aelig; og til Samsons Dauda : Og er\n\t\t\t<\/td>\n<td>\n\t\t\t\t&nbsp;\n\t\t\t<\/td>\n<td>\n\t\t\t\t&nbsp;\n\t\t\t<\/td>\n<\/tr>\n<tr height=\"30\">\n<td height=\"30\" style=\"height:31px;\">\n\t\t\t\tHistoria CCXCIX Ara. Gude til Lofs og Dijrdar, enn einf&oslash;lldum Almwga og christelegum\n\t\t\t<\/td>\n<td>\n\t\t\t\t&nbsp;\n\t\t\t<\/td>\n<td>\n\t\t\t\t&nbsp;\n\t\t\t<\/td>\n<\/tr>\n<tr height=\"30\">\n<td height=\"30\" style=\"height:31px;\">\n\t\t\t\tUngdoome til Minnesstyrkingar, Uppfr&aelig;dslu og Uppbyggingar I Saungvijsur snwen af Jone\n\t\t\t<\/td>\n<td>\n\t\t\t\t&nbsp;\n\t\t\t<\/td>\n<td>\n\t\t\t\t&nbsp;\n\t\t\t<\/td>\n<\/tr>\n<tr height=\"30\">\n<td height=\"30\" style=\"height:31px;\">\n\t\t\t\tSigurdssyne ad Efre L&aacute;ngey &aacute; Skardsstr&oslash;nd ;&nbsp; Under Ummsioon og med\n\t\t\t<\/td>\n<td>\n\t\t\t\t&nbsp;\n\t\t\t<\/td>\n<td>\n\t\t\t\t&nbsp;\n\t\t\t<\/td>\n<\/tr>\n<tr height=\"30\">\n<td height=\"30\" style=\"height:31px;\">\n\t\t\t\tLagf&aelig;ringu &thorn;ar verande Sooknar Prests, Sr. Jons B[jarna] S[onar] 1766.\n\t\t\t<\/td>\n<td>\n\t\t\t\t&nbsp;\n\t\t\t<\/td>\n<td>\n\t\t\t\t&nbsp;\n\t\t\t<\/td>\n<\/tr>\n<tr height=\"30\">\n<td height=\"30\" style=\"height:31px;\">\n\t\t\t\t&THORN;ess Konunglega Spaama&ntilde;s DAVIDS Psaltare \/ A Lioodm&aelig;le settur Af Gudhr&aelig;ddum og\n\t\t\t<\/td>\n<td>\n\t\t\t\tHoolar, 1746\n\t\t\t<\/td>\n<td>\n\t\t\t\tF&aacute;g 245 J&oacute;n\n\t\t\t<\/td>\n<\/tr>\n<tr height=\"14\">\n<td height=\"14\" style=\"height:14px;\">\n\t\t\t\tVelgaafudum, Sr. Jone ThorSTEINS SYNE, Preste i Vestmana Eyum&nbsp; ;&nbsp; med Fyrer-S&oslash;gnum\n\t\t\t<\/td>\n<td>\n\t\t\t\t&nbsp;\n\t\t\t<\/td>\n<td>\n\t\t\t\t&nbsp;\n\t\t\t<\/td>\n<\/tr>\n<tr height=\"14\">\n<td height=\"14\" style=\"height:14px;\">\n\t\t\t\tAmbrosii Lobwassers Yfer Siernhv&oslash;rn Psalm.\n\t\t\t<\/td>\n<td>\n\t\t\t\t&nbsp;\n\t\t\t<\/td>\n<td>\n\t\t\t\t&nbsp;\n\t\t\t<\/td>\n<\/tr>\n<tr height=\"14\">\n<td height=\"14\" style=\"height:14px;\">\n\t\t\t\tSigurlj&oacute;d um Drottinn vorn : &thorn;ad er Fj&oslash;rut&yacute;gir Psalma-Flockur innihaldandi l&aelig;rd&oacute;m vorrar\n\t\t\t<\/td>\n<td>\n\t\t\t\tLeir&aacute;rgardar, 1797\n\t\t\t<\/td>\n<td>\n\t\t\t\tF&aacute;g 245 Kri\n\t\t\t<\/td>\n<\/tr>\n<tr height=\"14\">\n<td height=\"14\" style=\"height:14px;\">\n\t\t\t\ttr&uacute;ar h&oslash;fudgreinar um upprisu Jes&uacute; Krist&iacute; fr&aacute; dau&eth;um \/ Orkt af Christj&aacute;ni J&oacute;hannssyni ,\n\t\t\t<\/td>\n<td>\n\t\t\t\t&nbsp;\n\t\t\t<\/td>\n<td>\n\t\t\t\t&nbsp;\n\t\t\t<\/td>\n<\/tr>\n<tr height=\"14\">\n<td height=\"14\" style=\"height:14px;\">\n\t\t\t\tPr&oacute;fasti &iacute; M&yacute;ra-s&yacute;slu og S&oacute;knarpresti til Stafholts og Hjardarholts.\n\t\t\t<\/td>\n<td>\n\t\t\t\t&nbsp;\n\t\t\t<\/td>\n<td>\n\t\t\t\t&nbsp;\n\t\t\t<\/td>\n<\/tr>\n<tr height=\"14\">\n<td height=\"14\" style=\"height:14px;\">\n\t\t\t\tSigurlj&oacute;d um Upprisu Drottins Vors Jes&uacute; Krists fr&aacute; daudum \/ orkt af S&iacute;ra Kristj&aacute;ni S&aacute;l.\n\t\t\t<\/td>\n<td>\n\t\t\t\tKbh., 1834\n\t\t\t<\/td>\n<td>\n\t\t\t\tF&aacute;g 245 Kri\n\t\t\t<\/td>\n<\/tr>\n<tr height=\"14\">\n<td height=\"14\" style=\"height:14px;\">\n\t\t\t\tJ&oacute;hannssyni.\n\t\t\t<\/td>\n<td>\n\t\t\t\t&nbsp;\n\t\t\t<\/td>\n<td>\n\t\t\t\t[Illa fari&eth; eintak]\n\t\t\t<\/td>\n<\/tr>\n<tr height=\"14\">\n<td height=\"14\" style=\"height:14px;\">\n\t\t\t\tEin Lijtil Psalma og V&iacute;sna Book : FYRRE Partue&ntilde; : Innehelldur Gooda og Gudr&aelig;kelega\n\t\t\t<\/td>\n<td>\n\t\t\t\tHoolar, 1757\n\t\t\t<\/td>\n<td>\n\t\t\t\tF&aacute;g 245 Lit\n\t\t\t<\/td>\n<\/tr>\n<tr height=\"14\">\n<td height=\"14\" style=\"height:14px;\">\n\t\t\t\tPsalma Sem brwkast kunna aa Imsum Arsens Tijdum og i Adskilliannlegum Tilfellum\n\t\t\t<\/td>\n<td>\n\t\t\t\t&nbsp;\n\t\t\t<\/td>\n<td>\n\t\t\t\t[Illa fari&eth; eintak]\n\t\t\t<\/td>\n<\/tr>\n<tr height=\"14\">\n<td height=\"14\" style=\"height:14px;\">\n\t\t\t\tMannlegra Lijfs Stunda, Hv&oslash;rier til Uppvakningar, L&aelig;rdooms og Huggunar af bestu Skalldum\n\t\t\t<\/td>\n<td>\n\t\t\t\t&nbsp;\n\t\t\t<\/td>\n<td>\n\t\t\t\t&nbsp;\n\t\t\t<\/td>\n<\/tr>\n<tr height=\"14\">\n<td height=\"14\" style=\"height:14px;\">\n\t\t\t\tflestaller Ordrer eru, og hijngad til O&thorn;riktir, Enn nu i Eitt samantekner Christendoome Lands\n\t\t\t<\/td>\n<td>\n\t\t\t\t&nbsp;\n\t\t\t<\/td>\n<td>\n\t\t\t\t&nbsp;\n\t\t\t<\/td>\n<\/tr>\n<tr height=\"14\">\n<td height=\"14\" style=\"height:14px;\">\n\t\t\t\t&thorn;essa Til Heilla Eblingar og Sidboota. FYRRE Parturenn.\n\t\t\t<\/td>\n<td>\n\t\t\t\t&nbsp;\n\t\t\t<\/td>\n<td>\n\t\t\t\t&nbsp;\n\t\t\t<\/td>\n<\/tr>\n<tr height=\"14\">\n<td height=\"14\" style=\"height:14px;\">\n\t\t\t\tS&uacute; Litla S&aacute;lma og V&iacute;sna B&oacute;k, &iacute; tveimur p&oslash;rtum : Samantekin Kristinnd&oacute;mi lands &thorn;essa\n\t\t\t<\/td>\n<td>\n\t\t\t\tVi&eth;eyar Klaustur, 1839\n\t\t\t<\/td>\n<td>\n\t\t\t\tF&aacute;g 245 Lit\n\t\t\t<\/td>\n<\/tr>\n<tr height=\"14\">\n<td height=\"14\" style=\"height:14px;\">\n\t\t\t\ttil Heilla, Eblingar og Sidb&oacute;ta.\n\t\t\t<\/td>\n<td>\n\t\t\t\t&nbsp;\n\t\t\t<\/td>\n<td>\n\t\t\t\t&nbsp;\n\t\t\t<\/td>\n<\/tr>\n<tr height=\"14\">\n<td height=\"14\" style=\"height:14px;\">\n\t\t\t\tPsalma Book : I&ntilde;ehalldande Alme&ntilde;elega&ntilde; Messu-Saung, Med Daglegum Morgun og Kv&oslash;lld-\n\t\t\t<\/td>\n<td>\n\t\t\t\tHoolar, 1742\n\t\t\t<\/td>\n<td>\n\t\t\t\tF&aacute;g 245 S&aacute;l\n\t\t\t<\/td>\n<\/tr>\n<tr height=\"14\">\n<td height=\"14\" style=\"height:14px;\">\n\t\t\t\tPsalmum, Lijk-Psalmum og &#8230; Lof-Saungvum, Eirnen Collectur, Pistla, Gudspi&oslash;ll Og Jesu Christi\n\t\t\t<\/td>\n<td>\n\t\t\t\t&nbsp;\n\t\t\t<\/td>\n<td>\n\t\t\t\t&nbsp;\n\t\t\t<\/td>\n<\/tr>\n<tr height=\"14\">\n<td height=\"14\" style=\"height:14px;\">\n\t\t\t\tPijningar Historiu : Med Arlegum Kyrkiu B&aelig;num, sem ad lesast af Predikunar Stoolnun a sijnum\n\t\t\t<\/td>\n<td>\n\t\t\t\t&nbsp;\n\t\t\t<\/td>\n<td>\n\t\t\t\t&nbsp;\n\t\t\t<\/td>\n<\/tr>\n<tr height=\"14\">\n<td height=\"14\" style=\"height:14px;\">\n\t\t\t\tTijdum, aasamt &oslash;drum Naudsynlegum B&aelig;num i adskilianlegum Tilfellum. Er siest af n&aelig;st epter-\n\t\t\t<\/td>\n<td>\n\t\t\t\t&nbsp;\n\t\t\t<\/td>\n<td>\n\t\t\t\t&nbsp;\n\t\t\t<\/td>\n<\/tr>\n<tr height=\"14\">\n<td height=\"14\" style=\"height:14px;\">\n\t\t\t\tfylgande Bladsijdu : Efter &thorn;eim i Guds S&oslash;fnudum a Islande hijngad til Brwkanlegu Messu-Saungs,\n\t\t\t<\/td>\n<td>\n\t\t\t\t&nbsp;\n\t\t\t<\/td>\n<td>\n\t\t\t\t&nbsp;\n\t\t\t<\/td>\n<\/tr>\n<tr height=\"14\">\n<td colspan=\"2\" height=\"14\" style=\"height:14px;\">\n\t\t\t\tB&aelig;na- og Hand-Bookum, I &thorn;essu forme Inrettud, til Guds Dyrkunar, So vel i Kyrkium sem i Heima &#8230;\n\t\t\t<\/td>\n<td>\n\t\t\t\t&nbsp;\n\t\t\t<\/td>\n<\/tr>\n<tr height=\"14\">\n<td height=\"14\" style=\"height:14px;\">\n\t\t\t\tEin Ny Psalma Book Isslendsk : Med m&oslash;rgum andligum, Christiligum Lofsaungvum og\n\t\t\t<\/td>\n<td>\n\t\t\t\tKbh., 1746\n\t\t\t<\/td>\n<td>\n\t\t\t\tF&aacute;g 245 S&aacute;l\n\t\t\t<\/td>\n<\/tr>\n<tr height=\"14\">\n<td height=\"14\" style=\"height:14px;\">\n\t\t\t\tVijsum : S&oslash;muleidis nockrum aagi&aelig;tum, nyum og naakv&aelig;mum Psalmum endurb&aelig;tt. GUDI\n\t\t\t<\/td>\n<td>\n\t\t\t\t&nbsp;\n\t\t\t<\/td>\n<td>\n\t\t\t\t[L&uacute;i&eth; eintak]\n\t\t\t<\/td>\n<\/tr>\n<tr height=\"14\">\n<td height=\"14\" style=\"height:14px;\">\n\t\t\t\teinum og &THORN;rennum, F&oslash;dur, Syni og H. Anda, til Lofs og Dyrdar, en Inbyggiurum &thorn;essa\n\t\t\t<\/td>\n<td>\n\t\t\t\t&nbsp;\n\t\t\t<\/td>\n<td>\n\t\t\t\t&nbsp;\n\t\t\t<\/td>\n<\/tr>\n<tr height=\"14\">\n<td height=\"14\" style=\"height:14px;\">\n\t\t\t\tLands til Gledi, Gagns og Gooda fyrer Lijf og Saal.\n\t\t\t<\/td>\n<td>\n\t\t\t\t&nbsp;\n\t\t\t<\/td>\n<td>\n\t\t\t\t&nbsp;\n\t\t\t<\/td>\n<\/tr>\n<tr height=\"14\">\n<td height=\"14\" style=\"height:14px;\">\n\t\t\t\tEIN NY Psalma Bok Islendsk : Med m&oslash;rgum Andligum, Christeligum Lof-Saungvum og\n\t\t\t<\/td>\n<td>\n\t\t\t\tHoolar, 1751\n\t\t\t<\/td>\n<td>\n\t\t\t\tF&aacute;g 245 S&aacute;l\n\t\t\t<\/td>\n<\/tr>\n<tr height=\"14\">\n<td height=\"14\" style=\"height:14px;\">\n\t\t\t\tVijsum : S&ouml;muleidis nockrum aagi&aelig;tum, Nijum og Naakv&aelig;mum Psalmum Endurb&aelig;tt GUDE\n\t\t\t<\/td>\n<td>\n\t\t\t\t&nbsp;\n\t\t\t<\/td>\n<td>\n\t\t\t\t&nbsp;\n\t\t\t<\/td>\n<\/tr>\n<tr height=\"14\">\n<td height=\"14\" style=\"height:14px;\">\n\t\t\t\teinum og &THORN;renum, F&oslash;dur, Syne og H. Anda, til Lofs og Dijrdar, En Inbyggiurum &thorn;essa\n\t\t\t<\/td>\n<td>\n\t\t\t\t&nbsp;\n\t\t\t<\/td>\n<td>\n\t\t\t\t&nbsp;\n\t\t\t<\/td>\n<\/tr>\n<tr height=\"14\">\n<td height=\"14\" style=\"height:14px;\">\n\t\t\t\tLands til Gledi, Gagns og Gooda fyrer Lijf og Saal.\n\t\t\t<\/td>\n<td>\n\t\t\t\t&nbsp;\n\t\t\t<\/td>\n<td>\n\t\t\t\t&nbsp;\n\t\t\t<\/td>\n<\/tr>\n<tr height=\"14\">\n<td height=\"14\" style=\"height:14px;\">\n\t\t\t\tIslendsk Psalma-Book : Med m&oslash;rgum Andlegum, Christelegum Lof-Saungum og Vijsum,\n\t\t\t<\/td>\n<td>\n\t\t\t\tHoolar, 1772\n\t\t\t<\/td>\n<td>\n\t\t\t\tF&aacute;g 245 S&aacute;l\n\t\t\t<\/td>\n<\/tr>\n<tr height=\"14\">\n<td height=\"14\" style=\"height:14px;\">\n\t\t\t\tS&oslash;muleidis m&oslash;rgum aag&aelig;tum og hijngad til O&thorn;ricktum Psalmum, wt af sierlegustu\n\t\t\t<\/td>\n<td>\n\t\t\t\t&nbsp;\n\t\t\t<\/td>\n<td>\n\t\t\t\t[Anna&eth; eintaki&eth; illa fari&eth;]\n\t\t\t<\/td>\n<\/tr>\n<tr height=\"14\">\n<td height=\"14\" style=\"height:14px;\">\n\t\t\t\tChristilegrar Trwar H&oslash;fud-Greinum, aukinn og endurb&aelig;tt : Gudi Einum og &THORN;rennum til Lofs og\n\t\t\t<\/td>\n<td>\n\t\t\t\t&nbsp;\n\t\t\t<\/td>\n<td>\n\t\t\t\t&nbsp;\n\t\t\t<\/td>\n<\/tr>\n<tr height=\"14\">\n<td height=\"14\" style=\"height:14px;\">\n\t\t\t\tDijrdar, og Innbyggiurum &thorn;essa Lands til Andlegrar Gledi og Saaluhialpar Nota. &nbsp;[2 eint&ouml;k]\n\t\t\t<\/td>\n<td>\n\t\t\t\t&nbsp;\n\t\t\t<\/td>\n<td>\n\t\t\t\t&nbsp;\n\t\t\t<\/td>\n<\/tr>\n<tr height=\"14\">\n<td height=\"14\" style=\"height:14px;\">\n\t\t\t\t&THORN;eir aagi&aelig;tu og andrijku Psalma Flockar, Ut af F&aelig;ding, Pijnu og Upprisu vors DRottenns\n\t\t\t<\/td>\n<td>\n\t\t\t\tHoolar, 1780\n\t\t\t<\/td>\n<td>\n\t\t\t\tF&aacute;g 245 S&aacute;l\n\t\t\t<\/td>\n<\/tr>\n<tr height=\"14\">\n<td height=\"14\" style=\"height:14px;\">\n\t\t\t\tog Herra JEsu Christi : Med l&aelig;rdoomsrijkre Textans Utskijringu, Asamt Psalmum Ut af\n\t\t\t<\/td>\n<td>\n\t\t\t\t&nbsp;\n\t\t\t<\/td>\n<td>\n\t\t\t\t[B&aelig;&eth;i eint&ouml;k illa farin]\n\t\t\t<\/td>\n<\/tr>\n<tr height=\"14\">\n<td height=\"14\" style=\"height:14px;\">\n\t\t\t\tHugvekium D. Iohannis Gerhardi, OG Viku Psalmum.&nbsp; [2 eint&ouml;k]\n\t\t\t<\/td>\n<td>\n\t\t\t\t&nbsp;\n\t\t\t<\/td>\n<td>\n\t\t\t\t&nbsp;\n\t\t\t<\/td>\n<\/tr>\n<tr height=\"14\">\n<td height=\"14\" style=\"height:14px;\">\n\t\t\t\tS&aacute;lma-b&oacute;k, til a&eth; hafa vi&eth; gu&eth;s&thorn;j&oacute;nustugj&ouml;r&eth; &iacute; kirkjum og heimah&uacute;sum.&nbsp; [2 eint&ouml;k]\n\t\t\t<\/td>\n<td>\n\t\t\t\tRv., 1871\n\t\t\t<\/td>\n<td>\n\t\t\t\tF&aacute;g 245 S&aacute;l\n\t\t\t<\/td>\n<\/tr>\n<tr height=\"14\">\n<td height=\"14\" style=\"height:14px;\">\n\t\t\t\tHeilagar MEDITATIONES Edur Hugvekiur, &THORN;ess Haatt-upplijsta Doct. Iohannis\n\t\t\t<\/td>\n<td>\n\t\t\t\tHoolar, 1728\n\t\t\t<\/td>\n<td>\n\t\t\t\tF&aacute;g 245 Sig\n\t\t\t<\/td>\n<\/tr>\n<tr height=\"14\">\n<td height=\"14\" style=\"height:14px;\">\n\t\t\t\tGerhardi. Miwklega og naakv&aelig;mlega snwnar i Psalm-Vijsur \/ Af &thorn;eim Frooma og Gud-\n\t\t\t<\/td>\n<td>\n\t\t\t\t&nbsp;\n\t\t\t<\/td>\n<td>\n\t\t\t\t&nbsp;\n\t\t\t<\/td>\n<\/tr>\n<tr height=\"14\">\n<td height=\"14\" style=\"height:14px;\">\n\t\t\t\thr&aelig;dda Kienemane Sr. Sigurde Jonssyne Ad Prest-Hoolum.\n\t\t\t<\/td>\n<td>\n\t\t\t\t&nbsp;\n\t\t\t<\/td>\n<td>\n\t\t\t\t&nbsp;\n\t\t\t<\/td>\n<\/tr>\n<tr height=\"14\">\n<td height=\"14\" style=\"height:14px;\">\n\t\t\t\tHeilagar MEDITATIONES Edur Hugvekiur, &THORN;ess Haatt.upplijsta Doct. Iohannis\n\t\t\t<\/td>\n<td>\n\t\t\t\tHoolar, 1740\n\t\t\t<\/td>\n<td>\n\t\t\t\tF&aacute;g 245 Sig\n\t\t\t<\/td>\n<\/tr>\n<tr height=\"14\">\n<td height=\"14\" style=\"height:14px;\">\n\t\t\t\tGerhardi. Miuklega og Naakv&aelig;mlega Snunar i Psalm-VijsVR \/ Af &thorn;eim Frooma og Gud-\n\t\t\t<\/td>\n<td>\n\t\t\t\t&nbsp;\n\t\t\t<\/td>\n<td>\n\t\t\t\t&nbsp;\n\t\t\t<\/td>\n<\/tr>\n<tr height=\"14\">\n<td height=\"14\" style=\"height:14px;\">\n\t\t\t\thr&aelig;dda Kiennemanne Sr. Sigurde Jonssyne Ad Prest-Hoolum. [2 eint&ouml;k]\n\t\t\t<\/td>\n<td>\n\t\t\t\t&nbsp;\n\t\t\t<\/td>\n<td>\n\t\t\t\t&nbsp;\n\t\t\t<\/td>\n<\/tr>\n<tr height=\"14\">\n<td height=\"14\" style=\"height:14px;\">\n\t\t\t\t&THORN;&aelig;r Fimmtiju Heil&oslash;gu MEDITATIONES Edur HugvekjVR, &THORN;ess Haatt-upplijsta Doct.\n\t\t\t<\/td>\n<td>\n\t\t\t\tHoolar, 1754\n\t\t\t<\/td>\n<td>\n\t\t\t\tF&aacute;g 245 Sig\n\t\t\t<\/td>\n<\/tr>\n<tr height=\"14\">\n<td height=\"14\" style=\"height:14px;\">\n\t\t\t\tJOHANNIS GERHARDI, Miwklega og naakv&aelig;mlega snwnar i Psalm-Vijsur \/ Af &thorn;eim\n\t\t\t<\/td>\n<td>\n\t\t\t\t&nbsp;\n\t\t\t<\/td>\n<td>\n\t\t\t\t&nbsp;\n\t\t\t<\/td>\n<\/tr>\n<tr height=\"14\">\n<td height=\"14\" style=\"height:14px;\">\n\t\t\t\tFrooma og Gudhr&aelig;dda kienemane, Sr. Sigurde Jonssyne Ad Prest-Hoolum,\n\t\t\t<\/td>\n<td>\n\t\t\t\t&nbsp;\n\t\t\t<\/td>\n<td>\n\t\t\t\t&nbsp;\n\t\t\t<\/td>\n<\/tr>\n<tr height=\"14\">\n<td height=\"14\" style=\"height:14px;\">\n\t\t\t\tPSALTERIUM TRIUMPHALE : EDVR Vpprisu Psal-TARE Vt af Dijrdarfullum Vpprisu\n\t\t\t<\/td>\n<td>\n\t\t\t\tHoolar, 1726\n\t\t\t<\/td>\n<td>\n\t\t\t\tF&aacute;g 245 Ste\n\t\t\t<\/td>\n<\/tr>\n<tr height=\"14\">\n<td height=\"14\" style=\"height:14px;\">\n\t\t\t\tSigre Vors Drottens JEsu Christi: Med L&aelig;rdooms-fullre Textans Vtskijringu \/ Gi&oslash;rdur\n\t\t\t<\/td>\n<td>\n\t\t\t\t&nbsp;\n\t\t\t<\/td>\n<td>\n\t\t\t\t&nbsp;\n\t\t\t<\/td>\n<\/tr>\n<tr height=\"14\">\n<td height=\"14\" style=\"height:14px;\">\n\t\t\t\tAf Mag: Steine Jons-Syne, Biskupe Hoola-Stiptes.\n\t\t\t<\/td>\n<td>\n\t\t\t\t&nbsp;\n\t\t\t<\/td>\n<td>\n\t\t\t\t&nbsp;\n\t\t\t<\/td>\n<\/tr>\n<tr height=\"14\">\n<td height=\"14\" style=\"height:14px;\">\n\t\t\t\tPSALTERIUM POENITENTIALE. &THORN;ad er IDRVNAR Psalltare. I&ntilde;ehalldande &thorn;ad hellsta sem\n\t\t\t<\/td>\n<td>\n\t\t\t\tHoolar, 1755\n\t\t\t<\/td>\n<td>\n\t\t\t\tF&aacute;g 245 &THORN;or\n\t\t\t<\/td>\n<\/tr>\n<tr height=\"14\">\n<td height=\"14\" style=\"height:14px;\">\n\t\t\t\thlijder til Uppvakningar, Under-Bwnings, Fram[m]kv&aelig;mdar og Avaxta sanrar Idrunar \/\n\t\t\t<\/td>\n<td>\n\t\t\t\t&nbsp;\n\t\t\t<\/td>\n<td>\n\t\t\t\t&nbsp;\n\t\t\t<\/td>\n<\/tr>\n<tr height=\"14\">\n<td height=\"14\" style=\"height:14px;\">\n\t\t\t\tSamanskrifadur, Anno 1754.\n\t\t\t<\/td>\n<td>\n\t\t\t\t&nbsp;\n\t\t\t<\/td>\n<td>\n\t\t\t\t&nbsp;\n\t\t\t<\/td>\n<\/tr>\n<tr height=\"14\">\n<td height=\"14\" style=\"height:14px;\">\n\t\t\t\tS&aacute;lmasafn \/ eptir &THORN;orvald B&ouml;&eth;varsson.\n\t\t\t<\/td>\n<td>\n\t\t\t\tRv., 1857\n\t\t\t<\/td>\n<td>\n\t\t\t\tF&aacute;g 245 &THORN;or\n\t\t\t<\/td>\n<\/tr>\n<tr height=\"14\">\n<td height=\"14\" style=\"height:14px;\">\n\t\t\t\t&nbsp;\n\t\t\t<\/td>\n<td>\n\t\t\t\t&nbsp;\n\t\t\t<\/td>\n<td>\n\t\t\t\t&nbsp;\n\t\t\t<\/td>\n<\/tr>\n<tr height=\"14\">\n<td height=\"14\" style=\"height:14px;\">\n\t\t\t\t&nbsp;\n\t\t\t<\/td>\n<td>\n\t\t\t\t&nbsp;\n\t\t\t<\/td>\n<td>\n\t\t\t\t&nbsp;\n\t\t\t<\/td>\n<\/tr>\n<tr height=\"14\">\n<td height=\"14\" style=\"height:14px;\">\n\t\t\t\t<strong>Kennimannleg gu&eth;fr&aelig;&eth;i<\/strong>\n\t\t\t<\/td>\n<td>\n\t\t\t\t&nbsp;\n\t\t\t<\/td>\n<td>\n\t\t\t\t&nbsp;\n\t\t\t<\/td>\n<\/tr>\n<tr height=\"14\">\n<td height=\"14\" style=\"height:14px;\">\n\t\t\t\tMeditationum litanevticarum tetras. &THORN;ad er Fioorar Ydrunar Predikaner, a hann Almennelega\n\t\t\t<\/td>\n<td>\n\t\t\t\tHoolar, 1710\n\t\t\t<\/td>\n<td>\n\t\t\t\tF&aacute;g 250 Bj&ouml;\n\t\t\t<\/td>\n<\/tr>\n<tr height=\"14\">\n<td height=\"14\" style=\"height:14px;\">\n\t\t\t\tYdrunar, B&aelig;na og Betrunar Dag , sem Arlega halldast a, Epter Kongl. Mayst. Allra Naadugust\n\t\t\t<\/td>\n<td>\n\t\t\t\t&nbsp;\n\t\t\t<\/td>\n<td>\n\t\t\t\t[Illa fari&eth; eintak]\n\t\t\t<\/td>\n<\/tr>\n<tr height=\"14\">\n<td height=\"14\" style=\"height:14px;\">\n\t\t\t\tBefalning, &thorn;ann fioorda F&oslash;studag epter Paaska. &THORN;riaar &thorn;eirra til Haamessu &#8230; Hv&oslash;rium ad fylgir\n\t\t\t<\/td>\n<td>\n\t\t\t\t&nbsp;\n\t\t\t<\/td>\n<td>\n\t\t\t\t&nbsp;\n\t\t\t<\/td>\n<\/tr>\n<tr height=\"14\">\n<td height=\"14\" style=\"height:14px;\">\n\t\t\t\tEin B&aelig;nar og &THORN;ackl&aelig;tis Predikun, sem lesast ma j Hwsenu, &THORN;ann fyrsta Vetrar Dag \/\n\t\t\t<\/td>\n<td>\n\t\t\t\t&nbsp;\n\t\t\t<\/td>\n<td>\n\t\t\t\t&nbsp;\n\t\t\t<\/td>\n<\/tr>\n<tr height=\"14\">\n<td height=\"14\" style=\"height:14px;\">\n\t\t\t\tSamannskrifadar ed Einfalldlegasta af Birne Thorleifs Syne &#8230;\n\t\t\t<\/td>\n<td>\n\t\t\t\t&nbsp;\n\t\t\t<\/td>\n<td>\n\t\t\t\t&nbsp;\n\t\t\t<\/td>\n<\/tr>\n<tr height=\"14\">\n<td height=\"14\" style=\"height:14px;\">\n\t\t\t\tMEDITATIONES. Sanctorum Patrum : Godar B&aelig;ner, Gudr&aelig;kelegar Huxaner, Aluarlegar\n\t\t\t<\/td>\n<td>\n\t\t\t\tHoolar, 1607\n\t\t\t<\/td>\n<td>\n\t\t\t\tF&aacute;g 250 Mol\n\t\t\t<\/td>\n<\/tr>\n<tr height=\"14\">\n<td height=\"14\" style=\"height:14px;\">\n\t\t\t\tIdrana Aminningar, Hjartn&aelig;mar&nbsp; &THORN;ackargi&oacute;rder, og allra Handa Truar Idkaner og Vppvakninnar[!]\n\t\t\t<\/td>\n<td>\n\t\t\t\t&nbsp;\n\t\t\t<\/td>\n<td>\n\t\t\t\t[L&uacute;i&eth; eintak]\n\t\t\t<\/td>\n<\/tr>\n<tr height=\"14\">\n<td height=\"14\" style=\"height:14px;\">\n\t\t\t\tog styrkingar \/ Vr Bokum &thorn;eirra heil&oslash;gu L&aelig;refedra, Augustini, Bernardi, Tauleri og fleire annara \/\n\t\t\t<\/td>\n<td>\n\t\t\t\t&nbsp;\n\t\t\t<\/td>\n<td>\n\t\t\t\t&nbsp;\n\t\t\t<\/td>\n<\/tr>\n<tr height=\"14\">\n<td height=\"14\" style=\"height:14px;\">\n\t\t\t\tSaman lesnar &iacute; &thorn;ysku Maale. Med n&oacute;ckru fleira sem hier med fylger. Gudhr&aelig;ddum og\n\t\t\t<\/td>\n<td>\n\t\t\t\t&nbsp;\n\t\t\t<\/td>\n<td>\n\t\t\t\t&nbsp;\n\t\t\t<\/td>\n<\/tr>\n<tr height=\"14\">\n<td height=\"14\" style=\"height:14px;\">\n\t\t\t\tGodfwsum Hi&oacute;rtum nytsamlegar og gagnlegar. Martinus Mollerus.\n\t\t\t<\/td>\n<td>\n\t\t\t\t&nbsp;\n\t\t\t<\/td>\n<td>\n\t\t\t\t&nbsp;\n\t\t\t<\/td>\n<\/tr>\n<tr height=\"14\">\n<td height=\"14\" style=\"height:14px;\">\n\t\t\t\tSaa Evangeliske Catechismus Edur Einf&oslash;lld Husz- og Reisu-Postilla Yfer &ouml;ll Sunudaga og\n\t\t\t<\/td>\n<td>\n\t\t\t\tKbh., 1739\n\t\t\t<\/td>\n<td>\n\t\t\t\tF&aacute;g 250 Ros\n\t\t\t<\/td>\n<\/tr>\n<tr height=\"14\">\n<td height=\"14\" style=\"height:14px;\">\n\t\t\t\tHaatijda Gudspi&oslash;ll fra fyrsta Sunnudege til Trinitatis : Fyrre Parturen \/ Samanteken og skrifud Af\n\t\t\t<\/td>\n<td>\n\t\t\t\t&nbsp;\n\t\t\t<\/td>\n<td>\n\t\t\t\t[Vantar &iacute; nokkur bl&ouml;&eth;]\n\t\t\t<\/td>\n<\/tr>\n<tr height=\"14\">\n<td height=\"14\" style=\"height:14px;\">\n\t\t\t\tMads Peturs Syne Rostok, Preste til St. Knuts Kyrkiu i Odense ; En aa Islendsku wtl&oslash;gd Af\n\t\t\t<\/td>\n<td>\n\t\t\t\t&nbsp;\n\t\t\t<\/td>\n<td>\n\t\t\t\t&nbsp;\n\t\t\t<\/td>\n<\/tr>\n<tr height=\"14\">\n<td height=\"14\" style=\"height:14px;\">\n\t\t\t\tEhruverdugum og Vel-l&aelig;rdum Kenemane Sr. Petre Einars Syne, Soknar-Preste til\n\t\t\t<\/td>\n<td>\n\t\t\t\t&nbsp;\n\t\t\t<\/td>\n<td>\n\t\t\t\t&nbsp;\n\t\t\t<\/td>\n<\/tr>\n<tr height=\"14\">\n<td height=\"14\" style=\"height:14px;\">\n\t\t\t\tMiklahollts i Sn&aelig;fells Sijszlu.\n\t\t\t<\/td>\n<td>\n\t\t\t\t&nbsp;\n\t\t\t<\/td>\n<td>\n\t\t\t\t&nbsp;\n\t\t\t<\/td>\n<\/tr>\n<tr height=\"14\">\n<td height=\"14\" style=\"height:14px;\">\n\t\t\t\tSaa Evangeliske Catechismus Edur Einf&oslash;lld Husz- og Reisu-Postilla Yfer &oslash;ll Sunudaga og\n\t\t\t<\/td>\n<td>\n\t\t\t\tKbh., 1739\n\t\t\t<\/td>\n<td>\n\t\t\t\tF&aacute;g 250 Ros\n\t\t\t<\/td>\n<\/tr>\n<tr height=\"14\">\n<td height=\"14\" style=\"height:14px;\">\n\t\t\t\tHaatijda Gudspi&oslash;ll fra fyrsta Sunnudege til Trinitatis : Sijdare Parturen \/ Samanteken og skrifud\n\t\t\t<\/td>\n<td>\n\t\t\t\t&nbsp;\n\t\t\t<\/td>\n<td>\n\t\t\t\tBundi&eth; me&eth;: F&aacute;g 250 Ros\n\t\t\t<\/td>\n<\/tr>\n<tr height=\"14\">\n<td height=\"14\" style=\"height:14px;\">\n\t\t\t\tAf Mads Peturs Syne Rostok, Preste til St. Knuts Kyrkiu i Odense ; En aa Islendsku wtl&oslash;gd Af\n\t\t\t<\/td>\n<td>\n\t\t\t\t&nbsp;\n\t\t\t<\/td>\n<td>\n\t\t\t\t&nbsp;\n\t\t\t<\/td>\n<\/tr>\n<tr height=\"14\">\n<td height=\"14\" style=\"height:14px;\">\n\t\t\t\tEhruverdugum og Vel-l&aelig;rdum Kenemane Sr. Petre Einars Syne, Soknar-Prests til\n\t\t\t<\/td>\n<td>\n\t\t\t\t&nbsp;\n\t\t\t<\/td>\n<td>\n\t\t\t\t&nbsp;\n\t\t\t<\/td>\n<\/tr>\n<tr height=\"14\">\n<td height=\"14\" style=\"height:14px;\">\n\t\t\t\tMiklahollts i Sn&aelig;fells Sijszlu.\n\t\t\t<\/td>\n<td>\n\t\t\t\t&nbsp;\n\t\t\t<\/td>\n<td>\n\t\t\t\t&nbsp;\n\t\t\t<\/td>\n<\/tr>\n<tr height=\"14\">\n<td height=\"14\" style=\"height:14px;\">\n\t\t\t\tNockrar Predikaner wt af Pijnu og Dauda Drottins vors Jesu Christi. \/ Samannskrifadar\n\t\t\t<\/td>\n<td>\n\t\t\t\tHoolar, 1683\n\t\t\t<\/td>\n<td>\n\t\t\t\tF&aacute;g 252 Arn\n\t\t\t<\/td>\n<\/tr>\n<tr height=\"14\">\n<td height=\"14\" style=\"height:14px;\">\n\t\t\t\tj &THORN;ysku maale, Af &thorn;eim Merkelega L&aelig;remeistara, D. Johanne Arndt, Superintendente\n\t\t\t<\/td>\n<td>\n\t\t\t\t&nbsp;\n\t\t\t<\/td>\n<td>\n\t\t\t\t&nbsp;\n\t\t\t<\/td>\n<\/tr>\n<tr height=\"14\">\n<td height=\"14\" style=\"height:14px;\">\n\t\t\t\ttil Lyneborg, ; Enn a Islendsku wtlagdar, Af S. Hannese Bi&oslash;rns Syne, Soknar Preste,\n\t\t\t<\/td>\n<td>\n\t\t\t\t&nbsp;\n\t\t\t<\/td>\n<td>\n\t\t\t\t&nbsp;\n\t\t\t<\/td>\n<\/tr>\n<tr height=\"14\">\n<td height=\"14\" style=\"height:14px;\">\n\t\t\t\tAd Saur B&aelig; a Hualfjardarstr&oslash;nd.\n\t\t\t<\/td>\n<td>\n\t\t\t\t&nbsp;\n\t\t\t<\/td>\n<td>\n\t\t\t\t&nbsp;\n\t\t\t<\/td>\n<\/tr>\n<tr height=\"14\">\n<td height=\"14\" style=\"height:14px;\">\n\t\t\t\tHelgidaga Predikanir \/ samanteknar af Arna Helgasyni, Pr&oacute;fasti &iacute; Kjalarness &THORN;ingi og\n\t\t\t<\/td>\n<td>\n\t\t\t\tVi&eth;eyar Klaustur, 1822\n\t\t\t<\/td>\n<td>\n\t\t\t\tF&aacute;g 252 &Aacute;rn\n\t\t\t<\/td>\n<\/tr>\n<tr height=\"14\">\n<td height=\"14\" style=\"height:14px;\">\n\t\t\t\tS&oacute;knarpresti til Reykjav&iacute;kur D&oacute;mkirkju og Vi&eth;eyar Klausturs. [2 bindi sambundin]\n\t\t\t<\/td>\n<td>\n\t\t\t\t&nbsp;\n\t\t\t<\/td>\n<td>\n\t\t\t\t&nbsp;\n\t\t\t<\/td>\n<\/tr>\n<tr height=\"14\">\n<td height=\"14\" style=\"height:14px;\">\n\t\t\t\tHVSS-POSTILLA, &THORN;AD ER Skijr og Einf&oslash;lld wt&thorn;ijding yfer &oslash;ll Sunnudaga og Haatijda\n\t\t\t<\/td>\n<td>\n\t\t\t\tHoolar, 1706-\n\t\t\t<\/td>\n<td>\n\t\t\t\tF&aacute;g 252 G&iacute;s\n\t\t\t<\/td>\n<\/tr>\n<tr height=\"14\">\n<td height=\"14\" style=\"height:14px;\">\n\t\t\t\tEvangelia, sem Ared um krijng, wtl&oslash;gd og predikud verda i Christelegre Kyrkiu : I hv&oslash;rre\n\t\t\t<\/td>\n<td>\n\t\t\t\t2.b.[3. &uacute;tg.] 1710\n\t\t\t<\/td>\n<td>\n\t\t\t\t&nbsp;\n\t\t\t<\/td>\n<\/tr>\n<tr height=\"14\">\n<td height=\"14\" style=\"height:14px;\">\n\t\t\t\tframsetiast L&aelig;rdoomar, Hugganer og Aminningar, wt af sierhv&oslash;riu Gudspialle, Gude\n\t\t\t<\/td>\n<td>\n\t\t\t\t&nbsp;\n\t\t\t<\/td>\n<td>\n\t\t\t\t&nbsp;\n\t\t\t<\/td>\n<\/tr>\n<tr height=\"14\">\n<td height=\"14\" style=\"height:14px;\">\n\t\t\t\tEilijfum fyrst og fremst til &AElig;ru, Dyrdar og Vegsemdar, Enn goodum og fromum Guds B&oslash;rnum\n\t\t\t<\/td>\n<td>\n\t\t\t\t&nbsp;\n\t\t\t<\/td>\n<td>\n\t\t\t\t&nbsp;\n\t\t\t<\/td>\n<\/tr>\n<tr height=\"14\">\n<td height=\"14\" style=\"height:14px;\">\n\t\t\t\thier i Lande, sem hana jdka vilia, til Saalar Gagns og Nitsemdar. Annar Parturenn. Fra\n\t\t\t<\/td>\n<td>\n\t\t\t\t&nbsp;\n\t\t\t<\/td>\n<td>\n\t\t\t\t&nbsp;\n\t\t\t<\/td>\n<\/tr>\n<tr height=\"14\">\n<td height=\"14\" style=\"height:14px;\">\n\t\t\t\tTrinitatis Sunnudeige og til Adventu. \/ Med Kostgi&aelig;fne Samantekenn, Af Herra Gijsla\n\t\t\t<\/td>\n<td>\n\t\t\t\t&nbsp;\n\t\t\t<\/td>\n<td>\n\t\t\t\t&nbsp;\n\t\t\t<\/td>\n<\/tr>\n<tr height=\"14\">\n<td height=\"14\" style=\"height:14px;\">\n\t\t\t\tThorlakssyne Superintendente Hoola Stiptis. (Blessadrar Minningar).\n\t\t\t<\/td>\n<td>\n\t\t\t\t&nbsp;\n\t\t\t<\/td>\n<td>\n\t\t\t\t&nbsp;\n\t\t\t<\/td>\n<\/tr>\n<tr height=\"14\">\n<td height=\"14\" style=\"height:14px;\">\n\t\t\t\tMag. Peturs Herslebs, fordum Biskup yfer S&aelig;lande Si&oslash; Pr&aelig;dikaner ut af &thorn;eim Si&oslash;\n\t\t\t<\/td>\n<td>\n\t\t\t\tKbh., 1770\n\t\t\t<\/td>\n<td>\n\t\t\t\tF&aacute;g 252 Her\n\t\t\t<\/td>\n<\/tr>\n<tr height=\"14\">\n<td height=\"14\" style=\"height:14px;\">\n\t\t\t\tLiifsens Ordum aa Daudastundunne \/ aa Iislendsku utlagdur [!] og i styttra Maal samandregnar\n\t\t\t<\/td>\n<td>\n\t\t\t\t&nbsp;\n\t\t\t<\/td>\n<td>\n\t\t\t\t&nbsp;\n\t\t\t<\/td>\n<\/tr>\n<tr height=\"14\">\n<td height=\"14\" style=\"height:14px;\">\n\t\t\t\taf Petre &THORN;orsteinssyne, Sysslumanne i Nordur-Parte Mula-Sysslu.\n\t\t\t<\/td>\n<td>\n\t\t\t\t&nbsp;\n\t\t\t<\/td>\n<td>\n\t\t\t\t&nbsp;\n\t\t\t<\/td>\n<\/tr>\n<tr height=\"14\">\n<td height=\"14\" style=\"height:14px;\">\n\t\t\t\tSj&oslash; Midvikudaga Pr&eacute;dikanir &aacute; F&ouml;stunni \/ Samanteknar af S&aacute;l. S&yacute;slumanni J. Esp&oacute;l&iacute;n ;\n\t\t\t<\/td>\n<td>\n\t\t\t\tVideyar Klaustur, 1839\n\t\t\t<\/td>\n<td>\n\t\t\t\tF&aacute;g 252 J&oacute;n\n\t\t\t<\/td>\n<\/tr>\n<tr height=\"14\">\n<td height=\"14\" style=\"height:14px;\">\n\t\t\t\tUtgefnar &aacute; kostnad Sonar hans S&iacute;ra H. Esp&oacute;l&iacute;ns.\n\t\t\t<\/td>\n<td>\n\t\t\t\t&nbsp;\n\t\t\t<\/td>\n<td>\n\t\t\t\t&nbsp;\n\t\t\t<\/td>\n<\/tr>\n<tr height=\"14\">\n<td height=\"14\" style=\"height:14px;\">\n\t\t\t\tSI&Oslash; PREDIKANER wt af &thorn;eim Si&oslash; OrdVM DROTTENS Vors JEsu Christi, er ha&ntilde; talade\n\t\t\t<\/td>\n<td>\n\t\t\t\tHoolar,, 1716\n\t\t\t<\/td>\n<td>\n\t\t\t\tF&aacute;g 252 J&oacute;n\n\t\t\t<\/td>\n<\/tr>\n<tr height=\"14\">\n<td height=\"14\" style=\"height:14px;\">\n\t\t\t\tsijdarst a Krossenum \/ Gi&oslash;rdar Af Mag. Jone &THORN;orkelssyne Vidalin Sup: Skaalh: Stift:.\n\t\t\t<\/td>\n<td>\n\t\t\t\t&nbsp;\n\t\t\t<\/td>\n<td>\n\t\t\t\t&nbsp;\n\t\t\t<\/td>\n<\/tr>\n<tr height=\"14\">\n<td height=\"14\" style=\"height:14px;\">\n\t\t\t\tSi&oslash; Predikaner wt af Pijningar Historiu Vors DRotte&ntilde;s JEsu Ehristi [!] \/ Af hv&oslash;rium Sex eru\n\t\t\t<\/td>\n<td>\n\t\t\t\tHoolar, 1722\n\t\t\t<\/td>\n<td>\n\t\t\t\tF&aacute;g 252 J&oacute;n\n\t\t\t<\/td>\n<\/tr>\n<tr height=\"14\">\n<td height=\"14\" style=\"height:14px;\">\n\t\t\t\tgi&oslash;rdar, Af Vel-Edla .og Haa-Ehruverdugum .. Byskupenum yfer Skaalhollts Stifte, Saal. Mag.\n\t\t\t<\/td>\n<td>\n\t\t\t\t&nbsp;\n\t\t\t<\/td>\n<td>\n\t\t\t\t&nbsp;\n\t\t\t<\/td>\n<\/tr>\n<tr height=\"14\">\n<td height=\"14\" style=\"height:14px;\">\n\t\t\t\tJone Thorkels-syne VIDALIN, (S&aelig;llrar Miningar.) ; En Su Si&oslash;unda Af Hr. Steine\n\t\t\t<\/td>\n<td>\n\t\t\t\t&nbsp;\n\t\t\t<\/td>\n<td>\n\t\t\t\t&nbsp;\n\t\t\t<\/td>\n<\/tr>\n<tr height=\"14\">\n<td height=\"14\" style=\"height:14px;\">\n\t\t\t\tJons-Syne, Byskupe Hoola Stiftes.\n\t\t\t<\/td>\n<td>\n\t\t\t\t&nbsp;\n\t\t\t<\/td>\n<td>\n\t\t\t\t&nbsp;\n\t\t\t<\/td>\n<\/tr>\n<tr height=\"14\">\n<td height=\"14\" style=\"height:14px;\">\n\t\t\t\tSI&Oslash; PREDIKANER wt Af &THORN;eim Si&oslash; Ordum DRotte&ntilde;s Vors JEsu Christi, Er ha&ntilde; talade Sijdarst\n\t\t\t<\/td>\n<td>\n\t\t\t\tHoolar, 1753\n\t\t\t<\/td>\n<td>\n\t\t\t\tF&aacute;g 252 J&oacute;n\n\t\t\t<\/td>\n<\/tr>\n<tr height=\"14\">\n<td height=\"14\" style=\"height:14px;\">\n\t\t\t\taa Krossenum \/ Gi&oslash;rdar Af Saal. Mag. Jone &THORN;orkelssyne Vidalin, Sup. Skaalholts Stiftis &#8230;\n\t\t\t<\/td>\n<td>\n\t\t\t\t&nbsp;\n\t\t\t<\/td>\n<td>\n\t\t\t\t[Illa fari&eth; eintak]\n\t\t\t<\/td>\n<\/tr>\n<tr height=\"14\">\n<td height=\"14\" style=\"height:14px;\">\n\t\t\t\tUt Af DRottenns vors JESU Christi Pijningar Historiu SJ&Oslash; PredikANER \/&nbsp; Hv&oslash;riar fyrstu\n\t\t\t<\/td>\n<td>\n\t\t\t\t&nbsp;\n\t\t\t<\/td>\n<td>\n\t\t\t\t&nbsp;\n\t\t\t<\/td>\n<\/tr>\n<tr height=\"14\">\n<td height=\"14\" style=\"height:14px;\">\n\t\t\t\tfyrstu Sex gj&oslash;rdt hefur Biskupen yfir Skaalholts Stipte Saal. Mag. Jon &THORN;orkels Son Widalin ;\n\t\t\t<\/td>\n<td>\n\t\t\t\tHoolar, 1782\n\t\t\t<\/td>\n<td>\n\t\t\t\tF&aacute;g 252 J&oacute;n\n\t\t\t<\/td>\n<\/tr>\n<tr height=\"14\">\n<td height=\"14\" style=\"height:14px;\">\n\t\t\t\tEnn &thorn;a si&oslash;undu Saal. Mag. Steinn Jons Son, Biskup Hoola Stiptes.\n\t\t\t<\/td>\n<td>\n\t\t\t\t&nbsp;\n\t\t\t<\/td>\n<td>\n\t\t\t\t[Illa fari&eth; eintak]\n\t\t\t<\/td>\n<\/tr>\n<tr height=\"14\">\n<td height=\"14\" style=\"height:14px;\">\n\t\t\t\tSj&oslash; n&yacute;jar F&oslash;stu-Pr&eacute;dikanir &uacute;t af P&iacute;slar-S&oslash;gu Drottins vors Jes&uacute; Krists \/ gi&oslash;rdar af Anonymo. ;\n\t\t\t<\/td>\n<td>\n\t\t\t\tLeir&aacute;rgardar, 1798\n\t\t\t<\/td>\n<td>\n\t\t\t\tF&aacute;g 252 Mag\n\t\t\t<\/td>\n<\/tr>\n<tr height=\"14\">\n<td height=\"14\" style=\"height:14px;\">\n\t\t\t\t[Magn&uacute;s (&Oacute;lafsson) Stephensen].\n\t\t\t<\/td>\n<td>\n\t\t\t\t&nbsp;\n\t\t\t<\/td>\n<td>\n\t\t\t\t&nbsp;\n\t\t\t<\/td>\n<\/tr>\n<tr height=\"14\">\n<td height=\"14\" style=\"height:14px;\">\n\t\t\t\tPr&eacute;dikanir, &aelig;tla&eth;ar til helgidaga lestra &iacute; heimah&uacute;sum \/ eptir P. Pjetursson.\n\t\t\t<\/td>\n<td>\n\t\t\t\tRv., 1885\n\t\t\t<\/td>\n<td>\n\t\t\t\tF&aacute;g 252 P&eacute;t\n\t\t\t<\/td>\n<\/tr>\n<tr height=\"14\">\n<td height=\"14\" style=\"height:14px;\">\n\t\t\t\t&nbsp;\n\t\t\t<\/td>\n<td>\n\t\t\t\t&nbsp;\n\t\t\t<\/td>\n<td>\n\t\t\t\t&nbsp;\n\t\t\t<\/td>\n<\/tr>\n<tr height=\"14\">\n<td height=\"14\" style=\"height:14px;\">\n\t\t\t\t&nbsp;\n\t\t\t<\/td>\n<td>\n\t\t\t\t&nbsp;\n\t\t\t<\/td>\n<td>\n\t\t\t\t&nbsp;\n\t\t\t<\/td>\n<\/tr>\n<tr height=\"14\">\n<td height=\"14\" style=\"height:14px;\">\n\t\t\t\t<strong>Starf og stofnanir kirkjunnar<\/strong>\n\t\t\t<\/td>\n<td>\n\t\t\t\t&nbsp;\n\t\t\t<\/td>\n<td>\n\t\t\t\t&nbsp;\n\t\t\t<\/td>\n<\/tr>\n<tr height=\"14\">\n<td height=\"14\" style=\"height:14px;\">\n\t\t\t\t&Iacute;slenzkur kirkjurjettur \/ saminn af J&oacute;ni Pjeturssyni.\n\t\t\t<\/td>\n<td>\n\t\t\t\tRv., 1863\n\t\t\t<\/td>\n<td>\n\t\t\t\tF&aacute;g 262.9 J&oacute;n\n\t\t\t<\/td>\n<\/tr>\n<tr height=\"14\">\n<td height=\"14\" style=\"height:14px;\">\n\t\t\t\tKirkjurjettur \/ eptir J&oacute;n Pjetursson.\n\t\t\t<\/td>\n<td>\n\t\t\t\tRv., 1890\n\t\t\t<\/td>\n<td>\n\t\t\t\tF&aacute;g 262.9 J&oacute;n\n\t\t\t<\/td>\n<\/tr>\n<tr height=\"14\">\n<td height=\"14\" style=\"height:14px;\">\n\t\t\t\tHandb&oacute;k presta : innihaldandi gudspj&oslash;ll og pistla, med tilheyrandi Collektum og B&aelig;num, sem &iacute;\n\t\t\t<\/td>\n<td>\n\t\t\t\tVi&eth;eyar Klaustur, 1826\n\t\t\t<\/td>\n<td>\n\t\t\t\tF&aacute;g 264 Hand\n\t\t\t<\/td>\n<\/tr>\n<tr height=\"14\">\n<td height=\"14\" style=\"height:14px;\">\n\t\t\t\tIslands Kirkjum lesast &aacute;rid um kring &aacute; Sunnu- og Helgi-d&ouml;gum : Svo fylgir einnig Vegleidsla um\n\t\t\t<\/td>\n<td>\n\t\t\t\t&nbsp;\n\t\t\t<\/td>\n<td>\n\t\t\t\t&nbsp;\n\t\t\t<\/td>\n<\/tr>\n<tr height=\"14\">\n<td height=\"14\" style=\"height:14px;\">\n\t\t\t\tBarna-Sk&iacute;rn, Hj&oacute;na-Vigslu, Vitjun sj&uacute;kra og Greptrun Framlidinna, m.fl.\n\t\t\t<\/td>\n<td>\n\t\t\t\t&nbsp;\n\t\t\t<\/td>\n<td>\n\t\t\t\t&nbsp;\n\t\t\t<\/td>\n<\/tr>\n<tr height=\"14\">\n<td height=\"14\" style=\"height:14px;\">\n\t\t\t\tN&yacute; kristileg sm&aacute;rit \/ &uacute;tgefandi, P. Pjetursson.\n\t\t\t<\/td>\n<td>\n\t\t\t\tRv., 1874\n\t\t\t<\/td>\n<td>\n\t\t\t\tF&aacute;g 266 N&yacute;\n\t\t\t<\/td>\n<\/tr>\n<tr height=\"14\">\n<td height=\"14\" style=\"height:14px;\">\n\t\t\t\tStutt og Einf&oslash;lld Undervijsun Um Christenndomenn \/ Samanteken epter Fr&aelig;de-Bokum\n\t\t\t<\/td>\n<td>\n\t\t\t\tKbh., 1740\n\t\t\t<\/td>\n<td>\n\t\t\t\tF&aacute;g 268 J&oacute;n\n\t\t\t<\/td>\n<\/tr>\n<tr height=\"14\">\n<td height=\"14\" style=\"height:14px;\">\n\t\t\t\thinnar Evangelisku Kyrkiu Af Mag. Jone &THORN;orkelssyne Widalin, Fordum Biskupe Skaalhols Stiftes&#8230;\n\t\t\t<\/td>\n<td>\n\t\t\t\t&nbsp;\n\t\t\t<\/td>\n<td>\n\t\t\t\t&nbsp;\n\t\t\t<\/td>\n<\/tr>\n<tr height=\"14\">\n<td height=\"14\" style=\"height:14px;\">\n\t\t\t\tSTUTT OG EINF&Oslash;LLD VNDERVIISVN UM Christenndoome&ntilde; \/ Sama&ntilde;teke&ntilde; epter Fr&aelig;de-\n\t\t\t<\/td>\n<td>\n\t\t\t\tHoolar, 1748\n\t\t\t<\/td>\n<td>\n\t\t\t\tF&aacute;g 268 J&oacute;n\n\t\t\t<\/td>\n<\/tr>\n<tr height=\"14\">\n<td height=\"14\" style=\"height:14px;\">\n\t\t\t\tBookum hinar Evangelisku Kyrkiu, Af Mag. Jone Thorkels-Syne VIDALIN, Fordum Biskupe &#8230;\n\t\t\t<\/td>\n<td>\n\t\t\t\t&nbsp;\n\t\t\t<\/td>\n<td>\n\t\t\t\t&nbsp;\n\t\t\t<\/td>\n<\/tr>\n<tr height=\"14\">\n<td height=\"14\" style=\"height:14px;\">\n\t\t\t\tSkaalhollts-Stiftes. (S&aelig;llrar Miningar.)\n\t\t\t<\/td>\n<td>\n\t\t\t\t&nbsp;\n\t\t\t<\/td>\n<td>\n\t\t\t\t&nbsp;\n\t\t\t<\/td>\n<\/tr>\n<tr height=\"14\">\n<td height=\"14\" style=\"height:14px;\">\n\t\t\t\tSa&ntilde;leiki Gudhr&aelig;dslu&ntilde;AR : I Einfalldri og stuttri, e&ntilde; &thorn;o aan&aelig;gia&ntilde;legri UTSKYRINGU Yfir &thorn;ann\n\t\t\t<\/td>\n<td>\n\t\t\t\tHoolar. 1773\n\t\t\t<\/td>\n<td>\n\t\t\t\tF&aacute;g 268 Pon\n\t\t\t<\/td>\n<\/tr>\n<tr height=\"14\">\n<td height=\"14\" style=\"height:14px;\">\n\t\t\t\tLitla Barna L&aelig;rdoom edur CATECHISMUM Hins S&aelig;la Doct. MART. LUTHER : Innehalldande\n\t\t\t<\/td>\n<td>\n\t\t\t\t&nbsp;\n\t\t\t<\/td>\n<td>\n\t\t\t\t&nbsp;\n\t\t\t<\/td>\n<\/tr>\n<tr height=\"14\">\n<td height=\"14\" style=\"height:14px;\">\n\t\t\t\tallt &thorn;ad sem &thorn;arf ad vita og gi&oslash;ra, er vill verda Saaluhoolpinn \/ Samanskrifadur Eftir\n\t\t\t<\/td>\n<td>\n\t\t\t\t&nbsp;\n\t\t\t<\/td>\n<td>\n\t\t\t\t&nbsp;\n\t\t\t<\/td>\n<\/tr>\n<tr height=\"14\">\n<td height=\"14\" style=\"height:14px;\">\n\t\t\t\tKonunglegri Allranaadugustu Skipan Til Almennilegrar Brwkunar. [Erik Pontoppidan].\n\t\t\t<\/td>\n<td>\n\t\t\t\t&nbsp;\n\t\t\t<\/td>\n<td>\n\t\t\t\t&nbsp;\n\t\t\t<\/td>\n<\/tr>\n<tr height=\"14\">\n<td height=\"14\" style=\"height:14px;\">\n\t\t\t\tSpurningar Ut af Fr&aelig;dunum : Samannteknar handa B&oslash;rnum og fa Fr&oslash;du Almuga-Folcke \/\n\t\t\t<\/td>\n<td>\n\t\t\t\tKbh., 1727\n\t\t\t<\/td>\n<td>\n\t\t\t\tF&aacute;g 268.4 J&oacute;n\n\t\t\t<\/td>\n<\/tr>\n<tr height=\"14\">\n<td height=\"14\" style=\"height:14px;\">\n\t\t\t\taf Jone Arnesyne.\n\t\t\t<\/td>\n<td>\n\t\t\t\t&nbsp;\n\t\t\t<\/td>\n<td>\n\t\t\t\t[Illa fari&eth; eintak]\n\t\t\t<\/td>\n<\/tr>\n<tr height=\"14\">\n<td height=\"14\" style=\"height:14px;\">\n\t\t\t\t&nbsp;\n\t\t\t<\/td>\n<td>\n\t\t\t\t&nbsp;\n\t\t\t<\/td>\n<td>\n\t\t\t\t&nbsp;\n\t\t\t<\/td>\n<\/tr>\n<tr>\n<td height=\"14\" style=\"height:14px;\">\n\t\t\t\t&nbsp;\n\t\t\t<\/td>\n<td>\n\t\t\t\t&nbsp;\n\t\t\t<\/td>\n<td>\n\t\t\t\t&nbsp;\n\t\t\t<\/td>\n<\/tr>\n<tr>\n<td height=\"14\" style=\"height:14px;\">\n\t\t\t\t<strong>F&eacute;lagsv&iacute;sindi<\/strong>\n\t\t\t<\/td>\n<td>\n\t\t\t\t&nbsp;\n\t\t\t<\/td>\n<td>\n\t\t\t\t&nbsp;\n\t\t\t<\/td>\n<\/tr>\n<tr>\n<td height=\"14\" style=\"height:14px;\">\n\t\t\t\tK&uacute;gun kvenna, &iacute;sl. &thorn;&yacute;&eth;ing \/ Gefin &uacute;t &aacute; kostna&eth; hins &iacute;slenzka kvennf&eacute;lags. \/ John Stuart Mill\n\t\t\t<\/td>\n<td>\n\t\t\t\tRvk. 1900\n\t\t\t<\/td>\n<td>\n\t\t\t\tF&aacute;g 305.4 Mil\n\t\t\t<\/td>\n<\/tr>\n<tr height=\"14\">\n<td height=\"14\" style=\"height:14px;\">\n\t\t\t\t&nbsp;\n\t\t\t<\/td>\n<td>\n\t\t\t\t&nbsp;\n\t\t\t<\/td>\n<td>\n\t\t\t\t&nbsp;\n\t\t\t<\/td>\n<\/tr>\n<tr height=\"14\">\n<td height=\"14\" style=\"height:14px;\">\n\t\t\t\t<strong>Stj&oacute;rnm&aacute;l<\/strong>\n\t\t\t<\/td>\n<td>\n\t\t\t\t&nbsp;\n\t\t\t<\/td>\n<td>\n\t\t\t\t&nbsp;\n\t\t\t<\/td>\n<\/tr>\n<tr height=\"14\">\n<td height=\"14\" style=\"height:14px;\">\n\t\t\t\tFj&oacute;rir &thorn;&aelig;ttir um Al&thorn;&iacute;ng og &ouml;nnur m&aacute;lefni &iacute;slendinga \/ gefnir &uacute;t af Magn&uacute;si Eir&iacute;kssyni og\n\t\t\t<\/td>\n<td>\n\t\t\t\tKbh., 1843\n\t\t\t<\/td>\n<td>\n\t\t\t\tF&aacute;g 320 Fj&oacute;\n\t\t\t<\/td>\n<\/tr>\n<tr height=\"14\">\n<td height=\"14\" style=\"height:14px;\">\n\t\t\t\t&ouml;&eth;rum &iacute;slendingum. [2 eint&ouml;k, anna&eth; eintaki&eth; bundi&eth; me&eth;: F&aacute;g 320.5 Fr&eacute;]\n\t\t\t<\/td>\n<td>\n\t\t\t\t&nbsp;\n\t\t\t<\/td>\n<td>\n\t\t\t\tBundi&eth; me&eth;:\n\t\t\t<\/td>\n<\/tr>\n<tr height=\"14\">\n<td height=\"14\" style=\"height:14px;\">\n\t\t\t\t&nbsp;\n\t\t\t<\/td>\n<td>\n\t\t\t\t&nbsp;\n\t\t\t<\/td>\n<td>\n\t\t\t\tF&aacute;g 320.5 Fr&eacute;\n\t\t\t<\/td>\n<\/tr>\n<tr height=\"14\">\n<td height=\"14\" style=\"height:14px;\">\n\t\t\t\tFr&eacute;ttir fr&aacute; fulltr&uacute;a-&thorn;inginu &iacute; Hr&oacute;arskeldu, vi&eth;v&iacute;kjandi m&aacute;lefnum &Iacute;slend&iacute;nga \/ gefnar &uacute;t af nokkrum\n\t\t\t<\/td>\n<td>\n\t\t\t\tKbh., 1840-1843\n\t\t\t<\/td>\n<td>\n\t\t\t\tF&aacute;g 320.5 Fr&eacute;\n\t\t\t<\/td>\n<\/tr>\n<tr height=\"14\">\n<td height=\"14\" style=\"height:14px;\">\n\t\t\t\t&Iacute;slend&iacute;ngum. [1. og 2. bindi]\n\t\t\t<\/td>\n<td>\n\t\t\t\t&nbsp;\n\t\t\t<\/td>\n<td>\n\t\t\t\t&nbsp;\n\t\t\t<\/td>\n<\/tr>\n<tr height=\"14\">\n<td height=\"14\" style=\"height:14px;\">\n\t\t\t\tUm frelsi&eth; \/ John Stuart Mill ; &iacute;slenzka&eth; &uacute;r frumm&aacute;linu eftir J&oacute;n &Oacute;lafsson.\n\t\t\t<\/td>\n<td>\n\t\t\t\tRv., 1886\n\t\t\t<\/td>\n<td>\n\t\t\t\tF&aacute;g 323.44 Mil\n\t\t\t<\/td>\n<\/tr>\n<tr height=\"14\">\n<td height=\"14\" style=\"height:14px;\">\n\t\t\t\tDet islandske Altings bes&oslash;g i Danmark \/ Brev til Norden fra Bj&oslash;rn M. Olsen. [&Uacute;rtak &uacute;r\n\t\t\t<\/td>\n<td>\n\t\t\t\tKbh., 1906\n\t\t\t<\/td>\n<td>\n\t\t\t\tF&aacute;g 328 Bj&oslash;\n\t\t\t<\/td>\n<\/tr>\n<tr height=\"14\">\n<td height=\"14\" style=\"height:14px;\">\n\t\t\t\tNorden, 7]\n\t\t\t<\/td>\n<td>\n\t\t\t\t&nbsp;\n\t\t\t<\/td>\n<td>\n\t\t\t\t&nbsp;\n\t\t\t<\/td>\n<\/tr>\n<tr height=\"14\">\n<td height=\"14\" style=\"height:14px;\">\n\t\t\t\t&nbsp;\n\t\t\t<\/td>\n<td>\n\t\t\t\t&nbsp;\n\t\t\t<\/td>\n<td>\n\t\t\t\t&nbsp;\n\t\t\t<\/td>\n<\/tr>\n<tr height=\"14\">\n<td height=\"14\" style=\"height:14px;\">\n\t\t\t\t&nbsp;\n\t\t\t<\/td>\n<td>\n\t\t\t\t&nbsp;\n\t\t\t<\/td>\n<td>\n\t\t\t\t&nbsp;\n\t\t\t<\/td>\n<\/tr>\n<tr height=\"14\">\n<td height=\"14\" style=\"height:14px;\">\n\t\t\t\t<strong>Hagfr&aelig;&eth;i<\/strong>\n\t\t\t<\/td>\n<td>\n\t\t\t\t&nbsp;\n\t\t\t<\/td>\n<td>\n\t\t\t\t&nbsp;\n\t\t\t<\/td>\n<\/tr>\n<tr height=\"14\">\n<td height=\"14\" style=\"height:14px;\">\n\t\t\t\tOm V&aelig;rdie-Beregningen paa Landsviis og Tiende-Ydelsen i Island \/ ved Halldor Einarsen.\n\t\t\t<\/td>\n<td>\n\t\t\t\tKbh., 1833\n\t\t\t<\/td>\n<td>\n\t\t\t\tF&aacute;g 330 Hal\n\t\t\t<\/td>\n<\/tr>\n<tr height=\"14\">\n<td height=\"14\" style=\"height:14px;\">\n\t\t\t\tUdtog af afgangne Lavmand Povel Vidalins Afhandling om Islands Opkomst under Titel\n\t\t\t<\/td>\n<td>\n\t\t\t\tSor&oslash;e, 1768\n\t\t\t<\/td>\n<td>\n\t\t\t\tF&aacute;g 330.9491 P&aacute;l\n\t\t\t<\/td>\n<\/tr>\n<tr height=\"14\">\n<td height=\"14\" style=\"height:14px;\">\n\t\t\t\tDeo, Regi, Patrie : samt nogle andres af samme Indhold anvendt paa n&aelig;rv&aelig;rende Tider.\n\t\t\t<\/td>\n<td>\n\t\t\t\t&nbsp;\n\t\t\t<\/td>\n<td>\n\t\t\t\t[&Aacute;rita&eth;: Til ritstj&oacute;ra Valdimars\n\t\t\t<\/td>\n<\/tr>\n<tr height=\"14\">\n<td height=\"14\" style=\"height:14px;\">\n\t\t\t\t&nbsp;\n\t\t\t<\/td>\n<td>\n\t\t\t\t&nbsp;\n\t\t\t<\/td>\n<td>\n\t\t\t\t&Aacute;smundssonar &#8230;]\n\t\t\t<\/td>\n<\/tr>\n<tr height=\"14\">\n<td height=\"14\" style=\"height:14px;\">\n\t\t\t\tFrumvarp til n&yacute;rrar jar&eth;ab&oacute;kar fyrir &Iacute;sland.\n\t\t\t<\/td>\n<td>\n\t\t\t\tKbh., [1861]\n\t\t\t<\/td>\n<td>\n\t\t\t\tF&aacute;g 333.3 Jar\n\t\t\t<\/td>\n<\/tr>\n<tr height=\"14\">\n<td height=\"14\" style=\"height:14px;\">\n\t\t\t\t&nbsp;\n\t\t\t<\/td>\n<td>\n\t\t\t\t&nbsp;\n\t\t\t<\/td>\n<td>\n\t\t\t\t&nbsp;\n\t\t\t<\/td>\n<\/tr>\n<tr height=\"14\">\n<td height=\"14\" style=\"height:14px;\">\n\t\t\t\t&nbsp;\n\t\t\t<\/td>\n<td>\n\t\t\t\t&nbsp;\n\t\t\t<\/td>\n<td>\n\t\t\t\t&nbsp;\n\t\t\t<\/td>\n<\/tr>\n<tr height=\"14\">\n<td height=\"14\" style=\"height:14px;\">\n\t\t\t\t<strong>L&ouml;gfr&aelig;&eth;i<\/strong>\n\t\t\t<\/td>\n<td>\n\t\t\t\t&nbsp;\n\t\t\t<\/td>\n<td>\n\t\t\t\t&nbsp;\n\t\t\t<\/td>\n<\/tr>\n<tr height=\"14\">\n<td height=\"14\" style=\"height:14px;\">\n\t\t\t\tL&oslash;g-&THORN;ijnges Bookenn, Inehalldande &thorn;ad er gi&oslash;rdest og framfoor fyrer L&oslash;g-&THORN;ingis-Rettenum.\n\t\t\t<\/td>\n<td>\n\t\t\t\tHrappsey, 1773-1800\n\t\t\t<\/td>\n<td>\n\t\t\t\tF&aacute;g 340 L&ouml;g\n\t\t\t<\/td>\n<\/tr>\n<tr height=\"14\">\n<td height=\"14\" style=\"height:14px;\">\n\t\t\t\t[&Aacute;ri&eth; 1798]\n\t\t\t<\/td>\n<td>\n\t\t\t\t&nbsp;\n\t\t\t<\/td>\n<td>\n\t\t\t\t&Aacute;ri&eth; 1798. [Titilbla&eth; rifi&eth;]\n\t\t\t<\/td>\n<\/tr>\n<tr height=\"14\">\n<td height=\"14\" style=\"height:14px;\">\n\t\t\t\tL&ouml;gfr&aelig;&eth;isleg form&aacute;lab&oacute;k e&eth;a Lei&eth;arv&iacute;sir fyrir al&thorn;&yacute;&eth;u til a&eth; rita samninga, arflei&eth;sluskr&aacute;r,\n\t\t\t<\/td>\n<td>\n\t\t\t\tRv., 1886\n\t\t\t<\/td>\n<td>\n\t\t\t\tF&aacute;g 340 Mag\n\t\t\t<\/td>\n<\/tr>\n<tr height=\"14\">\n<td height=\"14\" style=\"height:14px;\">\n\t\t\t\tskiptagj&ouml;rninga, s&aacute;ttak&aelig;rur, stefnur, ums&oacute;knarbr&eacute;f og fleiri sl&iacute;k skj&ouml;l, svo a&eth; &thorn;au s&eacute;u l&ouml;gum\n\t\t\t<\/td>\n<td>\n\t\t\t\t&nbsp;\n\t\t\t<\/td>\n<td>\n\t\t\t\t[&Aacute;rita&eth;: Valdimar &Aacute;smundarson]\n\t\t\t<\/td>\n<\/tr>\n<tr height=\"14\">\n<td height=\"14\" style=\"height:14px;\">\n\t\t\t\tsamkv&aelig;m \/ eptir Magn&uacute;s Stephensen og L.E. Sveinbj&ouml;rnsson.\n\t\t\t<\/td>\n<td>\n\t\t\t\t&nbsp;\n\t\t\t<\/td>\n<td>\n\t\t\t\t&nbsp;\n\t\t\t<\/td>\n<\/tr>\n<tr height=\"14\">\n<td height=\"14\" style=\"height:14px;\">\n\t\t\t\tR&aelig;dur Hj&aacute;lmars &aacute; Bjargi fyrir B&oslash;rnum s&iacute;num um Fremd, kosti og annmarka allra St&eacute;tta :\n\t\t\t<\/td>\n<td>\n\t\t\t\tVideyar Klaustur, 1820\n\t\t\t<\/td>\n<td>\n\t\t\t\tF&aacute;g 340.1 Mag\n\t\t\t<\/td>\n<\/tr>\n<tr height=\"14\">\n<td height=\"14\" style=\"height:14px;\">\n\t\t\t\tog um &THORN;eirra almennustu Gj&ouml;ld og Tekjur \/ Skr&aacute;settar og &uacute;tgefnar af Dr. Juris Magn&uacute;si\n\t\t\t<\/td>\n<td>\n\t\t\t\t&nbsp;\n\t\t\t<\/td>\n<td>\n\t\t\t\t&nbsp;\n\t\t\t<\/td>\n<\/tr>\n<tr height=\"14\">\n<td height=\"14\" style=\"height:14px;\">\n\t\t\t\tStephensen, Conferencer&aacute;di og Justitario &iacute; Islands kon&uacute;nglega Landsyfirretti.\n\t\t\t<\/td>\n<td>\n\t\t\t\t&nbsp;\n\t\t\t<\/td>\n<td>\n\t\t\t\t&nbsp;\n\t\t\t<\/td>\n<\/tr>\n<tr height=\"14\">\n<td height=\"14\" style=\"height:14px;\">\n\t\t\t\tN&yacute;ar athugasemdir vi&eth; nokkrar ritgj&oslash;rdir um al&thorn;ingis-m&aacute;lid \/ samdar af P&aacute;li Melste&eth;.\n\t\t\t<\/td>\n<td>\n\t\t\t\tRv., 1845\n\t\t\t<\/td>\n<td>\n\t\t\t\tF&aacute;g 342 P&aacute;l\n\t\t\t<\/td>\n<\/tr>\n<tr height=\"14\">\n<td height=\"14\" style=\"height:14px;\">\n\t\t\t\tStj&oacute;rnarskr&aacute; l&yacute;&eth;veldisins &Iacute;slands.\n\t\t\t<\/td>\n<td>\n\t\t\t\tRv., 1944\n\t\t\t<\/td>\n<td>\n\t\t\t\tF&aacute;g 342.491 Stj\n\t\t\t<\/td>\n<\/tr>\n<tr height=\"14\">\n<td height=\"14\" style=\"height:14px;\">\n\t\t\t\tDet Islandske JUS CRIMINALE eller Misgierningers Ret tilligemed Criminal-Processen efter\n\t\t\t<\/td>\n<td>\n\t\t\t\tKbh., 1776\n\t\t\t<\/td>\n<td>\n\t\t\t\tF&aacute;g 345 Sve\n\t\t\t<\/td>\n<\/tr>\n<tr height=\"14\">\n<td height=\"14\" style=\"height:14px;\">\n\t\t\t\tLandets gamle og nye Love : confereret med de derhen h&oslash;rende Danske&nbsp; og Norske\n\t\t\t<\/td>\n<td>\n\t\t\t\t&nbsp;\n\t\t\t<\/td>\n<td>\n\t\t\t\t&nbsp;\n\t\t\t<\/td>\n<\/tr>\n<tr height=\"14\">\n<td height=\"14\" style=\"height:14px;\">\n\t\t\t\tRecesser, Love og Forordninger \/ Forfattet af Svend S&oslash;lvesen Lavmand&nbsp; Norden\n\t\t\t<\/td>\n<td>\n\t\t\t\t&nbsp;\n\t\t\t<\/td>\n<td>\n\t\t\t\t&nbsp;\n\t\t\t<\/td>\n<\/tr>\n<tr height=\"14\">\n<td height=\"14\" style=\"height:14px;\">\n\t\t\t\tog Vesten i Island.\n\t\t\t<\/td>\n<td>\n\t\t\t\t&nbsp;\n\t\t\t<\/td>\n<td>\n\t\t\t\t&nbsp;\n\t\t\t<\/td>\n<\/tr>\n<tr height=\"14\">\n<td height=\"14\" style=\"height:14px;\">\n\t\t\t\tHugvekja um &thorn;&iacute;ngl&yacute;singar, jar&eth;akaup, ve&eth;setn&iacute;ngar og pen&iacute;ngabr&uacute;kun &aacute; &Iacute;slandi \/ samin og\n\t\t\t<\/td>\n<td>\n\t\t\t\tKbh., 1840\n\t\t\t<\/td>\n<td>\n\t\t\t\tF&aacute;g 346.044 J&oacute;n\n\t\t\t<\/td>\n<\/tr>\n<tr height=\"14\">\n<td height=\"14\" style=\"height:14px;\">\n\t\t\t\tgefin &uacute;t af J. Johnsen.\n\t\t\t<\/td>\n<td>\n\t\t\t\t&nbsp;\n\t\t\t<\/td>\n<td>\n\t\t\t\t[&Aacute;rita&eth;: Valdimar &Aacute;smundarson]\n\t\t\t<\/td>\n<\/tr>\n<tr height=\"14\">\n<td height=\"14\" style=\"height:14px;\">\n\t\t\t\tUm s&aelig;ttam&aacute;l &aacute; &Iacute;slandi \/ eptir Th. J&oacute;nasen.\n\t\t\t<\/td>\n<td>\n\t\t\t\tRv., 1847\n\t\t\t<\/td>\n<td>\n\t\t\t\tF&aacute;g 347.9&nbsp; &THORN;&oacute;r\n\t\t\t<\/td>\n<\/tr>\n<tr height=\"14\">\n<td height=\"14\" style=\"height:14px;\">\n\t\t\t\t&nbsp;\n\t\t\t<\/td>\n<td>\n\t\t\t\t&nbsp;\n\t\t\t<\/td>\n<td>\n\t\t\t\t[&Aacute;rita&eth;: Valdim. &Aacute;smundsson]\n\t\t\t<\/td>\n<\/tr>\n<tr height=\"14\">\n<td height=\"14\" style=\"height:14px;\">\n\t\t\t\tGr&aacute;g&aacute;s : elzta l&ouml;gb&oacute;k &Iacute;slendinga \/ &uacute;tgefin eptir skinnb&oacute;kinni &iacute; b&oacute;kasafni konungs &aacute; kostna&eth;\n\t\t\t<\/td>\n<td>\n\t\t\t\tKbh., 1852-1870\n\t\t\t<\/td>\n<td>\n\t\t\t\tF&aacute;g 348.491 Gr&aacute;\n\t\t\t<\/td>\n<\/tr>\n<tr height=\"14\">\n<td height=\"14\" style=\"height:14px;\">\n\t\t\t\tFornritafjelags Nor&eth;urlanda &iacute; Kaupmannah&ouml;fn af Vilhj&aacute;lmi Finsen. [Fyrri og s&iacute;&eth;ari deild 1852]\n\t\t\t<\/td>\n<td>\n\t\t\t\t&nbsp;\n\t\t\t<\/td>\n<td>\n\t\t\t\tFyrri og s&iacute;&eth;ari deild (&uacute;tg. 1852)\n\t\t\t<\/td>\n<\/tr>\n<tr height=\"14\">\n<td height=\"14\" style=\"height:14px;\">\n\t\t\t\tLagasafn handa al&thorn;&yacute;&eth;u. 6 bindi.\n\t\t\t<\/td>\n<td>\n\t\t\t\tRv., 1887-1910\n\t\t\t<\/td>\n<td>\n\t\t\t\tF&aacute;g 348.491 Lag\n\t\t\t<\/td>\n<\/tr>\n<tr height=\"14\">\n<td height=\"14\" style=\"height:14px;\">\n\t\t\t\t&nbsp;\n\t\t\t<\/td>\n<td>\n\t\t\t\t&nbsp;\n\t\t\t<\/td>\n<td>\n\t\t\t\t[1.,4.,5. og 6.b. &Aacute;rita&eth;:\n\t\t\t<\/td>\n<\/tr>\n<tr height=\"14\">\n<td height=\"14\" style=\"height:14px;\">\n\t\t\t\t&nbsp;\n\t\t\t<\/td>\n<td>\n\t\t\t\t&nbsp;\n\t\t\t<\/td>\n<td>\n\t\t\t\tH&eacute;&eth;inn Valdimarsson\n\t\t\t<\/td>\n<\/tr>\n<tr height=\"14\">\n<td height=\"14\" style=\"height:14px;\">\n\t\t\t\t&nbsp;\n\t\t\t<\/td>\n<td>\n\t\t\t\t&nbsp;\n\t\t\t<\/td>\n<td>\n\t\t\t\t2. og 3.b. &Aacute;rita&eth;:\n\t\t\t<\/td>\n<\/tr>\n<tr height=\"14\">\n<td height=\"14\" style=\"height:14px;\">\n\t\t\t\t&nbsp;\n\t\t\t<\/td>\n<td>\n\t\t\t\t&nbsp;\n\t\t\t<\/td>\n<td>\n\t\t\t\tVald. &Aacute;smundsson]\n\t\t\t<\/td>\n<\/tr>\n<tr height=\"14\">\n<td height=\"14\" style=\"height:14px;\">\n\t\t\t\t[J&oacute;nsb&oacute;k 1709] L&oslash;gb&oacute;k Islendinga ; Hv&oslash;ria samann hefur sett Magnus Noregs Kongur .\n\t\t\t<\/td>\n<td>\n\t\t\t\tHoolar, 1709\n\t\t\t<\/td>\n<td>\n\t\t\t\tF&aacute;g 349.491 L&ouml;g\n\t\t\t<\/td>\n<\/tr>\n<tr height=\"14\">\n<td height=\"14\" style=\"height:14px;\">\n\t\t\t\tLofligrar Minningar. [N&yacute; &uacute;tg.] (Prentud ad Niju &#8230; Af.Marteini Arnoddssyni) [2 eint&ouml;k]\n\t\t\t<\/td>\n<td>\n\t\t\t\t&nbsp;\n\t\t\t<\/td>\n<td>\n\t\t\t\t[Anna&eth; eintaki&eth; illa fari&eth;, &thorn;a&eth;\n\t\t\t<\/td>\n<\/tr>\n<tr height=\"14\">\n<td height=\"14\" style=\"height:14px;\">\n\t\t\t\t&nbsp;\n\t\t\t<\/td>\n<td>\n\t\t\t\t&nbsp;\n\t\t\t<\/td>\n<td>\n\t\t\t\teint.g&aelig;ti veri&eth; 1. prentun 1709]\n\t\t\t<\/td>\n<\/tr>\n<tr height=\"14\">\n<td height=\"14\" style=\"height:14px;\">\n\t\t\t\tL&ouml;gb&oacute;k Magn&uacute;sar konungs, Lagab&aelig;tir handa &Iacute;slendingum, e&eth;ur J&oacute;nsb&oacute;k hin forna :\n\t\t\t<\/td>\n<td>\n\t\t\t\tAk., 1858\n\t\t\t<\/td>\n<td>\n\t\t\t\tF&aacute;g 348.491 L&ouml;g\n\t\t\t<\/td>\n<\/tr>\n<tr height=\"14\">\n<td height=\"14\" style=\"height:14px;\">\n\t\t\t\tl&ouml;gtekin &aacute; al&thorn;ingi 1281 \/ &uacute;tgefandi Sveinn Sk&uacute;lason,\n\t\t\t<\/td>\n<td>\n\t\t\t\t&nbsp;\n\t\t\t<\/td>\n<td>\n\t\t\t\t&nbsp;\n\t\t\t<\/td>\n<\/tr>\n<tr height=\"14\">\n<td height=\"14\" style=\"height:14px;\">\n\t\t\t\tHentug Handb&oacute;k fyrir hv&oslash;rn Mann : med Utskiringu Hreppstj&oacute;rnar Instruxins : innihaldandi\n\t\t\t<\/td>\n<td>\n\t\t\t\tLeir&aacute;rgardar, 1812\n\t\t\t<\/td>\n<td>\n\t\t\t\tF&aacute;g 349.491 Mag\n\t\t\t<\/td>\n<\/tr>\n<tr height=\"14\">\n<td height=\"14\" style=\"height:14px;\">\n\t\t\t\tAgrip, Safn og Utlistun hellstu gyldandi Lagaboda um Islands Landb&uacute;astj&oacute;rn, og &oslash;nnur\n\t\t\t<\/td>\n<td>\n\t\t\t\t&nbsp;\n\t\t\t<\/td>\n<td>\n\t\t\t\t[Illa fari&eth; eintak]\n\t\t\t<\/td>\n<\/tr>\n<tr height=\"14\">\n<td height=\"14\" style=\"height:14px;\">\n\t\t\t\tAlmenning umvardandi opinber M&aacute;lefni \/ Skrifud og &uacute;tgefin af Magn&uacute;si Stephensen,\n\t\t\t<\/td>\n<td>\n\t\t\t\t&nbsp;\n\t\t\t<\/td>\n<td>\n\t\t\t\t&nbsp;\n\t\t\t<\/td>\n<\/tr>\n<tr height=\"14\">\n<td height=\"14\" style=\"height:14px;\">\n\t\t\t\tKonuglegrar H&aacute;tignar virkilegu Etatsr&aacute;&eth;i og og J&uacute;stitario &iacute; Islands konungl. Landsyfirretti.\n\t\t\t<\/td>\n<td>\n\t\t\t\t&nbsp;\n\t\t\t<\/td>\n<td>\n\t\t\t\t&nbsp;\n\t\t\t<\/td>\n<\/tr>\n<tr height=\"14\">\n<td height=\"14\" style=\"height:14px;\">\n\t\t\t\tRans&oacute;kn Islands gyldandi Laga um Legords-M&aacute;l \/ Ritud af Doctr. Juris M. Stephensen,\n\t\t\t<\/td>\n<td>\n\t\t\t\tVideyar Klaustur, 1821\n\t\t\t<\/td>\n<td>\n\t\t\t\tF&aacute;g 349.491 Mag\n\t\t\t<\/td>\n<\/tr>\n<tr height=\"14\">\n<td height=\"14\" style=\"height:14px;\">\n\t\t\t\tConferencer&aacute;di og Justitario &iacute; Islands kon&uacute;nglega Landsyfirretti, og Fjelagsmanni &yacute;mislegra\n\t\t\t<\/td>\n<td>\n\t\t\t\t&nbsp;\n\t\t\t<\/td>\n<td>\n\t\t\t\t&nbsp;\n\t\t\t<\/td>\n<\/tr>\n<tr height=\"14\">\n<td height=\"14\" style=\"height:14px;\">\n\t\t\t\tkon&uacute;ngl. og annara L&aelig;rd&oacute;ms-Fjelaga.\n\t\t\t<\/td>\n<td>\n\t\t\t\t&nbsp;\n\t\t\t<\/td>\n<td>\n\t\t\t\t&nbsp;\n\t\t\t<\/td>\n<\/tr>\n<tr height=\"14\">\n<td height=\"14\" style=\"height:14px;\">\n\t\t\t\tTYRO JURIS edur Barn i Logum : Sem gefur einfalda Undervisun umm &thorn;a Islendsku Laga-\n\t\t\t<\/td>\n<td>\n\t\t\t\tKbh., 1754\n\t\t\t<\/td>\n<td>\n\t\t\t\tF&aacute;g 349.491 Sve\n\t\t\t<\/td>\n<\/tr>\n<tr height=\"14\">\n<td height=\"14\" style=\"height:14px;\">\n\t\t\t\tvitsku og nu brukanlegan Rettargagns maata : Med samburde Fornra og Nyrra Rettarbota og\n\t\t\t<\/td>\n<td>\n\t\t\t\t&nbsp;\n\t\t\t<\/td>\n<td>\n\t\t\t\t&nbsp;\n\t\t\t<\/td>\n<\/tr>\n<tr height=\"14\">\n<td height=\"14\" style=\"height:14px;\">\n\t\t\t\tForordninga \/ Samanteked af Sveine S&ouml;lvasyne, Kongl. Majsts. L&ouml;gmane Nordan\n\t\t\t<\/td>\n<td>\n\t\t\t\t&nbsp;\n\t\t\t<\/td>\n<td>\n\t\t\t\t&nbsp;\n\t\t\t<\/td>\n<\/tr>\n<tr height=\"14\">\n<td height=\"14\" style=\"height:14px;\">\n\t\t\t\tog Vestan a Islande.\n\t\t\t<\/td>\n<td>\n\t\t\t\t&nbsp;\n\t\t\t<\/td>\n<td>\n\t\t\t\t&nbsp;\n\t\t\t<\/td>\n<\/tr>\n<tr height=\"14\">\n<td height=\"14\" style=\"height:14px;\">\n\t\t\t\tSveins S&oslash;lvasonar Tyro Juris edur Barn i L&oslash;gum : sem gefur einfalda Undervisun um &thorn;&aacute;\n\t\t\t<\/td>\n<td>\n\t\t\t\tKbh., 1799\n\t\t\t<\/td>\n<td>\n\t\t\t\tF&aacute;g 349.491 Sve\n\t\t\t<\/td>\n<\/tr>\n<tr height=\"14\">\n<td height=\"14\" style=\"height:14px;\">\n\t\t\t\tislendsku Lagavitsku og nu brukanlegan Rettargangsm&aacute;ta : med Samburde fornra og nyrra\n\t\t\t<\/td>\n<td>\n\t\t\t\t&nbsp;\n\t\t\t<\/td>\n<td>\n\t\t\t\t&nbsp;\n\t\t\t<\/td>\n<\/tr>\n<tr height=\"14\">\n<td height=\"14\" style=\"height:14px;\">\n\t\t\t\tRettarbota og Forordninga.\n\t\t\t<\/td>\n<td>\n\t\t\t\t&nbsp;\n\t\t\t<\/td>\n<td>\n\t\t\t\t&nbsp;\n\t\t\t<\/td>\n<\/tr>\n<tr height=\"14\">\n<td height=\"14\" style=\"height:14px;\">\n\t\t\t\tOm de islandske Love i Fristatstiden : Anledning af Prof. Konrad Maurer&#39;s Artikel\n\t\t\t<\/td>\n<td>\n\t\t\t\t&nbsp;\n\t\t\t<\/td>\n<td>\n\t\t\t\t&nbsp;\n\t\t\t<\/td>\n<\/tr>\n<tr height=\"14\">\n<td height=\"14\" style=\"height:14px;\">\n\t\t\t\ti &quot;Graagaas&quot; \/ Vilhj&aacute;lmur Finsen.\n\t\t\t<\/td>\n<td>\n\t\t\t\t[S.l.] , 1873\n\t\t\t<\/td>\n<td>\n\t\t\t\tF&aacute;g 349.491 Vil\n\t\t\t<\/td>\n<\/tr>\n<tr height=\"14\">\n<td height=\"14\" style=\"height:14px;\">\n\t\t\t\t&nbsp;\n\t\t\t<\/td>\n<td>\n\t\t\t\t&nbsp;\n\t\t\t<\/td>\n<td>\n\t\t\t\t&nbsp;\n\t\t\t<\/td>\n<\/tr>\n<tr height=\"14\">\n<td height=\"14\" style=\"height:14px;\">\n\t\t\t\t&nbsp;\n\t\t\t<\/td>\n<td>\n\t\t\t\t&nbsp;\n\t\t\t<\/td>\n<td>\n\t\t\t\t&nbsp;\n\t\t\t<\/td>\n<\/tr>\n<tr height=\"14\">\n<td height=\"14\" style=\"height:14px;\">\n\t\t\t\t<strong>Samf&eacute;lagsm&aacute;lefni<\/strong>\n\t\t\t<\/td>\n<td>\n\t\t\t\t&nbsp;\n\t\t\t<\/td>\n<td>\n\t\t\t\t&nbsp;\n\t\t\t<\/td>\n<\/tr>\n<tr height=\"14\">\n<td height=\"14\" style=\"height:14px;\">\n\t\t\t\tYfirlit yfir helztu atri&eth;i &iacute; f&aacute;t&aelig;kral&ouml;ggj&ouml;f &Iacute;slands \/eptir Bjarna E. Magn&uacute;sson.\n\t\t\t<\/td>\n<td>\n\t\t\t\tAk., 1875.\n\t\t\t<\/td>\n<td>\n\t\t\t\tF&aacute;g 362.4 Bja\n\t\t\t<\/td>\n<\/tr>\n<tr height=\"14\">\n<td height=\"14\" style=\"height:14px;\">\n\t\t\t\tL&ouml;g Hins &iacute;slenzka kvennfjelags : sam&thorn;ykkt 17. n&oacute;vember 1894.\n\t\t\t<\/td>\n<td>\n\t\t\t\tRv., 1894\n\t\t\t<\/td>\n<td>\n\t\t\t\tF&aacute;g 367 &Aacute;rs\n\t\t\t<\/td>\n<\/tr>\n<tr height=\"14\">\n<td height=\"14\" style=\"height:14px;\">\n\t\t\t\t&nbsp;\n\t\t\t<\/td>\n<td>\n\t\t\t\t&nbsp;\n\t\t\t<\/td>\n<td>\n\t\t\t\tBundi&eth; me&eth;: &Aacute;rsriti Hins &iacute;sl.\n\t\t\t<\/td>\n<\/tr>\n<tr height=\"14\">\n<td height=\"14\" style=\"height:14px;\">\n\t\t\t\t&nbsp;\n\t\t\t<\/td>\n<td>\n\t\t\t\t&nbsp;\n\t\t\t<\/td>\n<td>\n\t\t\t\tKvennfjelags\n\t\t\t<\/td>\n<\/tr>\n<tr height=\"14\">\n<td height=\"14\" style=\"height:14px;\">\n\t\t\t\t&nbsp;\n\t\t\t<\/td>\n<td>\n\t\t\t\t&nbsp;\n\t\t\t<\/td>\n<td>\n\t\t\t\tT-F&aacute;g 305.405 &Aacute;rs\n\t\t\t<\/td>\n<\/tr>\n<tr height=\"14\">\n<td height=\"14\" style=\"height:14px;\">\n\t\t\t\tReikningar Kvennf&eacute;lagsins 1897-1899.\n\t\t\t<\/td>\n<td>\n\t\t\t\tRv. 1900\n\t\t\t<\/td>\n<td>\n\t\t\t\tF&aacute;g 367 &Aacute;rs\n\t\t\t<\/td>\n<\/tr>\n<tr height=\"14\">\n<td height=\"14\" style=\"height:14px;\">\n\t\t\t\t&nbsp;\n\t\t\t<\/td>\n<td>\n\t\t\t\t&nbsp;\n\t\t\t<\/td>\n<td>\n\t\t\t\tBundi&eth; me&eth;: &Aacute;rsriti Hins &iacute;sl.\n\t\t\t<\/td>\n<\/tr>\n<tr height=\"14\">\n<td height=\"14\" style=\"height:14px;\">\n\t\t\t\t&nbsp;\n\t\t\t<\/td>\n<td>\n\t\t\t\t&nbsp;\n\t\t\t<\/td>\n<td>\n\t\t\t\tKvennfjelags.\n\t\t\t<\/td>\n<\/tr>\n<tr height=\"14\">\n<td height=\"14\" style=\"height:14px;\">\n\t\t\t\t&nbsp;\n\t\t\t<\/td>\n<td>\n\t\t\t\t&nbsp;\n\t\t\t<\/td>\n<td>\n\t\t\t\tT-F&aacute;g 305.405 &Aacute;rs\n\t\t\t<\/td>\n<\/tr>\n<tr height=\"14\">\n<td height=\"14\" style=\"height:14px;\">\n\t\t\t\t<strong>Fr&aelig;&eth;slum&aacute;l<\/strong>\n\t\t\t<\/td>\n<td>\n\t\t\t\t&nbsp;\n\t\t\t<\/td>\n<td>\n\t\t\t\t&nbsp;\n\t\t\t<\/td>\n<\/tr>\n<tr height=\"14\">\n<td height=\"14\" style=\"height:14px;\">\n\t\t\t\tSk&oacute;la-h&aacute;t&iacute;d &iacute; minn&iacute;ngu F&aelig;d&iacute;ngar-dags vors allran&aacute;dugasta Kon&uacute;ngs Fridriks Sj&ouml;tta, &thorn;ann 28da\n\t\t\t<\/td>\n<td>\n\t\t\t\tVideyjar Klaustur, 1829\n\t\t\t<\/td>\n<td>\n\t\t\t\tF&aacute;g 373.491 Bes\n\t\t\t<\/td>\n<\/tr>\n<tr height=\"14\">\n<td height=\"14\" style=\"height:14px;\">\n\t\t\t\tJan&uacute;arii 1829, er haldin verdur &thorn;ann 1ta Febr. 1829 bodud af K&eacute;nnurun Bessastada Sk&oacute;la :\n\t\t\t<\/td>\n<td>\n\t\t\t\t&nbsp;\n\t\t\t<\/td>\n<td>\n\t\t\t\t&nbsp;\n\t\t\t<\/td>\n<\/tr>\n<tr height=\"14\">\n<td height=\"14\" style=\"height:14px;\">\n\t\t\t\tFyrsta og &ouml;nnur b&oacute;k af Homeri Odyssea \/ &aacute; &iacute;slenzku &uacute;tl&ouml;gd af Sveinbirni Egilssyni.\n\t\t\t<\/td>\n<td>\n\t\t\t\t&nbsp;\n\t\t\t<\/td>\n<td>\n\t\t\t\t&nbsp;\n\t\t\t<\/td>\n<\/tr>\n<tr height=\"14\">\n<td height=\"14\" style=\"height:14px;\">\n\t\t\t\tSk&oacute;la-h&aacute;t&iacute;d &iacute; minn&iacute;ngu F&aelig;d&iacute;ngar-dags vors allran&aacute;dugasta Kon&uacute;ngs Fridriks Sj&ouml;tta, &thorn;ann 28.\n\t\t\t<\/td>\n<td>\n\t\t\t\tVideyjar Klaustur, 1835\n\t\t\t<\/td>\n<td>\n\t\t\t\tF&aacute;g 373.491 Bes\n\t\t\t<\/td>\n<\/tr>\n<tr height=\"14\">\n<td height=\"14\" style=\"height:14px;\">\n\t\t\t\tJan&uacute;arii 1835, er haldin verdur &thorn;ann 1ta Febr&uacute;ar&iacute;&iacute; 1835, bodud af K&eacute;nnurun Bessastada Sk&oacute;la :\n\t\t\t<\/td>\n<td>\n\t\t\t\t&nbsp;\n\t\t\t<\/td>\n<td>\n\t\t\t\tBundi&eth; me&eth;:\n\t\t\t<\/td>\n<\/tr>\n<tr height=\"14\">\n<td height=\"14\" style=\"height:14px;\">\n\t\t\t\tFimta, sj&oslash;tta, sj&oslash;unda og &aacute;ttunda b&oacute;k af Homeri Odyssea \/ &aacute; islendsku &uacute;tlagdar af Sveinbirni\n\t\t\t<\/td>\n<td>\n\t\t\t\t&nbsp;\n\t\t\t<\/td>\n<td>\n\t\t\t\tF&aacute;g 373.491 Bes (1829-40)\n\t\t\t<\/td>\n<\/tr>\n<tr height=\"14\">\n<td height=\"14\" style=\"height:14px;\">\n\t\t\t\tEgilssyni.\n\t\t\t<\/td>\n<td>\n\t\t\t\t&nbsp;\n\t\t\t<\/td>\n<td>\n\t\t\t\t&nbsp;\n\t\t\t<\/td>\n<\/tr>\n<tr height=\"14\">\n<td height=\"14\" style=\"height:14px;\">\n\t\t\t\tSk&oacute;la H&aacute;t&iacute;d &iacute; minn&iacute;ngu F&aelig;d&iacute;ngar=dags vors allran&aacute;dugasta Kon&uacute;ngs Fridriks Sj&ouml;tta, &thorn;ann\n\t\t\t<\/td>\n<td>\n\t\t\t\tVideyjar Klaustur, 1838\n\t\t\t<\/td>\n<td>\n\t\t\t\tF&aacute;g 373.491 Bes\n\t\t\t<\/td>\n<\/tr>\n<tr height=\"14\">\n<td height=\"14\" style=\"height:14px;\">\n\t\t\t\t28da Jan&uacute;ar&iacute;i 1838, er haldin verdur &thorn;ann 4da Febr&uacute;ar&iacute;i 1838, bodud af K&eacute;nnurum Bessastada\n\t\t\t<\/td>\n<td>\n\t\t\t\t&nbsp;\n\t\t\t<\/td>\n<td>\n\t\t\t\tBundi&eth; me&eth;:\n\t\t\t<\/td>\n<\/tr>\n<tr height=\"14\">\n<td height=\"14\" style=\"height:14px;\">\n\t\t\t\tSk&oacute;la : N&iacute;unda, t&iacute;unda, ellefta og t&oacute;lfta b&oacute;k af Homeri Odyssea \/ &aacute; &iacute;slendsku &uacute;tlagdar af\n\t\t\t<\/td>\n<td>\n\t\t\t\t&nbsp;\n\t\t\t<\/td>\n<td>\n\t\t\t\tF&aacute;g 373.491 Bes (1829-40)\n\t\t\t<\/td>\n<\/tr>\n<tr height=\"14\">\n<td height=\"14\" style=\"height:14px;\">\n\t\t\t\tSveinbirni Egilssyni.\n\t\t\t<\/td>\n<td>\n\t\t\t\t&nbsp;\n\t\t\t<\/td>\n<td>\n\t\t\t\t&nbsp;\n\t\t\t<\/td>\n<\/tr>\n<tr height=\"14\">\n<td height=\"14\" style=\"height:14px;\">\n\t\t\t\tSk&oacute;la H&aacute;t&iacute;d &iacute; minn&iacute;ngu F&aelig;d&iacute;ngar=dags vors allran&aacute;dugasta Kon&uacute;ngs Fridriks Sj&ouml;tta, &thorn;ann\n\t\t\t<\/td>\n<td>\n\t\t\t\tVideyjar Klaustur, 1839\n\t\t\t<\/td>\n<td>\n\t\t\t\tF&aacute;g 373.491 Bes\n\t\t\t<\/td>\n<\/tr>\n<tr height=\"14\">\n<td height=\"14\" style=\"height:14px;\">\n\t\t\t\t28da Jan&uacute;ar&iacute;i 1839, er haldin verdur &thorn;ann 3ja Febr&uacute;arii 1839, bodud af K&eacute;nnurum Bessastada\n\t\t\t<\/td>\n<td>\n\t\t\t\t&nbsp;\n\t\t\t<\/td>\n<td>\n\t\t\t\tBundi&eth; me&eth;:\n\t\t\t<\/td>\n<\/tr>\n<tr height=\"14\">\n<td height=\"14\" style=\"height:14px;\">\n\t\t\t\tSk&oacute;la : &THORN;rett&aacute;nda, fj&oacute;rt&aacute;nda, fimmt&aacute;nda og sext&aacute;nda&nbsp; b&oacute;k af Homeri Odyssea \/ &aacute; &iacute;slendsku\n\t\t\t<\/td>\n<td>\n\t\t\t\t&nbsp;\n\t\t\t<\/td>\n<td>\n\t\t\t\tF&aacute;g 373.491 Bes (1829-40)\n\t\t\t<\/td>\n<\/tr>\n<tr height=\"14\">\n<td height=\"14\" style=\"height:14px;\">\n\t\t\t\t&uacute;tlagdar af Sveinbirni Egilssyni.\n\t\t\t<\/td>\n<td>\n\t\t\t\t&nbsp;\n\t\t\t<\/td>\n<td>\n\t\t\t\t&nbsp;\n\t\t\t<\/td>\n<\/tr>\n<tr height=\"14\">\n<td height=\"14\" style=\"height:14px;\">\n\t\t\t\tSk&oacute;la-H&aacute;t&iacute;d &iacute; minn&iacute;ngu F&aelig;d&iacute;ngar-dags vors allran&aacute;dugasta Kon&uacute;ngs Fridriks Sj&ouml;tta, &thorn;ann\n\t\t\t<\/td>\n<td>\n\t\t\t\tVideyjar Klaustur 1840\n\t\t\t<\/td>\n<td>\n\t\t\t\tF&aacute;g 373.491 Bes\n\t\t\t<\/td>\n<\/tr>\n<tr height=\"14\">\n<td height=\"14\" style=\"height:14px;\">\n\t\t\t\t28da Jan&uacute;arii 1840, er haldin verdur &thorn;ann 2. Febr&uacute;arii 1840, bodud af K&eacute;nnurum Bessastada\n\t\t\t<\/td>\n<td>\n\t\t\t\t&nbsp;\n\t\t\t<\/td>\n<td>\n\t\t\t\tBundi&eth; me&eth;:\n\t\t\t<\/td>\n<\/tr>\n<tr height=\"14\">\n<td height=\"14\" style=\"height:14px;\">\n\t\t\t\tSk&oacute;la : Seytj&aacute;nda, &aacute;tj&aacute;nda, n&iacute;tj&aacute;nda og tuttugusta b&oacute;k af Homeri Odyssea \/ &aacute; &iacute;slendsku\n\t\t\t<\/td>\n<td>\n\t\t\t\t&nbsp;\n\t\t\t<\/td>\n<td>\n\t\t\t\tF&aacute;g 373.491 Bes (1829-40)\n\t\t\t<\/td>\n<\/tr>\n<tr height=\"14\">\n<td height=\"14\" style=\"height:14px;\">\n\t\t\t\t&uacute;tlagdar af Sveinbirni Egilssyni.\n\t\t\t<\/td>\n<td>\n\t\t\t\t&nbsp;\n\t\t\t<\/td>\n<td>\n\t\t\t\t&nbsp;\n\t\t\t<\/td>\n<\/tr>\n<tr height=\"14\">\n<td height=\"14\" style=\"height:14px;\">\n\t\t\t\tSk&oacute;la H&aacute;t&iacute;d &iacute; minn&iacute;ngu F&aelig;d&iacute;ngar-dags vors allran&aacute;dugasta Kon&uacute;ngs Kristj&aacute;ns Attunda, &thorn;ann\n\t\t\t<\/td>\n<td>\n\t\t\t\tVideyjar Klaustur, 1840\n\t\t\t<\/td>\n<td>\n\t\t\t\tF&aacute;g 373.491 Bes\n\t\t\t<\/td>\n<\/tr>\n<tr height=\"14\">\n<td height=\"14\" style=\"height:14px;\">\n\t\t\t\t18da September 1840, er haldin verdur &thorn;ann 1ta October 1840, bodud af K&eacute;nnurum Bessastada\n\t\t\t<\/td>\n<td>\n\t\t\t\t&nbsp;\n\t\t\t<\/td>\n<td>\n\t\t\t\tBundi&eth; me&eth;:\n\t\t\t<\/td>\n<\/tr>\n<tr height=\"14\">\n<td height=\"14\" style=\"height:14px;\">\n\t\t\t\tSk&oacute;la : Tuttugasta og fyrsta, tuttugusta og &oslash;nnur, tuttugasta og &thorn;ridja, tuttugasta og fj&oacute;rda b&oacute;k\n\t\t\t<\/td>\n<td>\n\t\t\t\t&nbsp;\n\t\t\t<\/td>\n<td>\n\t\t\t\tF&aacute;g 373.491 Bes (1829-40)\n\t\t\t<\/td>\n<\/tr>\n<tr height=\"14\">\n<td height=\"14\" style=\"height:14px;\">\n\t\t\t\taf Homeri Odyssea \/ &aacute; &iacute;slendsku &uacute;tlagdar af Sveinbirni Egilssyni.\n\t\t\t<\/td>\n<td>\n\t\t\t\t&nbsp;\n\t\t\t<\/td>\n<td>\n\t\t\t\t&nbsp;\n\t\t\t<\/td>\n<\/tr>\n<tr height=\"14\">\n<td height=\"14\" style=\"height:14px;\">\n\t\t\t\tBodsrit til a&eth; hl&yacute;da &aacute; &thorn;&aacute; opinberu yfirheyrslu &iacute; Bessastada Sk&oacute;la &thorn;ann ma&iacute; 1843.\n\t\t\t<\/td>\n<td>\n\t\t\t\tVideyjar Klaustur, 1843\n\t\t\t<\/td>\n<td>\n\t\t\t\tF&aacute;g 373.491 Bes\n\t\t\t<\/td>\n<\/tr>\n<tr height=\"14\">\n<td height=\"14\" style=\"height:14px;\">\n\t\t\t\tMinningarrit fimt&iacute;u &aacute;ra afm&aelig;lis Hins l&aelig;r&eth;a sk&oacute;la &iacute; Reykjav&iacute;k.\n\t\t\t<\/td>\n<td>\n\t\t\t\tRv., 1896\n\t\t\t<\/td>\n<td>\n\t\t\t\tF&aacute;g 373.491 L&aelig;r\n\t\t\t<\/td>\n<\/tr>\n<tr height=\"14\">\n<td height=\"14\" style=\"height:14px;\">\n\t\t\t\t&nbsp;\n\t\t\t<\/td>\n<td>\n\t\t\t\t&nbsp;\n\t\t\t<\/td>\n<td>\n\t\t\t\t&nbsp;\n\t\t\t<\/td>\n<\/tr>\n<tr height=\"14\">\n<td height=\"14\" style=\"height:14px;\">\n\t\t\t\t&nbsp;\n\t\t\t<\/td>\n<td>\n\t\t\t\t&nbsp;\n\t\t\t<\/td>\n<td>\n\t\t\t\t&nbsp;\n\t\t\t<\/td>\n<\/tr>\n<tr height=\"14\">\n<td height=\"14\" style=\"height:14px;\">\n\t\t\t\t<strong>Verslun og vi&eth;skipti<\/strong>\n\t\t\t<\/td>\n<td>\n\t\t\t\t&nbsp;\n\t\t\t<\/td>\n<td>\n\t\t\t\t&nbsp;\n\t\t\t<\/td>\n<\/tr>\n<tr height=\"14\">\n<td height=\"14\" style=\"height:14px;\">\n\t\t\t\tTanker ved Gienneml&aelig;sningen af de hos Directeur I. F. Schultz i Ki&oslash;benhavn 1797 tryckte\n\t\t\t<\/td>\n<td>\n\t\t\t\tKbh., 1798\n\t\t\t<\/td>\n<td>\n\t\t\t\tF&aacute;g 380 Ste\n\t\t\t<\/td>\n<\/tr>\n<tr height=\"14\">\n<td height=\"14\" style=\"height:14px;\">\n\t\t\t\tsaa kaldte Oplysninger og Anm&aelig;rkninger over den ved Trykken publicerede Islands\n\t\t\t<\/td>\n<td>\n\t\t\t\t&nbsp;\n\t\t\t<\/td>\n<td>\n\t\t\t\t&nbsp;\n\t\t\t<\/td>\n<\/tr>\n<tr height=\"14\">\n<td height=\"14\" style=\"height:14px;\">\n\t\t\t\talmindelige Ans&oslash;gning til Kongen om udvidede Handels-Friheder m.v. \/ fremsatte af\n\t\t\t<\/td>\n<td>\n\t\t\t\t&nbsp;\n\t\t\t<\/td>\n<td>\n\t\t\t\t&nbsp;\n\t\t\t<\/td>\n<\/tr>\n<tr height=\"14\">\n<td height=\"14\" style=\"height:14px;\">\n\t\t\t\tS. Thorarensen.\n\t\t\t<\/td>\n<td>\n\t\t\t\t&nbsp;\n\t\t\t<\/td>\n<td>\n\t\t\t\t&nbsp;\n\t\t\t<\/td>\n<\/tr>\n<tr height=\"14\">\n<td height=\"14\" style=\"height:14px;\">\n\t\t\t\tVerzlunarhuglei&eth;ingar og &quot;T&aacute;kn T&iacute;mans&quot; \/ eftir Gar&eth;ar G&iacute;slason.\n\t\t\t<\/td>\n<td>\n\t\t\t\tRv., 1917\n\t\t\t<\/td>\n<td>\n\t\t\t\tF&aacute;g 381 Gar\n\t\t\t<\/td>\n<\/tr>\n<tr height=\"14\">\n<td height=\"14\" style=\"height:14px;\">\n\t\t\t\t&THORN;rj&aacute;r ritgj&ouml;rdir \/ kosta&eth;ar og gjefnar &uacute;t af 17 &Iacute;slendingum.\n\t\t\t<\/td>\n<td>\n\t\t\t\tKbh., 1841\n\t\t\t<\/td>\n<td>\n\t\t\t\tF&aacute;g 320.5 Fr&eacute;\n\t\t\t<\/td>\n<\/tr>\n<tr height=\"14\">\n<td height=\"14\" style=\"height:14px;\">\n\t\t\t\t&nbsp;\n\t\t\t<\/td>\n<td>\n\t\t\t\t&nbsp;\n\t\t\t<\/td>\n<td>\n\t\t\t\tBundi&eth; me&eth;:\n\t\t\t<\/td>\n<\/tr>\n<tr height=\"14\">\n<td height=\"14\" style=\"height:14px;\">\n\t\t\t\t&nbsp;\n\t\t\t<\/td>\n<td>\n\t\t\t\t&nbsp;\n\t\t\t<\/td>\n<td>\n\t\t\t\tF&aacute;g 320.5 Fr&eacute;\n\t\t\t<\/td>\n<\/tr>\n<tr height=\"14\">\n<td height=\"14\" style=\"height:14px;\">\n\t\t\t\tN&aacute;kv&aelig;m l&yacute;sing &aacute; peningum, vigt, m&aacute;li og fl. &iacute; Danaveldi og nokkrum &ouml;&eth;rum r&iacute;kjum :\n\t\t\t<\/td>\n<td>\n\t\t\t\tRv., 1850\n\t\t\t<\/td>\n<td>\n\t\t\t\tF&aacute;g 389.15 N&aacute;k\n\t\t\t<\/td>\n<\/tr>\n<tr height=\"14\">\n<td height=\"14\" style=\"height:14px;\">\n\t\t\t\tme&eth; t&ouml;flum, reglum, sem einkum eru hentugar vi&eth; reikning &iacute; huganum, og d&aelig;mum \/ Halld&oacute;r\n\t\t\t<\/td>\n<td>\n\t\t\t\t&nbsp;\n\t\t\t<\/td>\n<td>\n\t\t\t\t&nbsp;\n\t\t\t<\/td>\n<\/tr>\n<tr height=\"14\">\n<td height=\"14\" style=\"height:14px;\">\n\t\t\t\tGu&eth;mundsson hefur &iacute;slenzka&eth; og auki&eth;.\n\t\t\t<\/td>\n<td>\n\t\t\t\t&nbsp;\n\t\t\t<\/td>\n<td>\n\t\t\t\t&nbsp;\n\t\t\t<\/td>\n<\/tr>\n<tr height=\"14\">\n<td height=\"14\" style=\"height:14px;\">\n\t\t\t\t&nbsp;\n\t\t\t<\/td>\n<td>\n\t\t\t\t&nbsp;\n\t\t\t<\/td>\n<td>\n\t\t\t\t&nbsp;\n\t\t\t<\/td>\n<\/tr>\n<tr height=\"14\">\n<td height=\"14\" style=\"height:14px;\">\n\t\t\t\t&nbsp;\n\t\t\t<\/td>\n<td>\n\t\t\t\t&nbsp;\n\t\t\t<\/td>\n<td>\n\t\t\t\t&nbsp;\n\t\t\t<\/td>\n<\/tr>\n<tr height=\"14\">\n<td height=\"14\" style=\"height:14px;\">\n\t\t\t\t<strong>Tungum&aacute;l<\/strong>\n\t\t\t<\/td>\n<td>\n\t\t\t\t&nbsp;\n\t\t\t<\/td>\n<td>\n\t\t\t\t&nbsp;\n\t\t\t<\/td>\n<\/tr>\n<tr height=\"14\">\n<td height=\"14\" style=\"height:14px;\">\n\t\t\t\tUm r og ur &iacute; ni&eth;rlagi or&eth;a og or&eth;stofna &iacute; &iacute;slenzku \/ eptir J&oacute;n &THORN;orkelsson. [2 eint&ouml;k, anna&eth;\n\t\t\t<\/td>\n<td>\n\t\t\t\tRv., 1863\n\t\t\t<\/td>\n<td>\n\t\t\t\tF&aacute;g 410.9 J&oacute;n\n\t\t\t<\/td>\n<\/tr>\n<tr height=\"14\">\n<td height=\"14\" style=\"height:14px;\">\n\t\t\t\ter bundi&eth; me&eth;: F&aacute;g 819.109 J&oacute;n ]\n\t\t\t<\/td>\n<td>\n\t\t\t\t&nbsp;\n\t\t\t<\/td>\n<td>\n\t\t\t\t[&Aacute;rita&eth;: J&oacute;n &THORN;orkelsson eign-\n\t\t\t<\/td>\n<\/tr>\n<tr height=\"14\">\n<td height=\"14\" style=\"height:14px;\">\n\t\t\t\t&nbsp;\n\t\t\t<\/td>\n<td>\n\t\t\t\t&nbsp;\n\t\t\t<\/td>\n<td>\n\t\t\t\ta&eth;ist 1878, en f&aelig;r n&uacute; til eignar\n\t\t\t<\/td>\n<\/tr>\n<tr height=\"14\">\n<td height=\"14\" style=\"height:14px;\">\n\t\t\t\t&nbsp;\n\t\t\t<\/td>\n<td>\n\t\t\t\t&nbsp;\n\t\t\t<\/td>\n<td>\n\t\t\t\tDr. Birni Bjarnasyni]\n\t\t\t<\/td>\n<\/tr>\n<tr height=\"14\">\n<td height=\"14\" style=\"height:14px;\">\n\t\t\t\tOrdabok, sem inniheldr flest f&aacute;gi&aelig;t, framandi og vanskilinn ord, er verda fyrir &iacute;\n\t\t\t<\/td>\n<td>\n\t\t\t\tKbh., 1819\n\t\t\t<\/td>\n<td>\n\t\t\t\tF&aacute;g 413 Gun\n\t\t\t<\/td>\n<\/tr>\n<tr height=\"14\">\n<td height=\"14\" style=\"height:14px;\">\n\t\t\t\td&oslash;nskum b&oacute;kum \/ f&aelig;rd i letr af G.O. Oddsen [Gunnalugi Oddssyni].\n\t\t\t<\/td>\n<td>\n\t\t\t\t&nbsp;\n\t\t\t<\/td>\n<td>\n\t\t\t\t&nbsp;\n\t\t\t<\/td>\n<\/tr>\n<tr height=\"14\">\n<td height=\"14\" style=\"height:14px;\">\n\t\t\t\tRitgj&ouml;r&eth; &quot;&Aacute;lptnesingsins&quot; \/ gefin &uacute;t af Benedict Gr&ouml;ndal.\n\t\t\t<\/td>\n<td>\n\t\t\t\tRv., 1885\n\t\t\t<\/td>\n<td>\n\t\t\t\tF&aacute;g 415 Ben\n\t\t\t<\/td>\n<\/tr>\n<tr height=\"14\">\n<td height=\"14\" style=\"height:14px;\">\n\t\t\t\tBeitrage zur Bedeutungslehre der altwestnordischen Pr&auml;positionen : mit\n\t\t\t<\/td>\n<td>\n\t\t\t\tHalle an der Salle, 1896\n\t\t\t<\/td>\n<td>\n\t\t\t\tF&aacute;g 415 Geb\n\t\t\t<\/td>\n<\/tr>\n<tr height=\"14\">\n<td height=\"14\" style=\"height:14px;\">\n\t\t\t\tBer&uuml;cksichtigung der selbst&auml;ndigen Adverbia \/ von August Gebhardt.\n\t\t\t<\/td>\n<td>\n\t\t\t\t&nbsp;\n\t\t\t<\/td>\n<td>\n\t\t\t\t[&Aacute;rita&eth;: Br&iacute;et Bjarnh&eacute;&eth;insd&oacute;ttir\n\t\t\t<\/td>\n<\/tr>\n<tr height=\"14\">\n<td height=\"14\" style=\"height:14px;\">\n\t\t\t\t&nbsp;\n\t\t\t<\/td>\n<td>\n\t\t\t\t&nbsp;\n\t\t\t<\/td>\n<td>\n\t\t\t\tfr&aacute; h&ouml;f.]\n\t\t\t<\/td>\n<\/tr>\n<tr height=\"14\">\n<td height=\"14\" style=\"height:14px;\">\n\t\t\t\tSk&yacute;ring hinna almennu m&aacute;lfr&aelig;&eth;islegu hugmynda \/ eptir Halld&oacute;r Kr. Fri&eth;riksson.\n\t\t\t<\/td>\n<td>\n\t\t\t\tRv., 1964\n\t\t\t<\/td>\n<td>\n\t\t\t\tF&aacute;g 415 Hal\n\t\t\t<\/td>\n<\/tr>\n<tr height=\"14\">\n<td height=\"14\" style=\"height:14px;\">\n\t\t\t\tAthugasemdir um &iacute;slenzkat m&aacute;lmyndir \/ samdar af J&oacute;ni &THORN;orkelssyni.\n\t\t\t<\/td>\n<td>\n\t\t\t\tRv., 1874\n\t\t\t<\/td>\n<td>\n\t\t\t\tF&aacute;g 415 J&oacute;n\n\t\t\t<\/td>\n<\/tr>\n<tr height=\"14\">\n<td height=\"14\" style=\"height:14px;\">\n\t\t\t\t&nbsp;\n\t\t\t<\/td>\n<td>\n\t\t\t\t&nbsp;\n\t\t\t<\/td>\n<td>\n\t\t\t\tBundi&eth; m. F&aacute;g 819.109 J&oacute;n\n\t\t\t<\/td>\n<\/tr>\n<tr height=\"14\">\n<td height=\"14\" style=\"height:14px;\">\n\t\t\t\tOldnordisk Forml&aelig;re \/ ved Konrad Gislason. 1.\n\t\t\t<\/td>\n<td>\n\t\t\t\tKbh., 1858\n\t\t\t<\/td>\n<td>\n\t\t\t\tF&aacute;g 415 Kon\n\t\t\t<\/td>\n<\/tr>\n<tr height=\"14\">\n<td height=\"14\" style=\"height:14px;\">\n\t\t\t\tUm frumparta &iacute;slenzkrar tungu &iacute; forn&ouml;ld \/ K. G&iacute;slason.\n\t\t\t<\/td>\n<td>\n\t\t\t\tKbh., 1846\n\t\t\t<\/td>\n<td>\n\t\t\t\tF&aacute;g 415 Kon\n\t\t\t<\/td>\n<\/tr>\n<tr height=\"14\">\n<td height=\"14\" style=\"height:14px;\">\n\t\t\t\t&nbsp;\n\t\t\t<\/td>\n<td>\n\t\t\t\t&nbsp;\n\t\t\t<\/td>\n<td>\n\t\t\t\t[&Aacute;rita&eth;: Vald. &Aacute;smundarson]\n\t\t\t<\/td>\n<\/tr>\n<tr height=\"14\">\n<td height=\"14\" style=\"height:14px;\">\n\t\t\t\tStuttur lei&eth;arv&iacute;sir fyrir al&thorn;&yacute;&eth;u til &thorn;ess a&eth; skrifa &iacute;slenzku rjett og greinilega \/\n\t\t\t<\/td>\n<td>\n\t\t\t\tRv., 1856\n\t\t\t<\/td>\n<td>\n\t\t\t\tF&aacute;g 415 Mag\n\t\t\t<\/td>\n<\/tr>\n<tr height=\"14\">\n<td height=\"14\" style=\"height:14px;\">\n\t\t\t\th&ouml;fundur og &uacute;tgefari Magn&uacute;s J&oacute;nsson.\n\t\t\t<\/td>\n<td>\n\t\t\t\t&nbsp;\n\t\t\t<\/td>\n<td>\n\t\t\t\t&nbsp;\n\t\t\t<\/td>\n<\/tr>\n<tr height=\"14\">\n<td height=\"14\" style=\"height:14px;\">\n\t\t\t\tNogle bem&aelig;rkninger om adjunct C. Iversens islandske forml&aelig;re \/ af Jon Thorkelsson.\n\t\t\t<\/td>\n<td>\n\t\t\t\tRv., 1862\n\t\t\t<\/td>\n<td>\n\t\t\t\tF&aacute;g 415.09 J&oacute;n\n\t\t\t<\/td>\n<\/tr>\n<tr height=\"14\">\n<td height=\"14\" style=\"height:14px;\">\n\t\t\t\t&nbsp;\n\t\t\t<\/td>\n<td>\n\t\t\t\t&nbsp;\n\t\t\t<\/td>\n<td>\n\t\t\t\tBundi&eth; m. F&aacute;g 819.109 J&oacute;n\n\t\t\t<\/td>\n<\/tr>\n<tr height=\"14\">\n<td height=\"14\" style=\"height:14px;\">\n\t\t\t\tDet oldnorske sprogs eller norr&ouml;nsprogets grammatik \/ fremstillet af P.A. Munch og\n\t\t\t<\/td>\n<td>\n\t\t\t\tChristiania, 1847\n\t\t\t<\/td>\n<td>\n\t\t\t\tF&aacute;g 415.09 Mun\n\t\t\t<\/td>\n<\/tr>\n<tr height=\"14\">\n<td height=\"14\" style=\"height:14px;\">\n\t\t\t\tC.R. Unger.\n\t\t\t<\/td>\n<td>\n\t\t\t\t&nbsp;\n\t\t\t<\/td>\n<td>\n\t\t\t\t&nbsp;\n\t\t\t<\/td>\n<\/tr>\n<tr height=\"14\">\n<td height=\"14\" style=\"height:14px;\">\n\t\t\t\tLei&eth;arv&iacute;sir um or&eth;as&ouml;fnun \/ &THORN;&oacute;rbergur &THORN;&oacute;r&eth;arson.\n\t\t\t<\/td>\n<td>\n\t\t\t\tRv., 1922\n\t\t\t<\/td>\n<td>\n\t\t\t\tF&aacute;g 418 &THORN;&oacute;r\n\t\t\t<\/td>\n<\/tr>\n<tr height=\"14\">\n<td height=\"14\" style=\"height:14px;\">\n\t\t\t\tLestrarkver handa heldri manna b&ouml;rnum me&eth; stuttum sk&iacute;ringargreinum um stafrofi&eth; og anna&eth;\n\t\t\t<\/td>\n<td>\n\t\t\t\tKbh., 1830\n\t\t\t<\/td>\n<td>\n\t\t\t\tF&aacute;g 418.1 Ras\n\t\t\t<\/td>\n<\/tr>\n<tr height=\"14\">\n<td height=\"14\" style=\"height:14px;\">\n\t\t\t\t&thorn;artil heyrandi \/ sami&eth; af Rasmusi Rask a&eth; tilhlutun Hins &iacute;slenska b&oacute;kmenntaf&eacute;lags [!].\n\t\t\t<\/td>\n<td>\n\t\t\t\t&nbsp;\n\t\t\t<\/td>\n<td>\n\t\t\t\t&nbsp;\n\t\t\t<\/td>\n<\/tr>\n<tr height=\"14\">\n<td height=\"14\" style=\"height:14px;\">\n\t\t\t\tN&yacute;tt stafrofskver handa minni manna b&ouml;rnum : me&eth; nokkrum rjettritunar reglum og d&aacute;litlu\n\t\t\t<\/td>\n<td>\n\t\t\t\tRv., 1853\n\t\t\t<\/td>\n<td>\n\t\t\t\tF&aacute;g 418.1 Sve\n\t\t\t<\/td>\n<\/tr>\n<tr height=\"14\">\n<td height=\"14\" style=\"height:14px;\">\n\t\t\t\t&aacute;varpi til &quot;hinna minni manna&quot; fr&aacute; &uacute;tgjefara&nbsp; Ing&oacute;lfs \/ Sveinbj&ouml;rn Hallgr&iacute;msson.\n\t\t\t<\/td>\n<td>\n\t\t\t\t&nbsp;\n\t\t\t<\/td>\n<td>\n\t\t\t\t&nbsp;\n\t\t\t<\/td>\n<\/tr>\n<tr height=\"14\">\n<td height=\"14\" style=\"height:14px;\">\n\t\t\t\tUdtog af den islandske Forml&aelig;re : med N&ouml;gle til Knytlinga Saga \/ af Ludv. Chr. M&uuml;ller.\n\t\t\t<\/td>\n<td>\n\t\t\t\tKbh., 1830\n\t\t\t<\/td>\n<td>\n\t\t\t\tF&aacute;g 439.65 M&uuml;l\n\t\t\t<\/td>\n<\/tr>\n<tr height=\"14\">\n<td height=\"14\" style=\"height:14px;\">\n\t\t\t\tSm&aring;ting om den nydanske retskrivning \/ samlede og udgivne af M.D. Kriger.\n\t\t\t<\/td>\n<td>\n\t\t\t\tKbh., 1831\n\t\t\t<\/td>\n<td>\n\t\t\t\tF&aacute;g 439.81 Kri\n\t\t\t<\/td>\n<\/tr>\n<tr height=\"14\">\n<td height=\"14\" style=\"height:14px;\">\n\t\t\t\tN&yacute; d&ouml;nsk or&eth;ab&oacute;k me&eth; &iacute;slenzkum &thorn;&yacute;&eth;ingum \/ a&eth;alh&ouml;fundur J&oacute;nas J&oacute;nasson.\n\t\t\t<\/td>\n<td>\n\t\t\t\tRv., 1896\n\t\t\t<\/td>\n<td>\n\t\t\t\tF&aacute;g 439.83 J&oacute;n\n\t\t\t<\/td>\n<\/tr>\n<tr height=\"14\">\n<td height=\"14\" style=\"height:14px;\">\n\t\t\t\t&nbsp;\n\t\t\t<\/td>\n<td>\n\t\t\t\t&nbsp;\n\t\t\t<\/td>\n<td>\n\t\t\t\t&nbsp;\n\t\t\t<\/td>\n<\/tr>\n<tr height=\"14\">\n<td height=\"14\" style=\"height:14px;\">\n\t\t\t\t&nbsp;\n\t\t\t<\/td>\n<td>\n\t\t\t\t&nbsp;\n\t\t\t<\/td>\n<td>\n\t\t\t\t&nbsp;\n\t\t\t<\/td>\n<\/tr>\n<tr height=\"14\">\n<td height=\"14\" style=\"height:14px;\">\n\t\t\t\t<strong>Raunv&iacute;sindi &#8211; N&aacute;tt&uacute;rufr&aelig;&eth;i<\/strong>\n\t\t\t<\/td>\n<td>\n\t\t\t\t&nbsp;\n\t\t\t<\/td>\n<td>\n\t\t\t\t&nbsp;\n\t\t\t<\/td>\n<\/tr>\n<tr height=\"14\">\n<td height=\"14\" style=\"height:14px;\">\n\t\t\t\tFors&oslash;g til en Islandsk Naturhistorie : med adskillige oekonomiske samt andre\n\t\t\t<\/td>\n<td>\n\t\t\t\tKbh.,1786\n\t\t\t<\/td>\n<td>\n\t\t\t\tF&aacute;g 508 Moh\n\t\t\t<\/td>\n<\/tr>\n<tr height=\"14\">\n<td height=\"14\" style=\"height:14px;\">\n\t\t\t\tAnm&aelig;rkninger 7 ved N. Mohr.\n\t\t\t<\/td>\n<td>\n\t\t\t\t&nbsp;\n\t\t\t<\/td>\n<td>\n\t\t\t\t&nbsp;\n\t\t\t<\/td>\n<\/tr>\n<tr height=\"14\">\n<td height=\"14\" style=\"height:14px;\">\n\t\t\t\tS&aacute; gudlega &thorn;enkjandi N&aacute;tt&uacute;ru-skodari, &thorn;ad er Hugleiding yfir Bygg&iacute;ngu Heimsins, edur\n\t\t\t<\/td>\n<td>\n\t\t\t\tLeir&aacute;rgardar, 1798\n\t\t\t<\/td>\n<td>\n\t\t\t\tF&aacute;g 509 Suh\n\t\t\t<\/td>\n<\/tr>\n<tr height=\"14\">\n<td height=\"14\" style=\"height:14px;\">\n\t\t\t\tHandarverk Gu&eth;s &aacute; Himni og J&oslash;rdu. Asamt annari Hugleidingu um Dygdina \/ Utdregnar af\n\t\t\t<\/td>\n<td>\n\t\t\t\t&nbsp;\n\t\t\t<\/td>\n<td>\n\t\t\t\t&nbsp;\n\t\t\t<\/td>\n<\/tr>\n<tr height=\"14\">\n<td height=\"14\" style=\"height:14px;\">\n\t\t\t\tRits&oslash;fnum &#8230; P&eacute;turs Frideriks S&uacute;hms og &aacute; &iacute;slendsku utlagdar af J&oacute;ni J&oacute;nssyni &#8230;\n\t\t\t<\/td>\n<td>\n\t\t\t\t&nbsp;\n\t\t\t<\/td>\n<td>\n\t\t\t\t&nbsp;\n\t\t\t<\/td>\n<\/tr>\n<tr height=\"14\">\n<td height=\"14\" style=\"height:14px;\">\n\t\t\t\tReikn&iacute;ngslist : einkum handa leikm&ouml;nnum \/ eptir J&oacute;n Gu&eth;mundsson.\n\t\t\t<\/td>\n<td>\n\t\t\t\tVi&eth;eyar Klaustur, 1841\n\t\t\t<\/td>\n<td>\n\t\t\t\tF&aacute;g 510.2 J&oacute;n\n\t\t\t<\/td>\n<\/tr>\n<tr height=\"14\">\n<td height=\"14\" style=\"height:14px;\">\n\t\t\t\t&nbsp;\n\t\t\t<\/td>\n<td>\n\t\t\t\t&nbsp;\n\t\t\t<\/td>\n<td>\n\t\t\t\t[Illa fari&eth; eintak]\n\t\t\t<\/td>\n<\/tr>\n<tr height=\"14\">\n<td height=\"14\" style=\"height:14px;\">\n\t\t\t\tStuttur lei&eth;arv&iacute;sir &iacute; reikningi eptir S.B. Sivertsen.\n\t\t\t<\/td>\n<td>\n\t\t\t\tRv., 1854\n\t\t\t<\/td>\n<td>\n\t\t\t\tF&aacute;g 513 Sig\n\t\t\t<\/td>\n<\/tr>\n<tr height=\"14\">\n<td height=\"14\" style=\"height:14px;\">\n\t\t\t\tStj&ouml;rnufr&aelig;di, ljett og handa al&thorn;&iacute;du \/ eptir Dr. G. F. Urs&iacute;n [&#8230;] ; J&oacute;nas Hallgr&iacute;msson &iacute;slendskadi.\n\t\t\t<\/td>\n<td>\n\t\t\t\tVideiar Klaustur, 1842\n\t\t\t<\/td>\n<td>\n\t\t\t\tF&aacute;g 520 Urs\n\t\t\t<\/td>\n<\/tr>\n<tr height=\"14\">\n<td height=\"14\" style=\"height:14px;\">\n\t\t\t\tDACTYLISMUS ECCLESIASTICUS : edur Fingra-Rijm, vidvikiande Kyrkiu-Arsins Tijmum :\n\t\t\t<\/td>\n<td>\n\t\t\t\tKbh., 1739\n\t\t\t<\/td>\n<td>\n\t\t\t\tF&aacute;g 529.4 J&oacute;n\n\t\t\t<\/td>\n<\/tr>\n<tr height=\"14\">\n<td height=\"14\" style=\"height:14px;\">\n\t\t\t\tHvert, ad afdregnum &thorn;eim Romversku T&oslash;trum Gamla Stijls, hefir s&aelig;miligan Islendskan\n\t\t\t<\/td>\n<td>\n\t\t\t\t&nbsp;\n\t\t\t<\/td>\n<td>\n\t\t\t\t&nbsp;\n\t\t\t<\/td>\n<\/tr>\n<tr height=\"14\">\n<td height=\"14\" style=\"height:14px;\">\n\t\t\t\tBwning feingid, lagaden epter Tijmatale hinu Nya : Fylger og med Ny Adferd ad fina\n\t\t\t<\/td>\n<td>\n\t\t\t\t&nbsp;\n\t\t\t<\/td>\n<td>\n\t\t\t\t&nbsp;\n\t\t\t<\/td>\n<\/tr>\n<tr height=\"14\">\n<td height=\"14\" style=\"height:14px;\">\n\t\t\t\tIslendsk Misseraskipte \/ [J&oacute;n &Aacute;rnason].\n\t\t\t<\/td>\n<td>\n\t\t\t\t&nbsp;\n\t\t\t<\/td>\n<td>\n\t\t\t\t&nbsp;\n\t\t\t<\/td>\n<\/tr>\n<tr height=\"14\">\n<td height=\"14\" style=\"height:14px;\">\n\t\t\t\tE&eth;lisfr&aelig;&eth;i \/ eptir J.G. Fischer.\n\t\t\t<\/td>\n<td>\n\t\t\t\tKbh., 1852\n\t\t\t<\/td>\n<td>\n\t\t\t\tF&aacute;g 530 Fis\n\t\t\t<\/td>\n<\/tr>\n<tr height=\"14\">\n<td height=\"14\" style=\"height:14px;\">\n\t\t\t\tJar&eth;fr&aelig;&eth;i \/ eptir &THORN;orvald Thoroddsen.\n\t\t\t<\/td>\n<td>\n\t\t\t\tRv., 1889\n\t\t\t<\/td>\n<td>\n\t\t\t\tF&aacute;g 550 &THORN;or\n\t\t\t<\/td>\n<\/tr>\n<tr height=\"14\">\n<td height=\"14\" style=\"height:14px;\">\n\t\t\t\t&nbsp;\n\t\t\t<\/td>\n<td>\n\t\t\t\t&nbsp;\n\t\t\t<\/td>\n<td>\n\t\t\t\t[&Aacute;rita&eth;: Til herra ritst. Vald.\n\t\t\t<\/td>\n<\/tr>\n<tr height=\"14\">\n<td height=\"14\" style=\"height:14px;\">\n\t\t\t\t&nbsp;\n\t\t\t<\/td>\n<td>\n\t\t\t\t&nbsp;\n\t\t\t<\/td>\n<td>\n\t\t\t\t&Aacute;smundss., vinsamlegast fr&aacute;\n\t\t\t<\/td>\n<\/tr>\n<tr height=\"14\">\n<td height=\"14\" style=\"height:14px;\">\n\t\t\t\t&nbsp;\n\t\t\t<\/td>\n<td>\n\t\t\t\t&nbsp;\n\t\t\t<\/td>\n<td>\n\t\t\t\t&uacute;tgefaranum.]\n\t\t\t<\/td>\n<\/tr>\n<tr height=\"14\">\n<td height=\"14\" style=\"height:14px;\">\n\t\t\t\tUm vinda : h&ouml;fu&eth;&thorn;&aacute;ttur almennrar ve&eth;urfr&aelig;&eth;i \/ C.F.E. Bj&ouml;rling ; Bj&ouml;rn Jensson &thorn;&yacute;ddi.\n\t\t\t<\/td>\n<td>\n\t\t\t\tKbh., 1882\n\t\t\t<\/td>\n<td>\n\t\t\t\tF&aacute;g 551 Bj&ouml;\n\t\t\t<\/td>\n<\/tr>\n<tr height=\"14\">\n<td height=\"14\" style=\"height:14px;\">\n\t\t\t\tRit um jar&eth;elda &aacute; &Iacute;slandi \/ Mark&uacute;s Loptsson hefur safna&eth; og rita&eth;.\n\t\t\t<\/td>\n<td>\n\t\t\t\tRv., 1880\n\t\t\t<\/td>\n<td>\n\t\t\t\tF&aacute;g 551 Mar\n\t\t\t<\/td>\n<\/tr>\n<tr height=\"14\">\n<td height=\"14\" style=\"height:14px;\">\n\t\t\t\tDe geognostica Islandiae constituione observationes \/ Ferdinand Zirkel.\n\t\t\t<\/td>\n<td>\n\t\t\t\tBonnae, 1861\n\t\t\t<\/td>\n<td>\n\t\t\t\tF&aacute;g 554.91 Zir\n\t\t\t<\/td>\n<\/tr>\n<tr height=\"14\">\n<td height=\"14\" style=\"height:14px;\">\n\t\t\t\tVulkaner i det nord&ouml;stlige Island \/ af Th. Thoroddsen.\n\t\t\t<\/td>\n<td>\n\t\t\t\tStockholm, 1888\n\t\t\t<\/td>\n<td>\n\t\t\t\tF&aacute;g 554.91 &THORN;or\n\t\t\t<\/td>\n<\/tr>\n<tr height=\"14\">\n<td height=\"14\" style=\"height:14px;\">\n\t\t\t\t&nbsp;\n\t\t\t<\/td>\n<td>\n\t\t\t\t&nbsp;\n\t\t\t<\/td>\n<td>\n\t\t\t\t[&Aacute;ritun: Vald. &Aacute;smundarson]\n\t\t\t<\/td>\n<\/tr>\n<tr height=\"14\">\n<td height=\"14\" style=\"height:14px;\">\n\t\t\t\t&Iacute;slenzk Grasafr&aelig;&eth;i \/ af &Oacute;.J. Hjaltal&iacute;n distriktsk&iacute;r&uacute;rgus.\n\t\t\t<\/td>\n<td>\n\t\t\t\tKbh.,1830\n\t\t\t<\/td>\n<td>\n\t\t\t\tF&aacute;g 580 Odd\n\t\t\t<\/td>\n<\/tr>\n<tr height=\"14\">\n<td height=\"14\" style=\"height:14px;\">\n\t\t\t\t&nbsp;\n\t\t\t<\/td>\n<td>\n\t\t\t\t&nbsp;\n\t\t\t<\/td>\n<td>\n\t\t\t\t&nbsp;\n\t\t\t<\/td>\n<\/tr>\n<tr height=\"14\">\n<td height=\"14\" style=\"height:14px;\">\n\t\t\t\t&nbsp;\n\t\t\t<\/td>\n<td>\n\t\t\t\t&nbsp;\n\t\t\t<\/td>\n<td>\n\t\t\t\t&nbsp;\n\t\t\t<\/td>\n<\/tr>\n<tr height=\"14\">\n<td height=\"14\" style=\"height:14px;\">\n\t\t\t\t<strong>L&aelig;knisfr&aelig;&eth;i<\/strong>\n\t\t\t<\/td>\n<td>\n\t\t\t\t&nbsp;\n\t\t\t<\/td>\n<td>\n\t\t\t\t&nbsp;\n\t\t\t<\/td>\n<\/tr>\n<tr height=\"14\">\n<td height=\"14\" style=\"height:14px;\">\n\t\t\t\tL&iacute;til h&uacute;stafla heilbrig&eth;innar e&eth;ur f&aacute;einar lifna&eth;arreglur og athugasemdir um me&eth;h&ouml;ndlun\n\t\t\t<\/td>\n<td>\n\t\t\t\tAk., 1856\n\t\t\t<\/td>\n<td>\n\t\t\t\tF&aacute;g 610 Hal\n\t\t\t<\/td>\n<\/tr>\n<tr height=\"14\">\n<td height=\"14\" style=\"height:14px;\">\n\t\t\t\tl&iacute;fsins og heilsunnar \/ saman teki&eth; handa al&thorn;&yacute;&eth;u og unglingum af Hallgr&iacute;mi J&oacute;nssyni &aacute;\n\t\t\t<\/td>\n<td>\n\t\t\t\t&nbsp;\n\t\t\t<\/td>\n<td>\n\t\t\t\t&nbsp;\n\t\t\t<\/td>\n<\/tr>\n<tr height=\"14\">\n<td height=\"14\" style=\"height:14px;\">\n\t\t\t\tVarmalandi.\n\t\t\t<\/td>\n<td>\n\t\t\t\t&nbsp;\n\t\t\t<\/td>\n<td>\n\t\t\t\t&nbsp;\n\t\t\t<\/td>\n<\/tr>\n<tr height=\"14\">\n<td height=\"14\" style=\"height:14px;\">\n\t\t\t\tAnviisning paa de allervigtigste Rednings Midler for dem der ved pludselige ulykkelige\n\t\t\t<\/td>\n<td>\n\t\t\t\tKbh., 1770\n\t\t\t<\/td>\n<td>\n\t\t\t\tF&aacute;g 610 Hen\n\t\t\t<\/td>\n<\/tr>\n<tr height=\"14\">\n<td height=\"14\" style=\"height:14px;\">\n\t\t\t\tTilf&aelig;lde er blevne livl&oslash;se osv. \/ af Philipp Gabriel Hensler ; oversat af Pt. Sever Garboe.\n\t\t\t<\/td>\n<td>\n\t\t\t\t&nbsp;\n\t\t\t<\/td>\n<td>\n\t\t\t\tBundi&eth; me&eth;: F&aacute;g 635 Egg\n\t\t\t<\/td>\n<\/tr>\n<tr height=\"14\">\n<td height=\"14\" style=\"height:14px;\">\n\t\t\t\tHjaltal&iacute;n og &quot;Hom&ouml;opatharnir&quot; \/ [&Oacute;lafur Indri&eth;ason].\n\t\t\t<\/td>\n<td>\n\t\t\t\tAk., 1856\n\t\t\t<\/td>\n<td>\n\t\t\t\tF&aacute;g 610 &Oacute;la\n\t\t\t<\/td>\n<\/tr>\n<tr height=\"14\">\n<td height=\"14\" style=\"height:14px;\">\n\t\t\t\tEdlis-&uacute;tm&aacute;lun Manneskjunnar \/ gj&oslash;rd af Dr. Mart&iacute;net ; Sn&uacute;in af d&oslash;nsku af Sveini P&aacute;lssyni,\n\t\t\t<\/td>\n<td>\n\t\t\t\tLeir&aacute;rgardar, 1798\n\t\t\t<\/td>\n<td>\n\t\t\t\tF&aacute;g 612 Mar\n\t\t\t<\/td>\n<\/tr>\n<tr height=\"14\">\n<td height=\"14\" style=\"height:14px;\">\n\t\t\t\tHandl&aelig;kninga og N&aacute;tt&uacute;ru-fr&aelig;da Studioso.\n\t\t\t<\/td>\n<td>\n\t\t\t\t&nbsp;\n\t\t\t<\/td>\n<td>\n\t\t\t\t&nbsp;\n\t\t\t<\/td>\n<\/tr>\n<tr height=\"14\">\n<td height=\"14\" style=\"height:14px;\">\n\t\t\t\t&nbsp;\n\t\t\t<\/td>\n<td>\n\t\t\t\t&nbsp;\n\t\t\t<\/td>\n<td>\n\t\t\t\t&nbsp;\n\t\t\t<\/td>\n<\/tr>\n<tr height=\"14\">\n<td height=\"14\" style=\"height:14px;\">\n\t\t\t\t&nbsp;\n\t\t\t<\/td>\n<td>\n\t\t\t\t&nbsp;\n\t\t\t<\/td>\n<td>\n\t\t\t\t&nbsp;\n\t\t\t<\/td>\n<\/tr>\n<tr height=\"14\">\n<td height=\"14\" style=\"height:14px;\">\n\t\t\t\t<strong>Landb&uacute;na&eth;ur<\/strong>\n\t\t\t<\/td>\n<td>\n\t\t\t\t&nbsp;\n\t\t\t<\/td>\n<td>\n\t\t\t\t&nbsp;\n\t\t\t<\/td>\n<\/tr>\n<tr height=\"14\">\n<td height=\"14\" style=\"height:14px;\">\n\t\t\t\tAtli edr Raadagi&oslash;rdir Yngisma&ntilde;s um Bwnad sinn : helst um Jardar- og Qvikfjaar-R&aelig;kt\n\t\t\t<\/td>\n<td>\n\t\t\t\tHrappsey, 1780\n\t\t\t<\/td>\n<td>\n\t\t\t\tF&aacute;g 630 Bj&ouml;\n\t\t\t<\/td>\n<\/tr>\n<tr height=\"14\">\n<td height=\"14\" style=\"height:14px;\">\n\t\t\t\tAtferd og Agooda med Andsvari gamals B&oacute;nda : Samanskrifad fyrir Faat&aelig;kis Frumbylinga,\n\t\t\t<\/td>\n<td>\n\t\t\t\t&nbsp;\n\t\t\t<\/td>\n<td>\n\t\t\t\t&nbsp;\n\t\t\t<\/td>\n<\/tr>\n<tr height=\"14\">\n<td height=\"14\" style=\"height:14px;\">\n\t\t\t\teinkanlega &thorn;aa sem reisa Bw aa Eydi-j&ouml;rdum&nbsp; Anno 1777 \/ [Bj&ouml;rn Halld&oacute;rson].\n\t\t\t<\/td>\n<td>\n\t\t\t\t&nbsp;\n\t\t\t<\/td>\n<td>\n\t\t\t\t&nbsp;\n\t\t\t<\/td>\n<\/tr>\n<tr height=\"14\">\n<td height=\"14\" style=\"height:14px;\">\n\t\t\t\tL&iacute;til varningsb&oacute;k, handa b&aelig;ndum og b&uacute;m&ouml;nnum &aacute; &Iacute;slandi, samin eptir ymsum\n\t\t\t<\/td>\n<td>\n\t\t\t\tKbh., 1861\n\t\t\t<\/td>\n<td>\n\t\t\t\tF&aacute;g 630 J&oacute;n\n\t\t\t<\/td>\n<\/tr>\n<tr height=\"14\">\n<td height=\"14\" style=\"height:14px;\">\n\t\t\t\tsk&yacute;rslum \/ af J&oacute;ni Sigur&eth;ssyni.\n\t\t\t<\/td>\n<td>\n\t\t\t\t&nbsp;\n\t\t\t<\/td>\n<td>\n\t\t\t\t[&Aacute;ritun: Indri&eth;i Einarsson]\n\t\t\t<\/td>\n<\/tr>\n<tr height=\"14\">\n<td height=\"14\" style=\"height:14px;\">\n\t\t\t\tUm har&eth;indi \/ eptir S&aelig;m. Eyj&uacute;lfsson.\n\t\t\t<\/td>\n<td>\n\t\t\t\tRv., 1886\n\t\t\t<\/td>\n<td>\n\t\t\t\tF&aacute;g 630 S&aelig;m\n\t\t\t<\/td>\n<\/tr>\n<tr height=\"14\">\n<td height=\"14\" style=\"height:14px;\">\n\t\t\t\t&nbsp;\n\t\t\t<\/td>\n<td>\n\t\t\t\t&nbsp;\n\t\t\t<\/td>\n<td>\n\t\t\t\t[&Aacute;rita&eth;: Valdimar &Aacute;smundarson]\n\t\t\t<\/td>\n<\/tr>\n<tr height=\"14\">\n<td height=\"14\" style=\"height:14px;\">\n\t\t\t\tEinfallder &THORN;ankar um Akur-Yrkiu edur hv&oslash;rn veg hun kynne ad nyiu ad inf&aelig;rast at Islande \/\n\t\t\t<\/td>\n<td>\n\t\t\t\tKbh., 1771\n\t\t\t<\/td>\n<td>\n\t\t\t\tF&aacute;g 630 &THORN;&oacute;r\n\t\t\t<\/td>\n<\/tr>\n<tr height=\"14\">\n<td height=\"14\" style=\"height:14px;\">\n\t\t\t\tsamanskrifad fyrir b&aelig;ndur og al&thorn;ydu \/ [h&ouml;f. &THORN;&oacute;r&eth;ur &THORN;&oacute;roddsson]\n\t\t\t<\/td>\n<td>\n\t\t\t\t&nbsp;\n\t\t\t<\/td>\n<td>\n\t\t\t\t[Illa fari&eth; eintak]\n\t\t\t<\/td>\n<\/tr>\n<tr height=\"14\">\n<td height=\"14\" style=\"height:14px;\">\n\t\t\t\tStutt agrip ur LACHANOLOGIA eda Mat-urta-Bok fyrrum Vice-L&oslash;gmannsins Hr. Eggerts\n\t\t\t<\/td>\n<td>\n\t\t\t\tKbh., 1774\n\t\t\t<\/td>\n<td>\n\t\t\t\tF&aacute;g 635 Egg\n\t\t\t<\/td>\n<\/tr>\n<tr height=\"14\">\n<td height=\"14\" style=\"height:14px;\">\n\t\t\t\tOlafs Sonar um Gard-Yrkiu aa Islandi : Fra &thorn;v&iacute; s&aelig;dit fyrst fer i j&oslash;rdina, til &thorn;ess alldinit verdr a\n\t\t\t<\/td>\n<td>\n\t\t\t\t&nbsp;\n\t\t\t<\/td>\n<td>\n\t\t\t\t&nbsp;\n\t\t\t<\/td>\n<\/tr>\n<tr height=\"14\">\n<td height=\"14\" style=\"height:14px;\">\n\t\t\t\tbord borit : &THORN;ar segir og um allskonar hulldu-groda, krydd-urtir, og flesta villi-vexti her innlenda,\n\t\t\t<\/td>\n<td>\n\t\t\t\t&nbsp;\n\t\t\t<\/td>\n<td>\n\t\t\t\t&nbsp;\n\t\t\t<\/td>\n<\/tr>\n<tr height=\"14\">\n<td height=\"14\" style=\"height:14px;\">\n\t\t\t\thversu brukaz kunni, so sem eru: ber, r&aelig;tur, sveppar, fjallgraus, og annat fleira \/ Af &thorn;eim\n\t\t\t<\/td>\n<td>\n\t\t\t\t&nbsp;\n\t\t\t<\/td>\n<td>\n\t\t\t\t&nbsp;\n\t\t\t<\/td>\n<\/tr>\n<tr height=\"14\">\n<td height=\"14\" style=\"height:14px;\">\n\t\t\t\texcerptis sem author sjalfr leifdi eptir sig \/ i eitt safnat af S&iacute;ra Birni Halldors Syni, Profasti\n\t\t\t<\/td>\n<td>\n\t\t\t\t&nbsp;\n\t\t\t<\/td>\n<td>\n\t\t\t\t&nbsp;\n\t\t\t<\/td>\n<\/tr>\n<tr height=\"14\">\n<td height=\"14\" style=\"height:14px;\">\n\t\t\t\ti Bardastr. Syslu ; Enn Sidan at hanns og Vice-L&oslash;gmannsins Magnusar&nbsp; Olafs Sonar\n\t\t\t<\/td>\n<td>\n\t\t\t\t&nbsp;\n\t\t\t<\/td>\n<td>\n\t\t\t\t&nbsp;\n\t\t\t<\/td>\n<\/tr>\n<tr height=\"14\">\n<td height=\"14\" style=\"height:14px;\">\n\t\t\t\ttilhlutan prentat i Kavpmanna-h&oslash;fn.\n\t\t\t<\/td>\n<td>\n\t\t\t\t&nbsp;\n\t\t\t<\/td>\n<td>\n\t\t\t\t&nbsp;\n\t\t\t<\/td>\n<\/tr>\n<tr height=\"14\">\n<td height=\"14\" style=\"height:14px;\">\n\t\t\t\tIslendsk Urtagards Bok : S&oslash;fnud og samannteken B&aelig;ndum og Al&thorn;ydu aa Islande til\n\t\t\t<\/td>\n<td>\n\t\t\t\tKbh., 1770\n\t\t\t<\/td>\n<td>\n\t\t\t\tF&aacute;g 635 &Oacute;la\n\t\t\t<\/td>\n<\/tr>\n<tr height=\"14\">\n<td height=\"14\" style=\"height:14px;\">\n\t\t\t\ttil reynslu og nota \/ af Olafe Olafssyne, Philosophi&aelig; Baccalaureo.\n\t\t\t<\/td>\n<td>\n\t\t\t\t&nbsp;\n\t\t\t<\/td>\n<td>\n\t\t\t\t&nbsp;\n\t\t\t<\/td>\n<\/tr>\n<tr height=\"14\">\n<td height=\"14\" style=\"height:14px;\">\n\t\t\t\tL&iacute;til fiskib&oacute;k me&eth; uppdr&aacute;ttum og &uacute;tsk&yacute;ringum handa fiskim&ouml;nnum &aacute; &Iacute;slandi \/ samin\n\t\t\t<\/td>\n<td>\n\t\t\t\tKbh., 1859\n\t\t\t<\/td>\n<td>\n\t\t\t\tF&aacute;g 639.2 J&oacute;n\n\t\t\t<\/td>\n<\/tr>\n<tr height=\"14\">\n<td height=\"14\" style=\"height:14px;\">\n\t\t\t\teptir fiskivei&eth;ab&oacute;kum W. Heinz af J&oacute;ni Sigur&eth;ssyni.\n\t\t\t<\/td>\n<td>\n\t\t\t\t&nbsp;\n\t\t\t<\/td>\n<td>\n\t\t\t\t&nbsp;\n\t\t\t<\/td>\n<\/tr>\n<tr height=\"14\">\n<td height=\"14\" style=\"height:14px;\">\n\t\t\t\t&nbsp;\n\t\t\t<\/td>\n<td>\n\t\t\t\t&nbsp;\n\t\t\t<\/td>\n<td>\n\t\t\t\t&nbsp;\n\t\t\t<\/td>\n<\/tr>\n<tr height=\"14\">\n<td height=\"14\" style=\"height:14px;\">\n\t\t\t\t&nbsp;\n\t\t\t<\/td>\n<td>\n\t\t\t\t&nbsp;\n\t\t\t<\/td>\n<td>\n\t\t\t\t&nbsp;\n\t\t\t<\/td>\n<\/tr>\n<tr height=\"14\">\n<td height=\"14\" style=\"height:14px;\">\n\t\t\t\t<strong>Heimilsihald<\/strong>\n\t\t\t<\/td>\n<td>\n\t\t\t\t&nbsp;\n\t\t\t<\/td>\n<td>\n\t\t\t\t&nbsp;\n\t\t\t<\/td>\n<\/tr>\n<tr height=\"14\">\n<td height=\"14\" style=\"height:14px;\">\n\t\t\t\tTilraun ad svara upp&aacute; Spursm&aacute;lid um Jafnv&aelig;gi B&uacute;dr&yacute;ginda millum Sauda og\n\t\t\t<\/td>\n<td>\n\t\t\t\tKbh., 1801\n\t\t\t<\/td>\n<td>\n\t\t\t\tF&aacute;g 640.9 J&oacute;n\n\t\t\t<\/td>\n<\/tr>\n<tr height=\"14\">\n<td height=\"14\" style=\"height:14px;\">\n\t\t\t\t&uacute;tlendskra Mat-v&aelig;la : framsett &iacute; Islands minnisverdu T&iacute;dinda 2 Bindis 1 Deild p. 154-6 \/ Skr&aacute;sett\n\t\t\t<\/td>\n<td>\n\t\t\t\t&nbsp;\n\t\t\t<\/td>\n<td>\n\t\t\t\t&nbsp;\n\t\t\t<\/td>\n<\/tr>\n<tr height=\"14\">\n<td height=\"14\" style=\"height:14px;\">\n\t\t\t\taf S&iacute;ra J&oacute;ni J&oacute;nssyni, Presti til M&oslash;druvalla og Grundar-S&oacute;kna &iacute; Eyafirdi og launud med &thorn;eim &iacute;\n\t\t\t<\/td>\n<td>\n\t\t\t\t&nbsp;\n\t\t\t<\/td>\n<td>\n\t\t\t\t&nbsp;\n\t\t\t<\/td>\n<\/tr>\n<tr height=\"14\">\n<td height=\"14\" style=\"height:14px;\">\n\t\t\t\t&aacute;minstum T&iacute;dindum fyrirheitnu 10 Rdlum.\n\t\t\t<\/td>\n<td>\n\t\t\t\t&nbsp;\n\t\t\t<\/td>\n<td>\n\t\t\t\t&nbsp;\n\t\t\t<\/td>\n<\/tr>\n<tr height=\"14\">\n<td height=\"14\" style=\"height:14px;\">\n\t\t\t\tEinfaldt Matreidslu Vasa-Qver fyrir heldri manna H&uacute;ss-freyjur \/ &uacute;tgefid af fr&uacute; Assessorinnu\n\t\t\t<\/td>\n<td>\n\t\t\t\tLeir&aacute;rgardar, 1800\n\t\t\t<\/td>\n<td>\n\t\t\t\tF&aacute;g 641.8 Mag\n\t\t\t<\/td>\n<\/tr>\n<tr height=\"14\">\n<td height=\"14\" style=\"height:14px;\">\n\t\t\t\tM&oslash;rtu Mar&iacute;u Stephensen [ r&eacute;tt Magn&uacute;s Stephensen].\n\t\t\t<\/td>\n<td>\n\t\t\t\t&nbsp;\n\t\t\t<\/td>\n<td>\n\t\t\t\t[Illa fari&eth; eintak]\n\t\t\t<\/td>\n<\/tr>\n<tr height=\"14\">\n<td height=\"14\" style=\"height:14px;\">\n\t\t\t\tFramlei&eth;sla til s&eacute;rh&aelig;f&eth;ra nota\n\t\t\t<\/td>\n<td>\n\t\t\t\t&nbsp;\n\t\t\t<\/td>\n<td>\n\t\t\t\t&nbsp;\n\t\t\t<\/td>\n<\/tr>\n<tr height=\"14\">\n<td height=\"14\" style=\"height:14px;\">\n\t\t\t\tS&ouml;gu&aacute;grip um prentsmi&eth;jur og prentara &aacute; &Iacute;slandi \/ J&oacute;n Borgfir&eth;ingur\n\t\t\t<\/td>\n<td>\n\t\t\t\tReykjav&iacute;k 1867\n\t\t\t<\/td>\n<td>\n\t\t\t\tF&aacute;g 686.209 J&oacute;n\n\t\t\t<\/td>\n<\/tr>\n<tr>\n<td height=\"14\" style=\"height:14px;\">\n\t\t\t\t&nbsp;\n\t\t\t<\/td>\n<td>\n\t\t\t\t&nbsp;\n\t\t\t<\/td>\n<td>\n\t\t\t\t&nbsp;\n\t\t\t<\/td>\n<\/tr>\n<tr height=\"14\">\n<td height=\"14\" style=\"height:14px;\">\n\t\t\t\t&nbsp;\n\t\t\t<\/td>\n<td>\n\t\t\t\t&nbsp;\n\t\t\t<\/td>\n<td>\n\t\t\t\t&nbsp;\n\t\t\t<\/td>\n<\/tr>\n<tr height=\"14\">\n<td height=\"14\" style=\"height:14px;\">\n\t\t\t\t<strong>T&oacute;nlist<\/strong>\n\t\t\t<\/td>\n<td>\n\t\t\t\t&nbsp;\n\t\t\t<\/td>\n<td>\n\t\t\t\t&nbsp;\n\t\t\t<\/td>\n<\/tr>\n<tr height=\"14\">\n<td height=\"14\" style=\"height:14px;\">\n\t\t\t\tGraduale [n&oacute;tur] : Ein Almeneleg Messusaungs-Book : Vm &thorn;ann Saung og\n\t\t\t<\/td>\n<td>\n\t\t\t\tHoolar, 1739\n\t\t\t<\/td>\n<td>\n\t\t\t\tF&aacute;g 782.32 Gra\n\t\t\t<\/td>\n<\/tr>\n<tr height=\"14\">\n<td height=\"14\" style=\"height:14px;\">\n\t\t\t\tCeremoniur sem i Kyrkiunne eiga ad sijngast og halldast hier i Lande, epter goodre og christilegre\n\t\t\t<\/td>\n<td>\n\t\t\t\t&nbsp;\n\t\t\t<\/td>\n<td>\n\t\t\t\t[&Aacute;rita&eth;: V. &Aacute;smundarson]\n\t\t\t<\/td>\n<\/tr>\n<tr height=\"14\">\n<td height=\"14\" style=\"height:14px;\">\n\t\t\t\tSidveniu sem og vors Allra-Naadugasta Arfa Kongs og Herra, Kyrkiu Ritual.\n\t\t\t<\/td>\n<td>\n\t\t\t\t&nbsp;\n\t\t\t<\/td>\n<td>\n\t\t\t\t&nbsp;\n\t\t\t<\/td>\n<\/tr>\n<tr height=\"14\">\n<td height=\"14\" style=\"height:14px;\">\n\t\t\t\tGRADUALE [n&oacute;tur] : EIN ALMENNELEG Messusaungs Bok : VM &THORN;ANN Saung og\n\t\t\t<\/td>\n<td>\n\t\t\t\tHoolar, 1747\n\t\t\t<\/td>\n<td>\n\t\t\t\tF&aacute;g 782.32 Gra\n\t\t\t<\/td>\n<\/tr>\n<tr height=\"14\">\n<td height=\"14\" style=\"height:14px;\">\n\t\t\t\tCeremoniur, Sem i Kyrkiune eiga ad sijngiast og halldast hier i Lande, Epter goodre\n\t\t\t<\/td>\n<td>\n\t\t\t\t&nbsp;\n\t\t\t<\/td>\n<td>\n\t\t\t\t&nbsp;\n\t\t\t<\/td>\n<\/tr>\n<tr height=\"14\">\n<td height=\"14\" style=\"height:14px;\">\n\t\t\t\tog Christelegre Sidveniu, sem og Vors Allrs-Naadugasta Arfa Kongs og Herra, Kyrkiu-Ritual.\n\t\t\t<\/td>\n<td>\n\t\t\t\t&nbsp;\n\t\t\t<\/td>\n<td>\n\t\t\t\t&nbsp;\n\t\t\t<\/td>\n<\/tr>\n<tr height=\"14\">\n<td height=\"14\" style=\"height:14px;\">\n\t\t\t\tGraduale [n&oacute;tur] : Ein Almenneleg Messusaungs Bok : Innehalldande &thorn;ann Saung og\n\t\t\t<\/td>\n<td>\n\t\t\t\tHoolar, 1773\n\t\t\t<\/td>\n<td>\n\t\t\t\tF&aacute;g 782.32 Gra\n\t\t\t<\/td>\n<\/tr>\n<tr height=\"14\">\n<td height=\"14\" style=\"height:14px;\">\n\t\t\t\tCerimoniur, sem i Kyrkiunne eiga ad sijngiast og halldast hier i Lande, epter goodri og\n\t\t\t<\/td>\n<td>\n\t\t\t\t&nbsp;\n\t\t\t<\/td>\n<td>\n\t\t\t\t&nbsp;\n\t\t\t<\/td>\n<\/tr>\n<tr height=\"14\">\n<td height=\"14\" style=\"height:14px;\">\n\t\t\t\tChristilegri Sidveniu, sem og vors Allra-Naadugasta Arfa-Kongs og Herra, Kyrkiu Ritual.\n\t\t\t<\/td>\n<td>\n\t\t\t\t&nbsp;\n\t\t\t<\/td>\n<td>\n\t\t\t\t&nbsp;\n\t\t\t<\/td>\n<\/tr>\n<tr height=\"14\">\n<td height=\"14\" style=\"height:14px;\">\n\t\t\t\tGraduale [n&oacute;tur] : Ein Almenneleg Messusaungs Bok : Innehalldande &thorn;ann Saung og\n\t\t\t<\/td>\n<td>\n\t\t\t\tHoolar, 1779\n\t\t\t<\/td>\n<td>\n\t\t\t\tF&aacute;g 782.32 Gra\n\t\t\t<\/td>\n<\/tr>\n<tr height=\"14\">\n<td height=\"14\" style=\"height:14px;\">\n\t\t\t\tCerimoniur, sem i Kyrkiunne eiga ad syngiast og halldast hier i Lande, epter goodre og\n\t\t\t<\/td>\n<td>\n\t\t\t\t&nbsp;\n\t\t\t<\/td>\n<td>\n\t\t\t\t&nbsp;\n\t\t\t<\/td>\n<\/tr>\n<tr height=\"14\">\n<td height=\"14\" style=\"height:14px;\">\n\t\t\t\tChristilegre Sidveniu, sem og vors Allra-Naadugasta Arfa-Kongs og Herra Kyrkiu Ritual.\n\t\t\t<\/td>\n<td>\n\t\t\t\t&nbsp;\n\t\t\t<\/td>\n<td>\n\t\t\t\t&nbsp;\n\t\t\t<\/td>\n<\/tr>\n<tr height=\"14\">\n<td height=\"14\" style=\"height:14px;\">\n\t\t\t\t&nbsp;\n\t\t\t<\/td>\n<td>\n\t\t\t\t&nbsp;\n\t\t\t<\/td>\n<td>\n\t\t\t\t&nbsp;\n\t\t\t<\/td>\n<\/tr>\n<tr height=\"14\">\n<td height=\"14\" style=\"height:14px;\">\n\t\t\t\t&nbsp;\n\t\t\t<\/td>\n<td>\n\t\t\t\t&nbsp;\n\t\t\t<\/td>\n<td>\n\t\t\t\t&nbsp;\n\t\t\t<\/td>\n<\/tr>\n<tr height=\"14\">\n<td height=\"14\" style=\"height:14px;\">\n\t\t\t\t<strong>B&oacute;kmenntir<\/strong>\n\t\t\t<\/td>\n<td>\n\t\t\t\t&nbsp;\n\t\t\t<\/td>\n<td>\n\t\t\t\t&nbsp;\n\t\t\t<\/td>\n<\/tr>\n<tr height=\"14\">\n<td height=\"14\" style=\"height:14px;\">\n\t\t\t\tTVEIR KvedlingAR : 1. Kv&aelig;de, Hv&oslash;rne&ntilde; Madur skal brwka Aude&ntilde; Riettelega : 2. Typus\n\t\t\t<\/td>\n<td>\n\t\t\t\tHoolar, 1755\n\t\t\t<\/td>\n<td>\n\t\t\t\tF&aacute;g 811 J&oacute;n\n\t\t\t<\/td>\n<\/tr>\n<tr height=\"14\">\n<td height=\"14\" style=\"height:14px;\">\n\t\t\t\tMorientium, Edur DaudaDoomur allra Adams Barna \/ Ordter af &thorn;eim Gaafurijka Guds Orda\n\t\t\t<\/td>\n<td>\n\t\t\t\t&nbsp;\n\t\t\t<\/td>\n<td>\n\t\t\t\t[Illa fari&eth; eintak]\n\t\t\t<\/td>\n<\/tr>\n<tr height=\"14\">\n<td height=\"14\" style=\"height:14px;\">\n\t\t\t\tKienemane, Saal. Sr. Jone MagnUS-SYNI Ad Laufaase.\n\t\t\t<\/td>\n<td>\n\t\t\t\t&nbsp;\n\t\t\t<\/td>\n<td>\n\t\t\t\t&nbsp;\n\t\t\t<\/td>\n<\/tr>\n<tr height=\"14\">\n<td height=\"14\" style=\"height:14px;\">\n\t\t\t\tH&oacute;mers Odysseifs-kv&aelig;&eth;i \/ Sveinbj&ouml;rn Egilsson &iacute;slenzka&eth;i.\n\t\t\t<\/td>\n<td>\n\t\t\t\tKbh., 1854\n\t\t\t<\/td>\n<td>\n\t\t\t\tF&aacute;g 811 H&oacute;m\n\t\t\t<\/td>\n<\/tr>\n<tr height=\"14\">\n<td height=\"14\" style=\"height:14px;\">\n\t\t\t\tIl&iacute;ons-kv&aelig;&eth;i : I.-XII. Kvi&eth;a [H&oacute;mer] \/ Benedikt Gr&ouml;ndal &iacute;slenzka&eth;i.\n\t\t\t<\/td>\n<td>\n\t\t\t\tRv. 1856\n\t\t\t<\/td>\n<td>\n\t\t\t\tF&aacute;g 811 H&oacute;m\n\t\t\t<\/td>\n<\/tr>\n<tr height=\"14\">\n<td height=\"14\" style=\"height:14px;\">\n\t\t\t\tLj&oacute;&eth;m&aelig;li \/ eptir J&oacute;nas Hallgr&iacute;msson ; B. Pjetursson og K. G&iacute;slason hafa sje&eth; um prentunina.\n\t\t\t<\/td>\n<td>\n\t\t\t\tKbh., 1847\n\t\t\t<\/td>\n<td>\n\t\t\t\tF&aacute;g 811 J&oacute;n\n\t\t\t<\/td>\n<\/tr>\n<tr height=\"14\">\n<td height=\"14\" style=\"height:14px;\">\n\t\t\t\tSk&oacute;lalj&oacute;&eth;: kv&aelig;&eth;asafn handa unglingum til a&eth; lesa og nema \/ vali&eth; hefir og b&uacute;i&eth; til\n\t\t\t<\/td>\n<td>\n\t\t\t\tRv., 1909\n\t\t\t<\/td>\n<td>\n\t\t\t\tF&aacute;g 811 Sk&oacute;l\n\t\t\t<\/td>\n<\/tr>\n<tr height=\"14\">\n<td height=\"14\" style=\"height:14px;\">\n\t\t\t\tprentunar &THORN;&oacute;rhallur Bjarnason.\n\t\t\t<\/td>\n<td>\n\t\t\t\t&nbsp;\n\t\t\t<\/td>\n<td>\n\t\t\t\t&nbsp;\n\t\t\t<\/td>\n<\/tr>\n<tr height=\"14\">\n<td height=\"14\" style=\"height:14px;\">\n\t\t\t\tGrafminn&iacute;ngar og Erfilj&oacute;d eptir &yacute;mislegt merkisf&oacute;lk \/ samin af Konferentsr&aacute;di Dr. M.\n\t\t\t<\/td>\n<td>\n\t\t\t\tVideyar Klaustur, 1842\n\t\t\t<\/td>\n<td>\n\t\t\t\tF&aacute;g 818 Mag\n\t\t\t<\/td>\n<\/tr>\n<tr height=\"14\">\n<td height=\"14\" style=\"height:14px;\">\n\t\t\t\tStephensen, og Grafskriftir, Erfilj&oacute;d og L&iacute;kr&aelig;dur eptir Konferentsr&aacute;d Dr. M. Stephensen og Hans\n\t\t\t<\/td>\n<td>\n\t\t\t\t&nbsp;\n\t\t\t<\/td>\n<td>\n\t\t\t\t&nbsp;\n\t\t\t<\/td>\n<\/tr>\n<tr height=\"14\">\n<td height=\"14\" style=\"height:14px;\">\n\t\t\t\tH&aacute;s&aelig;lu Fr&uacute; Gudr&uacute;nu Vigf&uacute;ssd&oacute;ttur Scheving ; s&ouml;fnud og &uacute;tg&eacute;fin af Syni &thorn;eirra O.M. Stephensen.\n\t\t\t<\/td>\n<td>\n\t\t\t\t&nbsp;\n\t\t\t<\/td>\n<td>\n\t\t\t\t&nbsp;\n\t\t\t<\/td>\n<\/tr>\n<tr height=\"14\">\n<td height=\"14\" style=\"height:14px;\">\n\t\t\t\tHeimilisl&iacute;fi&eth; \/ fyrirlestur eptir &Oacute;laf &Oacute;lafsson haldinn &aacute; Eyrarbakka hinn 25. og 26. febr&uacute;ar 1889.\n\t\t\t<\/td>\n<td>\n\t\t\t\tRv., 1842\n\t\t\t<\/td>\n<td>\n\t\t\t\tF&aacute;g 815 &Oacute;la\n\t\t\t<\/td>\n<\/tr>\n<tr height=\"14\">\n<td height=\"14\" style=\"height:14px;\">\n\t\t\t\tQv&oslash;ld-v&oslash;kurnar 1794 \/ samanteknar af Dr. Hannesi Finnssyni. [Fyrri partur]\n\t\t\t<\/td>\n<td>\n\t\t\t\tLeir&aacute;rgardar, 1796-1797\n\t\t\t<\/td>\n<td>\n\t\t\t\tF&aacute;g 818 Han\n\t\t\t<\/td>\n<\/tr>\n<tr height=\"14\">\n<td height=\"14\" style=\"height:14px;\">\n\t\t\t\tN&yacute;&aacute;rsgj&oslash;f handa B&oslash;rnum \/ fr&aacute; J&oacute;hanni Hald&oacute;rssyni.\n\t\t\t<\/td>\n<td>\n\t\t\t\tKbh., 1841\n\t\t\t<\/td>\n<td>\n\t\t\t\tF&aacute;g 818 J&oacute;h\n\t\t\t<\/td>\n<\/tr>\n<tr height=\"14\">\n<td height=\"14\" style=\"height:14px;\">\n\t\t\t\tSk&eacute;mtileg Vina-Gledi &iacute; fr&oacute;dlegum Samr&aelig;dum og Li&oacute;dm&aelig;lum \/\n\t\t\t<\/td>\n<td>\n\t\t\t\tLeir&aacute;rgadrar, 1797\n\t\t\t<\/td>\n<td>\n\t\t\t\tF&aacute;g 818 Mag\n\t\t\t<\/td>\n<\/tr>\n<tr height=\"14\">\n<td height=\"14\" style=\"height:14px;\">\n\t\t\t\tleidd &iacute; li&oacute;s af Magn&uacute;si Stephensen.\n\t\t\t<\/td>\n<td>\n\t\t\t\t&nbsp;\n\t\t\t<\/td>\n<td>\n\t\t\t\t&nbsp;\n\t\t\t<\/td>\n<\/tr>\n<tr height=\"14\">\n<td height=\"14\" style=\"height:14px;\">\n\t\t\t\tMonumenta typographica islandica \/ edited by Sigur&eth;ur Nordal. 1.-6. bindi\n\t\t\t<\/td>\n<td>\n\t\t\t\tKbh., 1933-1942\n\t\t\t<\/td>\n<td>\n\t\t\t\tF&aacute;g 818 Mon\n\t\t\t<\/td>\n<\/tr>\n<tr height=\"14\">\n<td height=\"14\" style=\"height:14px;\">\n\t\t\t\tS&yacute;nisb&oacute;k &iacute;slenzkra b&oacute;kmennta &aacute; 19. &ouml;ld \/ &uacute;t gefi&eth; hefur Bogi Th. Melste&eth;.\n\t\t\t<\/td>\n<td>\n\t\t\t\tKbh., 1891\n\t\t\t<\/td>\n<td>\n\t\t\t\tF&aacute;g 818 S&yacute;n\n\t\t\t<\/td>\n<\/tr>\n<tr height=\"14\">\n<td height=\"14\" style=\"height:14px;\">\n\t\t\t\t&nbsp;\n\t\t\t<\/td>\n<td>\n\t\t\t\t&nbsp;\n\t\t\t<\/td>\n<td>\n\t\t\t\t[&Aacute;rit: Til ritstj&oacute;ra Fjallkonunnar]\n\t\t\t<\/td>\n<\/tr>\n<tr>\n<td height=\"14\" style=\"height:14px;\">\n\t\t\t\t&nbsp;\n\t\t\t<\/td>\n<td>\n\t\t\t\t&nbsp;\n\t\t\t<\/td>\n<td>\n\t\t\t\t&nbsp;\n\t\t\t<\/td>\n<\/tr>\n<tr height=\"14\">\n<td height=\"14\" style=\"height:14px;\">\n\t\t\t\t&nbsp;\n\t\t\t<\/td>\n<td>\n\t\t\t\t&nbsp;\n\t\t\t<\/td>\n<td>\n\t\t\t\t&nbsp;\n\t\t\t<\/td>\n<\/tr>\n<tr height=\"14\">\n<td height=\"14\" style=\"height:14px;\">\n\t\t\t\t<strong>Fornb&oacute;kmenntir<\/strong>\n\t\t\t<\/td>\n<td>\n\t\t\t\t&nbsp;\n\t\t\t<\/td>\n<td>\n\t\t\t\t&nbsp;\n\t\t\t<\/td>\n<\/tr>\n<tr height=\"14\">\n<td height=\"14\" style=\"height:14px;\">\n\t\t\t\tDet Arnamagn&aelig;anske Haandskrift nr. 674 A, 4to : indeholdende det &aelig;ldste Brudstykke af\n\t\t\t<\/td>\n<td>\n\t\t\t\tKbh., 1869\n\t\t\t<\/td>\n<td>\n\t\t\t\tF&aacute;g 819 Elu\n\t\t\t<\/td>\n<\/tr>\n<tr height=\"14\">\n<td height=\"14\" style=\"height:14px;\">\n\t\t\t\tElucidarius paa Islandsk.\n\t\t\t<\/td>\n<td>\n\t\t\t\t&nbsp;\n\t\t\t<\/td>\n<td>\n\t\t\t\t&nbsp;\n\t\t\t<\/td>\n<\/tr>\n<tr height=\"14\">\n<td height=\"14\" style=\"height:14px;\">\n\t\t\t\t&Iacute;slenzk fornkv&aelig;&eth;i \/ udgivne af det nordiske Literatur-Samfund ved Svend Grundtvig og\n\t\t\t<\/td>\n<td>\n\t\t\t\tKbh., 1854\n\t\t\t<\/td>\n<td>\n\t\t\t\tF&aacute;g 819.1 &Iacute;sl\n\t\t\t<\/td>\n<\/tr>\n<tr height=\"14\">\n<td height=\"14\" style=\"height:14px;\">\n\t\t\t\tJ&oacute;n Sigur&eth;sson. [1. hefti]\n\t\t\t<\/td>\n<td>\n\t\t\t\t&nbsp;\n\t\t\t<\/td>\n<td>\n\t\t\t\t[1. hefti]\n\t\t\t<\/td>\n<\/tr>\n<tr height=\"14\">\n<td height=\"14\" style=\"height:14px;\">\n\t\t\t\tSk&yacute;ringar &aacute; v&iacute;sum &iacute; nokkrum &iacute;slenzkum s&ouml;gum \/ samdar af J&oacute;ni &thorn;orkelssyni.\n\t\t\t<\/td>\n<td>\n\t\t\t\tRv., 1868\n\t\t\t<\/td>\n<td>\n\t\t\t\tF&aacute;g 819.109 J&oacute;n\n\t\t\t<\/td>\n<\/tr>\n<tr height=\"14\">\n<td height=\"14\" style=\"height:14px;\">\n\t\t\t\tSk&yacute;ringar &aacute; v&iacute;sum &iacute; Nj&aacute;ls s&ouml;gu \/ samdar af J&oacute;ni &THORN;orkelssyni.\n\t\t\t<\/td>\n<td>\n\t\t\t\tRv., 1870\n\t\t\t<\/td>\n<td>\n\t\t\t\tF&aacute;g 819.109 J&oacute;n\n\t\t\t<\/td>\n<\/tr>\n<tr height=\"14\">\n<td height=\"14\" style=\"height:14px;\">\n\t\t\t\t&nbsp;\n\t\t\t<\/td>\n<td>\n\t\t\t\t&nbsp;\n\t\t\t<\/td>\n<td>\n\t\t\t\tBundi&eth; m: F&aacute;g 819.109 J&oacute;n\n\t\t\t<\/td>\n<\/tr>\n<tr height=\"14\">\n<td height=\"14\" style=\"height:14px;\">\n\t\t\t\tSk&yacute;ringar &aacute; v&iacute;sum &iacute; Grettis s&ouml;gu \/samdar af J&oacute;ni &THORN;orkelssyni.\n\t\t\t<\/td>\n<td>\n\t\t\t\tRv., 1871\n\t\t\t<\/td>\n<td>\n\t\t\t\tF&aacute;g 819.109 J&oacute;n\n\t\t\t<\/td>\n<\/tr>\n<tr height=\"14\">\n<td height=\"14\" style=\"height:14px;\">\n\t\t\t\t&nbsp;\n\t\t\t<\/td>\n<td>\n\t\t\t\t&nbsp;\n\t\t\t<\/td>\n<td>\n\t\t\t\tBundi&eth; m: F&aacute;g 819.109 J&oacute;n\n\t\t\t<\/td>\n<\/tr>\n<tr height=\"14\">\n<td height=\"14\" style=\"height:14px;\">\n\t\t\t\tSk&yacute;ringar &aacute; v&iacute;sum &iacute; Gu&eth;mundar s&ouml;gu Arasonar og Hrafns s&ouml;gu Sveinbjarnarsonar\n\t\t\t<\/td>\n<td>\n\t\t\t\tRv., 1872\n\t\t\t<\/td>\n<td>\n\t\t\t\tF&aacute;g 819.109 J&oacute;n\n\t\t\t<\/td>\n<\/tr>\n<tr height=\"14\">\n<td height=\"14\" style=\"height:14px;\">\n\t\t\t\tsamdar af J&oacute;ni &THORN;orkelssyni.\n\t\t\t<\/td>\n<td>\n\t\t\t\t&nbsp;\n\t\t\t<\/td>\n<td>\n\t\t\t\tBundi&eth; m: F&aacute;g 819.109 J&oacute;n\n\t\t\t<\/td>\n<\/tr>\n<tr height=\"14\">\n<td height=\"14\" style=\"height:14px;\">\n\t\t\t\tSk&yacute;ringar &aacute; v&iacute;sum &iacute; G&iacute;sla s&ouml;gu S&uacute;rssonar \/ samdar af J&oacute;ni &THORN;orkelssyni.\n\t\t\t<\/td>\n<td>\n\t\t\t\tRv., 1873\n\t\t\t<\/td>\n<td>\n\t\t\t\tF&aacute;g 819.109 J&oacute;n\n\t\t\t<\/td>\n<\/tr>\n<tr height=\"14\">\n<td height=\"14\" style=\"height:14px;\">\n\t\t\t\t&nbsp;\n\t\t\t<\/td>\n<td>\n\t\t\t\t&nbsp;\n\t\t\t<\/td>\n<td>\n\t\t\t\tBundi&eth; m: F&aacute;g 819.109 J&oacute;n\n\t\t\t<\/td>\n<\/tr>\n<tr height=\"14\">\n<td height=\"14\" style=\"height:14px;\">\n\t\t\t\tBem&aelig;rkninger til nogle stederi Sk&aacute;ldskaparm&aacute;l \/ af Konr. G&iacute;slason.\n\t\t\t<\/td>\n<td>\n\t\t\t\tKbh., 1879\n\t\t\t<\/td>\n<td>\n\t\t\t\tF&aacute;g 819.109 Kon\n\t\t\t<\/td>\n<\/tr>\n<tr height=\"14\">\n<td height=\"14\" style=\"height:14px;\">\n\t\t\t\tAntiqvitates American&aelig; sive Scriptores Septentrionales rerum ante-Columbianarum\n\t\t\t<\/td>\n<td>\n\t\t\t\tKbh., 1837\n\t\t\t<\/td>\n<td>\n\t\t\t\tF&aacute;g 819.3 Ant\n\t\t\t<\/td>\n<\/tr>\n<tr height=\"14\">\n<td height=\"14\" style=\"height:14px;\">\n\t\t\t\tin America = Samling af de i Nordens Oldskrifter indeholdte Efterretninger om de gamle\n\t\t\t<\/td>\n<td>\n\t\t\t\t&nbsp;\n\t\t\t<\/td>\n<td>\n\t\t\t\t&nbsp;\n\t\t\t<\/td>\n<\/tr>\n<tr height=\"14\">\n<td height=\"14\" style=\"height:14px;\">\n\t\t\t\tNordboers Opdagelsesreiser til Amerika fra det 10de til det 14de Aarhundrede \/ Edited\n\t\t\t<\/td>\n<td>\n\t\t\t\t&nbsp;\n\t\t\t<\/td>\n<td>\n\t\t\t\t&nbsp;\n\t\t\t<\/td>\n<\/tr>\n<tr height=\"14\">\n<td height=\"14\" style=\"height:14px;\">\n\t\t\t\tSocietas Regia Antiqvariorum Septentrionalium ; [studio er opera Caroli Christiani Rafn].\n\t\t\t<\/td>\n<td>\n\t\t\t\t&nbsp;\n\t\t\t<\/td>\n<td>\n\t\t\t\t&nbsp;\n\t\t\t<\/td>\n<\/tr>\n<tr height=\"14\">\n<td height=\"14\" style=\"height:14px;\">\n\t\t\t\tBiskupa s&ouml;gur \/ gefnar &uacute;t af Hinu &iacute;slenzka b&oacute;kmentaf&egrave;lagi. [1. og 2. bindi]\n\t\t\t<\/td>\n<td>\n\t\t\t\tKbh., 1858-1878\n\t\t\t<\/td>\n<td>\n\t\t\t\tF&aacute;g 819.3 Bis\n\t\t\t<\/td>\n<\/tr>\n<tr height=\"14\">\n<td height=\"14\" style=\"height:14px;\">\n\t\t\t\t&nbsp;\n\t\t\t<\/td>\n<td>\n\t\t\t\t&nbsp;\n\t\t\t<\/td>\n<td>\n\t\t\t\t[1. og 2. bindi]\n\t\t\t<\/td>\n<\/tr>\n<tr height=\"14\">\n<td height=\"14\" style=\"height:14px;\">\n\t\t\t\tSagan af Birni H&iacute;td&aelig;lakappa \/ bes&ouml;rget og oversat af H. Fri&eth;riksson.\n\t\t\t<\/td>\n<td>\n\t\t\t\tKbh., 1847\n\t\t\t<\/td>\n<td>\n\t\t\t\tF&aacute;g 819.3 Bja\n\t\t\t<\/td>\n<\/tr>\n<tr height=\"14\">\n<td height=\"14\" style=\"height:14px;\">\n\t\t\t\t&nbsp;\n\t\t\t<\/td>\n<td>\n\t\t\t\t&nbsp;\n\t\t\t<\/td>\n<td>\n\t\t\t\tBundi&eth; m: F&aacute;g 819.3 Hra\n\t\t\t<\/td>\n<\/tr>\n<tr height=\"14\">\n<td height=\"14\" style=\"height:14px;\">\n\t\t\t\tSagan af Helga ok Gr&iacute;mi Droplaugarsonum \/ bes&oslash;rget og ledsaget med en analyse\n\t\t\t<\/td>\n<td>\n\t\t\t\tKbh., 1847\n\t\t\t<\/td>\n<td>\n\t\t\t\tF&aacute;g 819.3 Dro\n\t\t\t<\/td>\n<\/tr>\n<tr height=\"14\">\n<td height=\"14\" style=\"height:14px;\">\n\t\t\t\tog ordsamling af Konrad Gislason.\n\t\t\t<\/td>\n<td>\n\t\t\t\t&nbsp;\n\t\t\t<\/td>\n<td>\n\t\t\t\tBundi&eth; m.: F&aacute;g 819.3 Hra\n\t\t\t<\/td>\n<\/tr>\n<tr height=\"14\">\n<td height=\"14\" style=\"height:14px;\">\n\t\t\t\tEgils saga Skallagr&iacute;mssonar : tilligemed Egils st&ouml;rre kvad \/ udgivet for Samfund til\n\t\t\t<\/td>\n<td>\n\t\t\t\tKbh., 1888\n\t\t\t<\/td>\n<td>\n\t\t\t\tF&aacute;g 819.3 Egi\n\t\t\t<\/td>\n<\/tr>\n<tr height=\"14\">\n<td height=\"14\" style=\"height:14px;\">\n\t\t\t\tudgivelse af gammel nordisk litteratur ved Finnur J&oacute;nsson.\n\t\t\t<\/td>\n<td>\n\t\t\t\t&nbsp;\n\t\t\t<\/td>\n<td>\n\t\t\t\t&nbsp;\n\t\t\t<\/td>\n<\/tr>\n<tr height=\"14\">\n<td height=\"14\" style=\"height:14px;\">\n\t\t\t\tEyrbyggja saga \/ herausgegeben von Gu&eth;brandr Vigfusson.\n\t\t\t<\/td>\n<td>\n\t\t\t\tLeipzig, 1864\n\t\t\t<\/td>\n<td>\n\t\t\t\tF&aacute;g 819.3 Eyr\n\t\t\t<\/td>\n<\/tr>\n<tr height=\"14\">\n<td height=\"14\" style=\"height:14px;\">\n\t\t\t\t&nbsp;\n\t\t\t<\/td>\n<td>\n\t\t\t\t&nbsp;\n\t\t\t<\/td>\n<td>\n\t\t\t\t[Illa fari&eth; eintak]\n\t\t\t<\/td>\n<\/tr>\n<tr height=\"14\">\n<td height=\"14\" style=\"height:14px;\">\n\t\t\t\tFl&oacute;amanna saga \/ &THORN;&oacute;rleifr J&oacute;nsson gaf &uacute;t.\n\t\t\t<\/td>\n<td>\n\t\t\t\tRv., 1884\n\t\t\t<\/td>\n<td>\n\t\t\t\tF&aacute;g 819.3 Fl&oacute;\n\t\t\t<\/td>\n<\/tr>\n<tr height=\"14\">\n<td height=\"14\" style=\"height:14px;\">\n\t\t\t\tFornaldars&ouml;gur Nor&eth;urlanda \/ Valdimar &Aacute;smundarson hefir b&uacute;i&eth; undir prentun,\n\t\t\t<\/td>\n<td>\n\t\t\t\tRv., 1885-1886\n\t\t\t<\/td>\n<td>\n\t\t\t\tF&aacute;g 819.3 For\n\t\t\t<\/td>\n<\/tr>\n<tr height=\"14\">\n<td height=\"14\" style=\"height:14px;\">\n\t\t\t\t4 bindi, sambundin\n\t\t\t<\/td>\n<td>\n\t\t\t\t&nbsp;\n\t\t\t<\/td>\n<td>\n\t\t\t\t[1.-4 [3.] bindi]\n\t\t\t<\/td>\n<\/tr>\n<tr height=\"14\">\n<td height=\"14\" style=\"height:14px;\">\n\t\t\t\tFornaldars&ouml;gur Nor&eth;urlanda \/ b&uacute;i&eth; hefir til prentunar Valdimar &Aacute;smundarson. 3 bindi.\n\t\t\t<\/td>\n<td>\n\t\t\t\tRv., 1886-1891\n\t\t\t<\/td>\n<td>\n\t\t\t\tF&aacute;g 819.3 For\n\t\t\t<\/td>\n<\/tr>\n<tr height=\"14\">\n<td height=\"14\" style=\"height:14px;\">\n\t\t\t\t&nbsp;\n\t\t\t<\/td>\n<td>\n\t\t\t\t&nbsp;\n\t\t\t<\/td>\n<td>\n\t\t\t\t[1.-3.bindi. &Aacute;rita&eth;: HV]\n\t\t\t<\/td>\n<\/tr>\n<tr height=\"14\">\n<td height=\"14\" style=\"height:14px;\">\n\t\t\t\tFornmanna s&ouml;gur : eptir g&ouml;mlum handritum \/ &uacute;tgefnar a&eth; tilhlutun hins Kon&uacute;nglega\n\t\t\t<\/td>\n<td>\n\t\t\t\tKbh., 1825-137\n\t\t\t<\/td>\n<td>\n\t\t\t\tF&aacute;g 819.3 For\n\t\t\t<\/td>\n<\/tr>\n<tr height=\"14\">\n<td height=\"14\" style=\"height:14px;\">\n\t\t\t\tnorr&aelig;na fornfr&aelig;&eth;a f&eacute;lags. [1.- 12, bindi]\n\t\t\t<\/td>\n<td>\n\t\t\t\t&nbsp;\n\t\t\t<\/td>\n<td>\n\t\t\t\t[&Aacute;ritun &aacute; flest bindin:\n\t\t\t<\/td>\n<\/tr>\n<tr height=\"14\">\n<td height=\"14\" style=\"height:14px;\">\n\t\t\t\t&nbsp;\n\t\t\t<\/td>\n<td>\n\t\t\t\t&nbsp;\n\t\t\t<\/td>\n<td>\n\t\t\t\tVald.&nbsp; &Aacute;smundsson]\n\t\t\t<\/td>\n<\/tr>\n<tr height=\"14\">\n<td height=\"14\" style=\"height:14px;\">\n\t\t\t\tForns&ouml;gur : Vatnsd&aelig;lasaga, Hallfre&eth;arsaga, Fl&oacute;amannasaga \/ herausgegeben von\n\t\t\t<\/td>\n<td>\n\t\t\t\tLeipzig, 1860\n\t\t\t<\/td>\n<td>\n\t\t\t\tF&aacute;g 819.3 For\n\t\t\t<\/td>\n<\/tr>\n<tr height=\"14\">\n<td height=\"14\" style=\"height:14px;\">\n\t\t\t\tGu&eth;brandur Vigf&uacute;sson und Theodor M&ouml;bius.\n\t\t\t<\/td>\n<td>\n\t\t\t\t&nbsp;\n\t\t\t<\/td>\n<td>\n\t\t\t\t&nbsp;\n\t\t\t<\/td>\n<\/tr>\n<tr height=\"14\">\n<td height=\"14\" style=\"height:14px;\">\n\t\t\t\tF&oacute;stbr&aelig;&eth;rasaga \/ udgivet for Det Nordiske Literatur-Samfund af Konrad G&iacute;slason.\n\t\t\t<\/td>\n<td>\n\t\t\t\tKbh., 1852\n\t\t\t<\/td>\n<td>\n\t\t\t\tF&aacute;g 819.3 F&oacute;s\n\t\t\t<\/td>\n<\/tr>\n<tr height=\"14\">\n<td height=\"14\" style=\"height:14px;\">\n\t\t\t\tGrettis saga \/ udgivet for det nordiske Literatur-Samfund af G. Magn&uacute;sson og G. Thordarson.\n\t\t\t<\/td>\n<td>\n\t\t\t\tKbh., 1853\n\t\t\t<\/td>\n<td>\n\t\t\t\tF&aacute;g 819.3 Gre\n\t\t\t<\/td>\n<\/tr>\n<tr height=\"14\">\n<td height=\"14\" style=\"height:14px;\">\n\t\t\t\t&nbsp;\n\t\t\t<\/td>\n<td>\n\t\t\t\t&nbsp;\n\t\t\t<\/td>\n<td>\n\t\t\t\t[Illa fari&eth; eintak. Vantar\n\t\t\t<\/td>\n<\/tr>\n<tr height=\"14\">\n<td height=\"14\" style=\"height:14px;\">\n\t\t\t\t&nbsp;\n\t\t\t<\/td>\n<td>\n\t\t\t\t&nbsp;\n\t\t\t<\/td>\n<td>\n\t\t\t\t2 bls. aftast]\n\t\t\t<\/td>\n<\/tr>\n<tr height=\"14\">\n<td height=\"14\" style=\"height:14px;\">\n\t\t\t\tDie Gull-&THORN;&oacute;ris Saga oder &THORN;orskfir&eth;&iacute;nga Saga \/ herausgegeben von Konrad Maurer.\n\t\t\t<\/td>\n<td>\n\t\t\t\tLeipzig, 1858\n\t\t\t<\/td>\n<td>\n\t\t\t\tF&aacute;g 819.3 Gul\n\t\t\t<\/td>\n<\/tr>\n<tr height=\"14\">\n<td height=\"14\" style=\"height:14px;\">\n\t\t\t\tHauksb&oacute;k. &Uacute;rval. 1865: Nokkur bl&ouml;&eth; &uacute;r Hauksb&oacute;k og brot &uacute;r Gu&eth;mundars&ouml;gu \/\n\t\t\t<\/td>\n<td>\n\t\t\t\tRv., 1865\n\t\t\t<\/td>\n<td>\n\t\t\t\tF&aacute;g 819.3 Hau\n\t\t\t<\/td>\n<\/tr>\n<tr height=\"14\">\n<td height=\"14\" style=\"height:14px;\">\n\t\t\t\tgwfin &uacute;t af J&oacute;ni &THORN;orkelssyni.\n\t\t\t<\/td>\n<td>\n\t\t\t\t&nbsp;\n\t\t\t<\/td>\n<td>\n\t\t\t\tBundi&eth; m: F&aacute;g 819.109 J&oacute;n\n\t\t\t<\/td>\n<\/tr>\n<tr height=\"14\">\n<td height=\"14\" style=\"height:14px;\">\n\t\t\t\tSagan af Hrafnkeli Freysgo&eth;a. [2. udg. \/ bes&ouml;rget ved K. G&iacute;slason, og oversat af\n\t\t\t<\/td>\n<td>\n\t\t\t\tKbh., 1847\n\t\t\t<\/td>\n<td>\n\t\t\t\tF&aacute;g 819.3 Hra\n\t\t\t<\/td>\n<\/tr>\n<tr height=\"14\">\n<td height=\"14\" style=\"height:14px;\">\n\t\t\t\tN.L. Westergaard].\n\t\t\t<\/td>\n<td>\n\t\t\t\t&nbsp;\n\t\t\t<\/td>\n<td>\n\t\t\t\t&nbsp;\n\t\t\t<\/td>\n<\/tr>\n<tr height=\"14\">\n<td height=\"14\" style=\"height:14px;\">\n\t\t\t\t&Iacute;slendingab&oacute;c, es Are prestr &THORN;orgilsson g&ouml;r&thorn;e.\n\t\t\t<\/td>\n<td>\n\t\t\t\tKbh., 1887\n\t\t\t<\/td>\n<td>\n\t\t\t\tF&aacute;g 819.3 &Iacute;sl\n\t\t\t<\/td>\n<\/tr>\n<tr height=\"14\">\n<td height=\"14\" style=\"height:14px;\">\n\t\t\t\t&Iacute;slendinga s&ouml;gur \/ udgivne efter gamle haandskrifter af Det kongelige nordiske oldskrift-\n\t\t\t<\/td>\n<td>\n\t\t\t\tKbh., 1843-1889\n\t\t\t<\/td>\n<td>\n\t\t\t\tF&aacute;g 819.3 &Iacute;sl\n\t\t\t<\/td>\n<\/tr>\n<tr height=\"14\">\n<td height=\"14\" style=\"height:14px;\">\n\t\t\t\tselskab.&nbsp; [1. bindi]\n\t\t\t<\/td>\n<td>\n\t\t\t\t&nbsp;\n\t\t\t<\/td>\n<td>\n\t\t\t\t[1. bindi]\n\t\t\t<\/td>\n<\/tr>\n<tr height=\"14\">\n<td height=\"14\" style=\"height:14px;\">\n\t\t\t\tSturl&uacute;nga-saga edr Islend&iacute;nga-saga hin mikla \/ n&uacute; &uacute;tgengin &aacute; prent ad tilhlutun hins &iacute;slenzka\n\t\t\t<\/td>\n<td>\n\t\t\t\tKbh., 1817-1820\n\t\t\t<\/td>\n<td>\n\t\t\t\tF&aacute;g 819.3 Stu\n\t\t\t<\/td>\n<\/tr>\n<tr height=\"14\">\n<td height=\"14\" style=\"height:14px;\">\n\t\t\t\tb&oacute;kmenntaf&eacute;lags, eptir samanburd hinna merkilegustu handarrita er fengist g&aacute;tu. [2 bindi]\n\t\t\t<\/td>\n<td>\n\t\t\t\t&nbsp;\n\t\t\t<\/td>\n<td>\n\t\t\t\t[2 bindi (Illa farin eint&ouml;k)]\n\t\t\t<\/td>\n<\/tr>\n<tr height=\"14\">\n<td height=\"14\" style=\"height:14px;\">\n\t\t\t\tVatnsd&aelig;la saga \/ &uacute;tgefandi Sveinn Sk&uacute;lason.\n\t\t\t<\/td>\n<td>\n\t\t\t\tAk., 1858\n\t\t\t<\/td>\n<td>\n\t\t\t\tF&aacute;g 819.3 Vat\n\t\t\t<\/td>\n<\/tr>\n<tr height=\"14\">\n<td height=\"14\" style=\"height:14px;\">\n\t\t\t\tBrandkrossa &thorn;&aacute;ttr \/ bes&ouml;rget og oversat af C. Thordarson.\n\t\t\t<\/td>\n<td>\n\t\t\t\tKbh., 1847\n\t\t\t<\/td>\n<td>\n\t\t\t\tF&aacute;g 819.3 Vop\n\t\t\t<\/td>\n<\/tr>\n<tr height=\"14\">\n<td height=\"14\" style=\"height:14px;\">\n\t\t\t\t&nbsp;\n\t\t\t<\/td>\n<td>\n\t\t\t\t&nbsp;\n\t\t\t<\/td>\n<td>\n\t\t\t\tBundi&eth; m.: F&aacute;g 819.3 Hra\n\t\t\t<\/td>\n<\/tr>\n<tr height=\"14\">\n<td height=\"14\" style=\"height:14px;\">\n\t\t\t\tV&aacute;pnfir&eth;inga saga ; &THORN;&aacute;ttr af &THORN;orsteini hv&iacute;ta ; &THORN;&aacute;ttr af &THORN;orsteini stangarh&ouml;gg ;\n\t\t\t<\/td>\n<td>\n\t\t\t\tKbh., 1848\n\t\t\t<\/td>\n<td>\n\t\t\t\tF&aacute;g 819.3 Vop\n\t\t\t<\/td>\n<\/tr>\n<tr height=\"14\">\n<td height=\"14\" style=\"height:14px;\">\n\t\t\t\t&nbsp;\n\t\t\t<\/td>\n<td>\n\t\t\t\t&nbsp;\n\t\t\t<\/td>\n<td>\n\t\t\t\tBundi&eth; m.: F&aacute;g 819.3 Hra\n\t\t\t<\/td>\n<\/tr>\n<tr height=\"14\">\n<td height=\"14\" style=\"height:14px;\">\n\t\t\t\tSagan af &THORN;&oacute;r&eth;i hre&eth;u \/ bes&ouml;rget og oversat ved H. Fri&eth;riksson\n\t\t\t<\/td>\n<td>\n\t\t\t\tKbh., 1848\n\t\t\t<\/td>\n<td>\n\t\t\t\tF&aacute;g 819.3 &THORN;&oacute;r\n\t\t\t<\/td>\n<\/tr>\n<tr height=\"14\">\n<td height=\"14\" style=\"height:14px;\">\n\t\t\t\tSagan af &THORN;&oacute;r&eth;i hre&eth;u \/ &uacute;t gefin af H. Fri&eth;rikssyni.\n\t\t\t<\/td>\n<td>\n\t\t\t\tKbh., 1848\n\t\t\t<\/td>\n<td>\n\t\t\t\tF&aacute;g 819.3 &THORN;&oacute;r\n\t\t\t<\/td>\n<\/tr>\n<tr height=\"14\">\n<td height=\"14\" style=\"height:14px;\">\n\t\t\t\tLeifar fornra kristinna fr&aelig;&eth;a &iacute;slenzkra : Codex Arna-Magn&aelig;anus 677 4to : auk annara enna\n\t\t\t<\/td>\n<td>\n\t\t\t\tKbh., 1878\n\t\t\t<\/td>\n<td>\n\t\t\t\tF&aacute;g 819.4 Lei\n\t\t\t<\/td>\n<\/tr>\n<tr height=\"14\">\n<td height=\"14\" style=\"height:14px;\">\n\t\t\t\telztu brota af islenzkum gu&eth;fr&aelig;&eth;iritum \/ prenta ljet &THORN;orvaldur Bjarnarson.\n\t\t\t<\/td>\n<td>\n\t\t\t\t&nbsp;\n\t\t\t<\/td>\n<td>\n\t\t\t\t[&Aacute;rita&eth;:Til herra J&oacute;ns\n\t\t\t<\/td>\n<\/tr>\n<tr height=\"14\">\n<td height=\"14\" style=\"height:14px;\">\n\t\t\t\t&nbsp;\n\t\t\t<\/td>\n<td>\n\t\t\t\t&nbsp;\n\t\t\t<\/td>\n<td>\n\t\t\t\tBjarnasonar Straumfj&ouml;r&eth;s,\n\t\t\t<\/td>\n<\/tr>\n<tr height=\"14\">\n<td height=\"14\" style=\"height:14px;\">\n\t\t\t\t&nbsp;\n\t\t\t<\/td>\n<td>\n\t\t\t\t&nbsp;\n\t\t\t<\/td>\n<td>\n\t\t\t\tvinsamlegast &THORN;orvaldur\n\t\t\t<\/td>\n<\/tr>\n<tr height=\"14\">\n<td height=\"14\" style=\"height:14px;\">\n\t\t\t\t&nbsp;\n\t\t\t<\/td>\n<td>\n\t\t\t\t&nbsp;\n\t\t\t<\/td>\n<td>\n\t\t\t\tBjarnason.\n\t\t\t<\/td>\n<\/tr>\n<tr height=\"14\">\n<td height=\"14\" style=\"height:14px;\">\n\t\t\t\t&nbsp;\n\t\t\t<\/td>\n<td>\n\t\t\t\t&nbsp;\n\t\t\t<\/td>\n<td>\n\t\t\t\tValdimar &Aacute;smundarson]\n\t\t\t<\/td>\n<\/tr>\n<tr height=\"14\">\n<td height=\"14\" style=\"height:14px;\">\n\t\t\t\tS&yacute;nisb&oacute;k &iacute;slenzkrar tungu og &iacute;slenzkra b&oacute;kmennta &iacute; forn&ouml;ld \/ Konr&aacute;&eth; G&iacute;slason\n\t\t\t<\/td>\n<td>\n\t\t\t\tKbh 1860\n\t\t\t<\/td>\n<td>\n\t\t\t\tF&aacute;g 819.8 S&yacute;n\n\t\t\t<\/td>\n<\/tr>\n<tr height=\"14\">\n<td height=\"14\" style=\"height:14px;\">\n\t\t\t\t&nbsp;\n\t\t\t<\/td>\n<td>\n\t\t\t\t&nbsp;\n\t\t\t<\/td>\n<td>\n\t\t\t\t&nbsp;\n\t\t\t<\/td>\n<\/tr>\n<tr height=\"14\">\n<td height=\"14\" style=\"height:14px;\">\n\t\t\t\t&nbsp;\n\t\t\t<\/td>\n<td>\n\t\t\t\t&nbsp;\n\t\t\t<\/td>\n<td>\n\t\t\t\t&nbsp;\n\t\t\t<\/td>\n<\/tr>\n<tr height=\"14\">\n<td height=\"14\" style=\"height:14px;\">\n\t\t\t\t<strong>Landafr&aelig;&eth;i<\/strong>\n\t\t\t<\/td>\n<td>\n\t\t\t\t&nbsp;\n\t\t\t<\/td>\n<td>\n\t\t\t\t&nbsp;\n\t\t\t<\/td>\n<\/tr>\n<tr height=\"14\">\n<td height=\"14\" style=\"height:14px;\">\n\t\t\t\tCHRONOLOGI&AElig; TENTAMEN edur Tima-Tals Registurs Agrip : Fraa Upphafe allra Skapadra\n\t\t\t<\/td>\n<td>\n\t\t\t\tHrappseyjarprent, 1781\n\t\t\t<\/td>\n<td>\n\t\t\t\tF&aacute;g 909 Hal\n\t\t\t<\/td>\n<\/tr>\n<tr height=\"14\">\n<td height=\"14\" style=\"height:14px;\">\n\t\t\t\tHluta, til vorra daga \/ I hiaaverkum Ur ymsum Sagna-Meistara Skrifum, &aacute; hv&oslash;rs Dags\n\t\t\t<\/td>\n<td>\n\t\t\t\t&nbsp;\n\t\t\t<\/td>\n<td>\n\t\t\t\t&nbsp;\n\t\t\t<\/td>\n<\/tr>\n<tr height=\"14\">\n<td height=\"14\" style=\"height:14px;\">\n\t\t\t\tIslendsku \/ Samanlesid af HALLORE JACOBSSYNE.\n\t\t\t<\/td>\n<td>\n\t\t\t\t&nbsp;\n\t\t\t<\/td>\n<td>\n\t\t\t\t&nbsp;\n\t\t\t<\/td>\n<\/tr>\n<tr height=\"14\">\n<td height=\"14\" style=\"height:14px;\">\n\t\t\t\tN&yacute;ja sagan \/ eftir P&aacute;l Melste&eth;. [2.-3. bindi]\n\t\t\t<\/td>\n<td>\n\t\t\t\tRv. 1868-1883\n\t\t\t<\/td>\n<td>\n\t\t\t\tF&aacute;g 909.7 P&aacute;l\n\t\t\t<\/td>\n<\/tr>\n<tr height=\"14\">\n<td height=\"14\" style=\"height:14px;\">\n\t\t\t\t&nbsp;\n\t\t\t<\/td>\n<td>\n\t\t\t\t&nbsp;\n\t\t\t<\/td>\n<td>\n\t\t\t\t[&Aacute;rita&eth;: S&aelig;m. Bjarnh&eacute;&eth;insson]\n\t\t\t<\/td>\n<\/tr>\n<tr height=\"14\">\n<td height=\"14\" style=\"height:14px;\">\n\t\t\t\t&Iacute;slenzkt b&aelig;jatal er einkum m&aacute; nota sem p&oacute;stsendingab&oacute;k : me&eth; litlum uppdr&aelig;tti &Iacute;slands =\n\t\t\t<\/td>\n<td>\n\t\t\t\tKbh., 1885\n\t\t\t<\/td>\n<td>\n\t\t\t\tF&aacute;g 910.3 B&aelig;j\n\t\t\t<\/td>\n<\/tr>\n<tr height=\"14\">\n<td height=\"14\" style=\"height:14px;\">\n\t\t\t\tIslandsk stedfortegnelse navnlig til benyttelse som postadressebog : med et lille kort over\n\t\t\t<\/td>\n<td>\n\t\t\t\t&nbsp;\n\t\t\t<\/td>\n<td>\n\t\t\t\t&nbsp;\n\t\t\t<\/td>\n<\/tr>\n<tr height=\"14\">\n<td height=\"14\" style=\"height:14px;\">\n\t\t\t\tIsland \/ eptir Vilh. H. Finsen.\n\t\t\t<\/td>\n<td>\n\t\t\t\t&nbsp;\n\t\t\t<\/td>\n<td>\n\t\t\t\t&nbsp;\n\t\t\t<\/td>\n<\/tr>\n<tr height=\"14\">\n<td height=\"14\" style=\"height:14px;\">\n\t\t\t\tB&aelig;jatal &aacute; &Iacute;slandi 1915 \/ P&oacute;ststj&oacute;rnin.\n\t\t\t<\/td>\n<td>\n\t\t\t\tRv., 1915\n\t\t\t<\/td>\n<td>\n\t\t\t\tF&aacute;g 910.3&nbsp; B&aelig;j\n\t\t\t<\/td>\n<\/tr>\n<tr height=\"14\">\n<td height=\"14\" style=\"height:14px;\">\n\t\t\t\t&nbsp;\n\t\t\t<\/td>\n<td>\n\t\t\t\t&nbsp;\n\t\t\t<\/td>\n<td>\n\t\t\t\t[&Aacute;rita&eth;: Br&iacute;et Bjarnh&eacute;&eth;insd&oacute;ttir]\n\t\t\t<\/td>\n<\/tr>\n<tr height=\"14\">\n<td height=\"14\" style=\"height:14px;\">\n\t\t\t\tStutt Landaskipunarfr&aelig;&eth;i handa &oacute;l&aelig;r&eth;um \/ samin af L. St. Platou ; &iacute;slenzku&eth; af &Oacute;lafi P&aacute;lssyni.\n\t\t\t<\/td>\n<td>\n\t\t\t\tVi&eth;eyjarprent, 1843\n\t\t\t<\/td>\n<td>\n\t\t\t\tF&aacute;g 910.7 &Oacute;la\n\t\t\t<\/td>\n<\/tr>\n<tr height=\"14\">\n<td height=\"14\" style=\"height:14px;\">\n\t\t\t\tL&yacute;sing &Iacute;slands &aacute; mi&eth;ri 19. &ouml;ld : kafli &uacute;r r&iacute;kisfr&aelig;&eth;i \/ eptir Adolph Frederik Bergs&ouml;e ; Sveinn\n\t\t\t<\/td>\n<td>\n\t\t\t\tKbh., 1853\n\t\t\t<\/td>\n<td>\n\t\t\t\tF&aacute;g 914.91 Ber\n\t\t\t<\/td>\n<\/tr>\n<tr height=\"14\">\n<td height=\"14\" style=\"height:14px;\">\n\t\t\t\tSk&uacute;lason hefur &iacute;slenzka&eth; og komi&eth; henni &aacute; prent &#8230;\n\t\t\t<\/td>\n<td>\n\t\t\t\t&nbsp;\n\t\t\t<\/td>\n<td>\n\t\t\t\t&nbsp;\n\t\t\t<\/td>\n<\/tr>\n<tr height=\"14\">\n<td height=\"14\" style=\"height:14px;\">\n\t\t\t\tJar&eth;atal &aacute; &Iacute;slandi : me&eth; brau&eth;al&yacute;singum, f&oacute;lkst&ouml;lu &iacute; hreppum og prestak&ouml;llum 1835-1845, og\n\t\t\t<\/td>\n<td>\n\t\t\t\tKbh., 1847\n\t\t\t<\/td>\n<td>\n\t\t\t\tF&aacute;g 914.91 Jar\n\t\t\t<\/td>\n<\/tr>\n<tr height=\"14\">\n<td height=\"14\" style=\"height:14px;\">\n\t\t\t\tsk&yacute;rslum um s&ouml;lu &thorn;j&oacute;&eth;jar&eth;a &aacute; landinu \/ gefi&eth; &uacute;t af J. Johnsen.\n\t\t\t<\/td>\n<td>\n\t\t\t\t&nbsp;\n\t\t\t<\/td>\n<td>\n\t\t\t\t&nbsp;\n\t\t\t<\/td>\n<\/tr>\n<tr height=\"14\">\n<td height=\"14\" style=\"height:14px;\">\n\t\t\t\tFer&eth; um fornar st&ouml;&eth;var \/ eftir Matth&iacute;as Jochumsson.\n\t\t\t<\/td>\n<td>\n\t\t\t\tRv., 1913\n\t\t\t<\/td>\n<td>\n\t\t\t\tF&aacute;g 914.91 Mat\n\t\t\t<\/td>\n<\/tr>\n<tr height=\"14\">\n<td height=\"14\" style=\"height:14px;\">\n\t\t\t\tAl&thorn;ingissta&eth;ur hinn forni vi&eth; &Ouml;xar&aacute; : me&eth; uppdr&aacute;ttum \/ eptir Sigur&eth; Gu&eth;mundsson m&aacute;lara.\n\t\t\t<\/td>\n<td>\n\t\t\t\tKbh., 1878\n\t\t\t<\/td>\n<td>\n\t\t\t\tF&aacute;g 914.9183 Sig\n\t\t\t<\/td>\n<\/tr>\n<tr>\n<td height=\"14\" style=\"height:14px;\">\n\t\t\t\t&nbsp;\n\t\t\t<\/td>\n<td>\n\t\t\t\t&nbsp;\n\t\t\t<\/td>\n<td>\n\t\t\t\t&nbsp;\n\t\t\t<\/td>\n<\/tr>\n<tr height=\"14\">\n<td height=\"14\" style=\"height:14px;\">\n\t\t\t\t&nbsp;\n\t\t\t<\/td>\n<td>\n\t\t\t\t&nbsp;\n\t\t\t<\/td>\n<td>\n\t\t\t\t&nbsp;\n\t\t\t<\/td>\n<\/tr>\n<tr height=\"14\">\n<td height=\"14\" style=\"height:14px;\">\n\t\t\t\t<strong>&AElig;vis&ouml;gur<\/strong>\n\t\t\t<\/td>\n<td>\n\t\t\t\t&nbsp;\n\t\t\t<\/td>\n<td>\n\t\t\t\t&nbsp;\n\t\t\t<\/td>\n<\/tr>\n<tr height=\"14\">\n<td height=\"14\" style=\"height:14px;\">\n\t\t\t\t&AElig;fisaga Gizurar &THORN;orvaldssonar \/ samin af J&oacute;ni &THORN;orkelssyni.\n\t\t\t<\/td>\n<td>\n\t\t\t\tRv., 1868\n\t\t\t<\/td>\n<td>\n\t\t\t\tF&aacute;g 923.2 Giz\n\t\t\t<\/td>\n<\/tr>\n<tr height=\"14\">\n<td height=\"14\" style=\"height:14px;\">\n\t\t\t\tTv&aelig;r &AElig;fis&ouml;gur &uacute;tlendra merkismanna \/ &uacute;tgefnar af Hinu &iacute;slenzka B&oacute;kmentaf&eacute;lagi.\n\t\t\t<\/td>\n<td>\n\t\t\t\tKbh., 1839\n\t\t\t<\/td>\n<td>\n\t\t\t\tF&aacute;g 923.273 Tv&aelig;\n\t\t\t<\/td>\n<\/tr>\n<tr height=\"14\">\n<td height=\"14\" style=\"height:14px;\">\n\t\t\t\tNikolai Frederik Severin Grundtvig : fyrirlestur \/ eptir Hafstein Pjetursson\n\t\t\t<\/td>\n<td>\n\t\t\t\tRv., 1886\n\t\t\t<\/td>\n<td>\n\t\t\t\tF&aacute;g 928.398 Gru\n\t\t\t<\/td>\n<\/tr>\n<tr height=\"14\">\n<td height=\"14\" style=\"height:14px;\">\n\t\t\t\t&nbsp;\n\t\t\t<\/td>\n<td>\n\t\t\t\t&nbsp;\n\t\t\t<\/td>\n<td>\n\t\t\t\t&nbsp;\n\t\t\t<\/td>\n<\/tr>\n<tr height=\"14\">\n<td height=\"14\" style=\"height:14px;\">\n\t\t\t\t&nbsp;\n\t\t\t<\/td>\n<td>\n\t\t\t\t&nbsp;\n\t\t\t<\/td>\n<td>\n\t\t\t\t&nbsp;\n\t\t\t<\/td>\n<\/tr>\n<tr height=\"14\">\n<td height=\"14\" style=\"height:14px;\">\n\t\t\t\t<strong>Saga fornaldar<\/strong>\n\t\t\t<\/td>\n<td>\n\t\t\t\t&nbsp;\n\t\t\t<\/td>\n<td>\n\t\t\t\t&nbsp;\n\t\t\t<\/td>\n<\/tr>\n<tr height=\"14\">\n<td height=\"14\" style=\"height:14px;\">\n\t\t\t\tFornaldarsagan \/ Hallgr&iacute;mur Melste&eth; setti saman.\n\t\t\t<\/td>\n<td>\n\t\t\t\tRv., 1900\n\t\t\t<\/td>\n<td>\n\t\t\t\tF&aacute;g 930 Hal\n\t\t\t<\/td>\n<\/tr>\n<tr height=\"14\">\n<td height=\"14\" style=\"height:14px;\">\n\t\t\t\t&nbsp;\n\t\t\t<\/td>\n<td>\n\t\t\t\t&nbsp;\n\t\t\t<\/td>\n<td>\n\t\t\t\t[&Aacute;rita&eth;:Br&iacute;et Bjarnh&eacute;&eth;insd&oacute;ttir]\n\t\t\t<\/td>\n<\/tr>\n<tr height=\"14\">\n<td height=\"14\" style=\"height:14px;\">\n\t\t\t\tFornaldarsagan \/ &iacute;slenzku&eth; og aukin eptir s&ouml;gub&oacute;k H. G. B&oacute;hrs af P&aacute;li Melste&eth;.\n\t\t\t<\/td>\n<td>\n\t\t\t\tRv., 1864\n\t\t\t<\/td>\n<td>\n\t\t\t\tF&aacute;g 930 P&aacute;l\n\t\t\t<\/td>\n<\/tr>\n<tr height=\"14\">\n<td height=\"14\" style=\"height:14px;\">\n\t\t\t\tLangbar&eth;a s&ouml;gur, Gota og H&uacute;na \/ eptir J&oacute;n s&yacute;slumann Esp&oacute;l&iacute;n.\n\t\t\t<\/td>\n<td>\n\t\t\t\tAk., 1859\n\t\t\t<\/td>\n<td>\n\t\t\t\tF&aacute;g 936.3 J&oacute;n\n\t\t\t<\/td>\n<\/tr>\n<tr height=\"14\">\n<td height=\"14\" style=\"height:14px;\">\n\t\t\t\t&nbsp;\n\t\t\t<\/td>\n<td>\n\t\t\t\t&nbsp;\n\t\t\t<\/td>\n<td>\n\t\t\t\t&nbsp;\n\t\t\t<\/td>\n<\/tr>\n<tr height=\"14\">\n<td height=\"14\" style=\"height:14px;\">\n\t\t\t\t&nbsp;\n\t\t\t<\/td>\n<td>\n\t\t\t\t&nbsp;\n\t\t\t<\/td>\n<td>\n\t\t\t\t&nbsp;\n\t\t\t<\/td>\n<\/tr>\n<tr height=\"14\">\n<td height=\"14\" style=\"height:14px;\">\n\t\t\t\t<strong>&Iacute;slandssaga<\/strong>\n\t\t\t<\/td>\n<td>\n\t\t\t\t&nbsp;\n\t\t\t<\/td>\n<td>\n\t\t\t\t&nbsp;\n\t\t\t<\/td>\n<\/tr>\n<tr height=\"14\">\n<td height=\"14\" style=\"height:14px;\">\n\t\t\t\tSPECIMEN ISLANDI&AElig; HISTORICVUM : ET Magna ex parte CHOROGRPHICVM : Anno Iesv\n\t\t\t<\/td>\n<td>\n\t\t\t\tAmsterdam, 1643\n\t\t\t<\/td>\n<td>\n\t\t\t\tF&aacute;g 949.1 Arn\n\t\t\t<\/td>\n<\/tr>\n<tr height=\"14\">\n<td height=\"14\" style=\"height:14px;\">\n\t\t\t\tChristi 874, primum habitari c&aelig;pt&aelig;: quo simul sentenia contraria, D. IOH ISACI POMTANI,\n\t\t\t<\/td>\n<td>\n\t\t\t\t&nbsp;\n\t\t\t<\/td>\n<td>\n\t\t\t\t&nbsp;\n\t\t\t<\/td>\n<\/tr>\n<tr height=\"14\">\n<td height=\"14\" style=\"height:14px;\">\n\t\t\t\tRegis Dani&aelig; Historiographi, in placidam considerationem venit \/ PER Arngrimvm Ionam\n\t\t\t<\/td>\n<td>\n\t\t\t\t&nbsp;\n\t\t\t<\/td>\n<td>\n\t\t\t\t&nbsp;\n\t\t\t<\/td>\n<\/tr>\n<tr height=\"14\">\n<td height=\"14\" style=\"height:14px;\">\n\t\t\t\tW. Islanvm.\n\t\t\t<\/td>\n<td>\n\t\t\t\t&nbsp;\n\t\t\t<\/td>\n<td>\n\t\t\t\t&nbsp;\n\t\t\t<\/td>\n<\/tr>\n<tr height=\"14\">\n<td height=\"14\" style=\"height:14px;\">\n\t\t\t\t&Iacute;slands &Aacute;rb&aelig;kur &iacute; s&ouml;gu-formi \/ af J&oacute;ni Espolin. 1.-12. deild + Registr\n\t\t\t<\/td>\n<td>\n\t\t\t\tKbh., 1821-1825\n\t\t\t<\/td>\n<td>\n\t\t\t\tF&aacute;g 949.1 J&oacute;n\n\t\t\t<\/td>\n<\/tr>\n<tr height=\"14\">\n<td height=\"14\" style=\"height:14px;\">\n\t\t\t\tSaga &Iacute;slendinga &iacute; Nor&eth;ur-Dakota \/ eftir Thorstinu Jackson ; me&eth; inngangi eftir\n\t\t\t<\/td>\n<td>\n\t\t\t\tWinnipeg, 1926\n\t\t\t<\/td>\n<td>\n\t\t\t\tF&aacute;g 973 Tho\n\t\t\t<\/td>\n<\/tr>\n<tr height=\"14\">\n<td height=\"14\" style=\"height:14px;\">\n\t\t\t\tVilhj&aacute;lm Stef&aacute;nsson.\n\t\t\t<\/td>\n<td>\n\t\t\t\t&nbsp;\n\t\t\t<\/td>\n<td>\n\t\t\t\t[Frekar illa fari&eth; eintak]\n\t\t\t<\/td>\n<\/tr>\n<tr height=\"14\">\n<td height=\"14\" style=\"height:14px;\">\n\t\t\t\t&nbsp;\n\t\t\t<\/td>\n<td>\n\t\t\t\t&nbsp;\n\t\t\t<\/td>\n<td>\n\t\t\t\t&nbsp;\n\t\t\t<\/td>\n<\/tr>\n<tr height=\"14\">\n<td height=\"14\" style=\"height:14px;\">\n\t\t\t\t&nbsp;\n\t\t\t<\/td>\n<td>\n\t\t\t\t&nbsp;\n\t\t\t<\/td>\n<td>\n\t\t\t\t&nbsp;\n\t\t\t<\/td>\n<\/tr>\n<tr height=\"14\">\n<td height=\"14\" style=\"height:14px;\">\n\t\t\t\t<strong>T&Iacute;MARIT<\/strong>\n\t\t\t<\/td>\n<td>\n\t\t\t\t&nbsp;\n\t\t\t<\/td>\n<td>\n\t\t\t\t&nbsp;\n\t\t\t<\/td>\n<\/tr>\n<tr height=\"14\">\n<td height=\"14\" style=\"height:14px;\">\n\t\t\t\t<strong>Titill<\/strong>\n\t\t\t<\/td>\n<td>\n\t\t\t\t<strong>&Uacute;tg.sta&eth;ur og &aacute;r<\/strong>\n\t\t\t<\/td>\n<td>\n\t\t\t\t<strong>Ra&eth;t&aacute;kn<\/strong>\n\t\t\t<\/td>\n<\/tr>\n<tr height=\"14\">\n<td height=\"14\" style=\"height:14px;\">\n\t\t\t\t&nbsp;\n\t\t\t<\/td>\n<td>\n\t\t\t\t&nbsp;\n\t\t\t<\/td>\n<td>\n\t\t\t\t&nbsp;\n\t\t\t<\/td>\n<\/tr>\n<tr height=\"14\">\n<td height=\"14\" style=\"height:14px;\">\n\t\t\t\tReykjav&iacute;kurp&oacute;sturinn : m&aacute;na&eth;arit \/ &uacute;tg. &THORN;. J&oacute;nassen [1.-3. &aacute;rg.], S. Melste&eth; [1. &aacute;rg.],\n\t\t\t<\/td>\n<td>\n\t\t\t\tRv. 1846\/1847-1848\/1849\n\t\t\t<\/td>\n<td>\n\t\t\t\tT-F&aacute;g 050 Rey\n\t\t\t<\/td>\n<\/tr>\n<tr height=\"14\">\n<td height=\"14\" style=\"height:14px;\">\n\t\t\t\tP. Melste&eth; [1.-2. &aacute;rg.]. [1.-3. &aacute;rg.]\n\t\t\t<\/td>\n<td>\n\t\t\t\t&nbsp;\n\t\t\t<\/td>\n<td>\n\t\t\t\t&nbsp;\n\t\t\t<\/td>\n<\/tr>\n<tr height=\"14\">\n<td height=\"14\" style=\"height:14px;\">\n\t\t\t\tSunnanp&oacute;sturinn : m&aacute;na&eth;arit. [Ritstj. &THORN;&oacute;r&eth;ur Sveinbj&ouml;rnsson [1.&aacute;rg.] og &Aacute;rni Helgason.\n\t\t\t<\/td>\n<td>\n\t\t\t\tVi&eth;eyjarklaustur, 1835-1838\n\t\t\t<\/td>\n<td>\n\t\t\t\tT-F&aacute;g 050 Sun\n\t\t\t<\/td>\n<\/tr>\n<tr height=\"14\">\n<td height=\"14\" style=\"height:14px;\">\n\t\t\t\t[2.-3. &aacute;rg.]\n\t\t\t<\/td>\n<td>\n\t\t\t\t&nbsp;\n\t\t\t<\/td>\n<td>\n\t\t\t\t&nbsp;\n\t\t\t<\/td>\n<\/tr>\n<tr height=\"14\">\n<td height=\"14\" style=\"height:14px;\">\n\t\t\t\t&Aacute;rmann &aacute; Al&thorn;ingi \/ [&Uacute;t.g. Af &THORN;orgeiri Gu&eth;mundssyni og Baldvini Einarssyni]. [1.-4. &aacute;rg.]\n\t\t\t<\/td>\n<td>\n\t\t\t\tKbh. 1829-1832\n\t\t\t<\/td>\n<td>\n\t\t\t\tT-F&aacute;g 051 &Aacute;rm\n\t\t\t<\/td>\n<\/tr>\n<tr height=\"14\">\n<td height=\"14\" style=\"height:14px;\">\n\t\t\t\tGefn : t&iacute;marit sami&eth; og gefi&eth; &uacute;t af Benedict Gr&ouml;ndal. [1, og 2, &aacute;r, 1870-71]\n\t\t\t<\/td>\n<td>\n\t\t\t\tKbh. 1870-1874\n\t\t\t<\/td>\n<td>\n\t\t\t\tT-F&aacute;g 051 Gef\n\t\t\t<\/td>\n<\/tr>\n<tr height=\"14\">\n<td height=\"14\" style=\"height:14px;\">\n\t\t\t\t&Aacute;rsriti&eth; Gestur Vestfir&eth;ingur \/ gefi&eth; &uacute;t af Flateyar framfara stofnf&eacute;lags br&eacute;flega f&eacute;lagi.\n\t\t\t<\/td>\n<td>\n\t\t\t\tRv. : Kbh., 1847-1855\n\t\t\t<\/td>\n<td>\n\t\t\t\tT-F&aacute;g 051 Ges\n\t\t\t<\/td>\n<\/tr>\n<tr height=\"14\">\n<td height=\"14\" style=\"height:14px;\">\n\t\t\t\t[1.-5. &aacute;rg. 1847-1855].\n\t\t\t<\/td>\n<td>\n\t\t\t\t&nbsp;\n\t\t\t<\/td>\n<td>\n\t\t\t\t&nbsp;\n\t\t\t<\/td>\n<\/tr>\n<tr height=\"14\">\n<td height=\"14\" style=\"height:14px;\">\n\t\t\t\tKlausturp&oacute;sturinn \/ [&uacute;tg.] Magn&uacute;s Stephensen. [1.-9. &aacute;rg. 1818-1826]\n\t\t\t<\/td>\n<td>\n\t\t\t\tBeitista&eth;ir :\n\t\t\t<\/td>\n<td>\n\t\t\t\tT-F&aacute;g 051 Kla\n\t\t\t<\/td>\n<\/tr>\n<tr height=\"14\">\n<td height=\"14\" style=\"height:14px;\">\n\t\t\t\t&nbsp;\n\t\t\t<\/td>\n<td>\n\t\t\t\tVi&eth;eyjarklaustur, 1818-1827\n\t\t\t<\/td>\n<td>\n\t\t\t\t&nbsp;\n\t\t\t<\/td>\n<\/tr>\n<tr height=\"14\">\n<td height=\"14\" style=\"height:14px;\">\n\t\t\t\tMinnisver&eth; t&iacute;&eth;indi \/ [&uacute;tg.] Hi&eth; &iacute;slenzka landsuppfr&aelig;&eth;ingarf&eacute;lag ; skr&aacute;sett af Magn&uacute;si\n\t\t\t<\/td>\n<td>\n\t\t\t\tLeir&aacute;rgar&eth;ar, 1796-1808\n\t\t\t<\/td>\n<td>\n\t\t\t\tT-F&aacute;g 051 Min\n\t\t\t<\/td>\n<\/tr>\n<tr height=\"14\">\n<td height=\"14\" style=\"height:14px;\">\n\t\t\t\tStephensen [1.bindi og 2.bindi, 2.deild], Steph&aacute;ni Stephensen [2.bindi, 1.deild] og Finni\n\t\t\t<\/td>\n<td>\n\t\t\t\t&nbsp;\n\t\t\t<\/td>\n<td>\n\t\t\t\t&nbsp;\n\t\t\t<\/td>\n<\/tr>\n<tr height=\"14\">\n<td height=\"14\" style=\"height:14px;\">\n\t\t\t\tMagn&uacute;ssyni [3.bindi]. [I-II, fr&aacute; n&yacute;&aacute;ri 1795 til mi&eth;sumars 1801]\n\t\t\t<\/td>\n<td>\n\t\t\t\t&nbsp;\n\t\t\t<\/td>\n<td>\n\t\t\t\t&nbsp;\n\t\t\t<\/td>\n<\/tr>\n<tr height=\"14\">\n<td height=\"14\" style=\"height:14px;\">\n\t\t\t\tN&yacute; f&eacute;lagsrit \/ gefin &uacute;t af nokkrum &Iacute;slendingum. [1.-30. &aacute;r. 1841-1873]\n\t\t\t<\/td>\n<td>\n\t\t\t\tKbh., 1841-1873\n\t\t\t<\/td>\n<td>\n\t\t\t\tT-F&aacute;g 051 N&yacute;\n\t\t\t<\/td>\n<\/tr>\n<tr height=\"14\">\n<td height=\"14\" style=\"height:14px;\">\n\t\t\t\t&nbsp;\n\t\t\t<\/td>\n<td>\n\t\t\t\t&nbsp;\n\t\t\t<\/td>\n<td>\n\t\t\t\t&nbsp;\n\t\t\t<\/td>\n<\/tr>\n<tr height=\"14\">\n<td height=\"14\" style=\"height:14px;\">\n\t\t\t\tRit &thorn;ess konunglega &iacute;slenzka l&aelig;rd&oacute;mslistaf&eacute;lags. [1.-15. Bindini 1781-1798]\n\t\t\t<\/td>\n<td>\n\t\t\t\tKbh., 1781-[1798]\n\t\t\t<\/td>\n<td>\n\t\t\t\tT-F&aacute;g 051 Rit\n\t\t\t<\/td>\n<\/tr>\n<tr height=\"14\">\n<td height=\"14\" style=\"height:14px;\">\n\t\t\t\t&Aacute;rsrit Hins &iacute;slenzka kvennfjelags. [1.-4. &aacute;rg. 1895-99]\n\t\t\t<\/td>\n<td>\n\t\t\t\tRv., 1895-1899\n\t\t\t<\/td>\n<td>\n\t\t\t\tT-F&aacute;g 305.405 &Aacute;rs\n\t\t\t<\/td>\n<\/tr>\n<tr height=\"14\">\n<td height=\"14\" style=\"height:14px;\">\n\t\t\t\tMargv&iacute;slegt Gaman og alvara \/ kosta&eth; og &uacute;tg. af Magn&uacute;si Stephensen.\n\t\t\t<\/td>\n<td>\n\t\t\t\tLeir&aacute;rgar&eth;ar :\n\t\t\t<\/td>\n<td>\n\t\t\t\tT-F&aacute;g 370 Mar\n\t\t\t<\/td>\n<\/tr>\n<tr height=\"14\">\n<td height=\"14\" style=\"height:14px;\">\n\t\t\t\t[1. og 2. hefti 1798 og 1818]\n\t\t\t<\/td>\n<td>\n\t\t\t\tBeitista&eth;ir, 1798-1818\n\t\t\t<\/td>\n<td>\n\t\t\t\t&nbsp;\n\t\t\t<\/td>\n<\/tr>\n<tr height=\"14\">\n<td height=\"14\" style=\"height:14px;\">\n\t\t\t\tHir&eth;ir.\n\t\t\t<\/td>\n<td>\n\t\t\t\tRv. 1857 \/ 1858-59 \/ 1861\n\t\t\t<\/td>\n<td>\n\t\t\t\tT-F&aacute;g 605 Hir\n\t\t\t<\/td>\n<\/tr>\n<tr height=\"14\">\n<td height=\"14\" style=\"height:14px;\">\n\t\t\t\tS&aelig;mundur fr&oacute;&eth;i : m&aacute;na&eth;arrit \/ gefi&eth; &uacute;t af J&oacute;ni Hjaltal&iacute;n. [1. &aacute;rg. 1874]\n\t\t\t<\/td>\n<td>\n\t\t\t\tRv., 1874\n\t\t\t<\/td>\n<td>\n\t\t\t\tT-F&aacute;g 610.5 S&aelig;m\n\t\t\t<\/td>\n<\/tr>\n<tr height=\"14\">\n<td height=\"14\" style=\"height:14px;\">\n\t\t\t\tB&oacute;ndi \/ [&uacute;tg. Nokkrir b&aelig;ndur] &nbsp;[1.-6. bla&eth; 1851]\n\t\t\t<\/td>\n<td>\n\t\t\t\tRv., 1851\n\t\t\t<\/td>\n<td>\n\t\t\t\tT-F&aacute;g 630.5 B&oacute;n\n\t\t\t<\/td>\n<\/tr>\n<tr height=\"14\">\n<td height=\"14\" style=\"height:14px;\">\n\t\t\t\tB&uacute;na&eth;arrit Su&eth;uramtsins h&uacute;ss- og b&uacute;stj&oacute;rnarf&eacute;lags.\n\t\t\t<\/td>\n<td>\n\t\t\t\tVi&eth;eyjarklaustur :\n\t\t\t<\/td>\n<td>\n\t\t\t\tT-F&aacute;g&nbsp; 630.5 B&uacute;n\n\t\t\t<\/td>\n<\/tr>\n<tr height=\"14\">\n<td height=\"14\" style=\"height:14px;\">\n\t\t\t\t[1.b., fyrri og s&iacute;&eth;ari deild, 1839-1843]\n\t\t\t<\/td>\n<td>\n\t\t\t\tRv., 1839-1846\n\t\t\t<\/td>\n<td>\n\t\t\t\t&nbsp;\n\t\t\t<\/td>\n<\/tr>\n<tr height=\"14\">\n<td height=\"14\" style=\"height:14px;\">\n\t\t\t\tH&ouml;ldur : b&uacute;na&eth;arrit Nor&eth;lendinga og Austfir&eth;inga \/ &uacute;tg. Sveinn Sk&uacute;lason. [1. hefti 1861]\n\t\t\t<\/td>\n<td>\n\t\t\t\tAk., 1861\n\t\t\t<\/td>\n<td>\n\t\t\t\tT-F&aacute;g 630.5 H&ouml;l\n\t\t\t<\/td>\n<\/tr>\n<tr height=\"14\">\n<td height=\"14\" style=\"height:14px;\">\n\t\t\t\t&Aacute;rsriti&eth; H&uacute;nvetningur \/ sami&eth; og &uacute;tgefi&eth; af B&uacute;na&eth;ar- og Lestrarfjelaginu &iacute; Sv&iacute;navatns- og\n\t\t\t<\/td>\n<td>\n\t\t\t\tAk., 1857\n\t\t\t<\/td>\n<td>\n\t\t\t\tT-F&aacute;g 949.1 H&uacute;n\n\t\t\t<\/td>\n<\/tr>\n<tr height=\"14\">\n<td height=\"14\" style=\"height:14px;\">\n\t\t\t\tB&oacute;lsta&eth;arhli&eth;arhreppum. [1. &aacute;rg. 1857]\n\t\t\t<\/td>\n<td>\n\t\t\t\t&nbsp;\n\t\t\t<\/td>\n<td>\n\t\t\t\t&nbsp;\n\t\t\t<\/td>\n<\/tr>\n<tr height=\"14\">\n<td height=\"14\" style=\"height:14px;\">\n\t\t\t\t&Iacute;slenzk sagnabl&ouml;&eth; : 1816-1826 \/ &uacute;tg. a&eth; tilhlutan Hins &iacute;slenzka b&oacute;kmenntaf&eacute;lags.\n\t\t\t<\/td>\n<td>\n\t\t\t\tKbh., [1817-1826]\n\t\t\t<\/td>\n<td>\n\t\t\t\tT-F&aacute;g 949.1 &Iacute;sl\n\t\t\t<\/td>\n<\/tr>\n<tr height=\"14\">\n<td height=\"14\" style=\"height:14px;\">\n\t\t\t\t[1. og 2. &aacute;rg. 1816-1827]\n\t\t\t<\/td>\n<td>\n\t\t\t\t&nbsp;\n\t\t\t<\/td>\n<td>\n\t\t\t\t&nbsp;\n\t\t\t<\/td>\n<\/tr>\n<tr height=\"14\">\n<td height=\"14\" style=\"height:14px;\">\n\t\t\t\tNor&eth;urfari \/ &uacute;tg. G&iacute;sli Brynj&uacute;lfsson og J&oacute;n &THORN;&oacute;r&eth;rson.\n\t\t\t<\/td>\n<td>\n\t\t\t\tKbh., 1848-1849\n\t\t\t<\/td>\n<td>\n\t\t\t\tT-F&aacute;g 949.1 Nor\n\t\t\t<\/td>\n<\/tr>\n<tr height=\"14\">\n<td height=\"14\" style=\"height:14px;\">\n\t\t\t\tUndirb&uacute;ningsbla&eth; undir &thorn;j&oacute;&eth;fundinn a&eth; sumri 1851. [1.-6. tbl. 1850-1851]\n\t\t\t<\/td>\n<td>\n\t\t\t\tRv., 1850-1851\n\t\t\t<\/td>\n<td>\n\t\t\t\tT-F&aacute;g 949.1 Und\n\t\t\t<\/td>\n<\/tr>\n<\/tbody>\n<\/table>\n<p><\/p>","protected":false},"excerpt":{"rendered":"<p>&nbsp; &nbsp; &nbsp; B&Oacute;KASAFN DAGSBR&Uacute;NAR &nbsp; &nbsp; STAFR&Oacute;FSR&Ouml;&ETH;U&ETH; SKR&Aacute; UM F&Aacute;G&AElig;T RIT: &nbsp; &nbsp; B&AElig;KUR OG T&Iacute;MARIT, FLOKKA&ETH; EFTIR EFNI&nbsp;&nbsp;&nbsp; &nbsp; &nbsp; &nbsp; &nbsp; &nbsp; Titill &Uacute;tg.sta&eth;ur og &aacute;r Ra&eth;t&aacute;kn B&AElig;KUR &nbsp; &nbsp; &nbsp; &nbsp; &nbsp; &nbsp; &nbsp; &nbsp; Rit almenns e&eth;lis &nbsp; &nbsp; Sk&yacute;rsla um Forngripasafn &Iacute;slands &iacute; Reykjav&iacute;k &hellip; <span class=\"continue-reading\"><a href=\"https:\/\/bokasafndagsbrunar.is\/?page_id=260\">Continue reading <span class=\"meta-nav\">&rarr;<\/span><\/a><\/span><\/p>\n","protected":false},"author":7,"featured_media":0,"parent":0,"menu_order":0,"comment_status":"closed","ping_status":"open","template":"","meta":{"footnotes":""},"class_list":["post-260","page","type-page","status-publish","hentry"],"_links":{"self":[{"href":"https:\/\/bokasafndagsbrunar.is\/index.php?rest_route=\/wp\/v2\/pages\/260","targetHints":{"allow":["GET"]}}],"collection":[{"href":"https:\/\/bokasafndagsbrunar.is\/index.php?rest_route=\/wp\/v2\/pages"}],"about":[{"href":"https:\/\/bokasafndagsbrunar.is\/index.php?rest_route=\/wp\/v2\/types\/page"}],"author":[{"embeddable":true,"href":"https:\/\/bokasafndagsbrunar.is\/index.php?rest_route=\/wp\/v2\/users\/7"}],"replies":[{"embeddable":true,"href":"https:\/\/bokasafndagsbrunar.is\/index.php?rest_route=%2Fwp%2Fv2%2Fcomments&post=260"}],"version-history":[{"count":7,"href":"https:\/\/bokasafndagsbrunar.is\/index.php?rest_route=\/wp\/v2\/pages\/260\/revisions"}],"predecessor-version":[{"id":264,"href":"https:\/\/bokasafndagsbrunar.is\/index.php?rest_route=\/wp\/v2\/pages\/260\/revisions\/264"}],"wp:attachment":[{"href":"https:\/\/bokasafndagsbrunar.is\/index.php?rest_route=%2Fwp%2Fv2%2Fmedia&parent=260"}],"curies":[{"name":"wp","href":"https:\/\/api.w.org\/{rel}","templated":true}]}}